{"id":340088,"date":"2025-04-11T11:21:49","date_gmt":"2025-04-11T11:21:49","guid":{"rendered":"https:\/\/veritas.art\/?page_id=340088"},"modified":"2025-07-02T12:21:04","modified_gmt":"2025-07-02T12:21:04","slug":"lifebecomesacollection","status":"publish","type":"page","link":"https:\/\/veritas.art\/en\/lifebecomesacollection\/","title":{"rendered":"Life Becomes a Collection"},"content":{"rendered":"","protected":false},"excerpt":{"rendered":"","protected":false},"author":44,"featured_media":340319,"parent":0,"menu_order":0,"comment_status":"closed","ping_status":"closed","template":"","meta":{"_acf_changed":false,"footnotes":""},"class_list":["post-340088","page","type-page","status-publish","has-post-thumbnail","hentry"],"acf":{"hero_image":{"ID":340319,"id":340319,"title":"Captura de ecra\u0303 2025-05-20, a\u0300s 13.25.51","filename":"Captura-de-ecra-2025-05-20-as-13.25.51-1.png","filesize":2566572,"url":"https:\/\/veritas.art\/wp-content\/uploads\/2025\/05\/Captura-de-ecra-2025-05-20-as-13.25.51-1.png","link":"https:\/\/veritas.art\/en\/lifebecomesacollection\/captura-de-ecra-2025-05-20-as-13-25-51\/","alt":"","author":"44","description":"","caption":"","name":"captura-de-ecra-2025-05-20-as-13-25-51","status":"inherit","uploaded_to":340088,"date":"2025-05-20 13:05:16","modified":"2025-05-20 13:05:16","menu_order":0,"mime_type":"image\/png","type":"image","subtype":"png","icon":"https:\/\/veritas.art\/wp-includes\/images\/media\/default.png","width":1815,"height":1083,"sizes":{"thumbnail":"https:\/\/veritas.art\/wp-content\/uploads\/2025\/05\/Captura-de-ecra-2025-05-20-as-13.25.51-1-150x150.png","thumbnail-width":150,"thumbnail-height":150,"medium":"https:\/\/veritas.art\/wp-content\/uploads\/2025\/05\/Captura-de-ecra-2025-05-20-as-13.25.51-1.png","medium-width":300,"medium-height":179,"medium_large":"https:\/\/veritas.art\/wp-content\/uploads\/2025\/05\/Captura-de-ecra-2025-05-20-as-13.25.51-1.png","medium_large-width":768,"medium_large-height":458,"large":"https:\/\/veritas.art\/wp-content\/uploads\/2025\/05\/Captura-de-ecra-2025-05-20-as-13.25.51-1.png","large-width":1024,"large-height":611,"1536x1536":"https:\/\/veritas.art\/wp-content\/uploads\/2025\/05\/Captura-de-ecra-2025-05-20-as-13.25.51-1-1536x917.png","1536x1536-width":1536,"1536x1536-height":917,"2048x2048":"https:\/\/veritas.art\/wp-content\/uploads\/2025\/05\/Captura-de-ecra-2025-05-20-as-13.25.51-1.png","2048x2048-width":1815,"2048x2048-height":1083,"v_medium":"https:\/\/veritas.art\/wp-content\/uploads\/2025\/05\/Captura-de-ecra-2025-05-20-as-13.25.51-1-640x382.png","v_medium-width":640,"v_medium-height":382,"gform-image-choice-sm":"https:\/\/veritas.art\/wp-content\/uploads\/2025\/05\/Captura-de-ecra-2025-05-20-as-13.25.51-1.png","gform-image-choice-sm-width":300,"gform-image-choice-sm-height":179,"gform-image-choice-md":"https:\/\/veritas.art\/wp-content\/uploads\/2025\/05\/Captura-de-ecra-2025-05-20-as-13.25.51-1.png","gform-image-choice-md-width":400,"gform-image-choice-md-height":239,"gform-image-choice-lg":"https:\/\/veritas.art\/wp-content\/uploads\/2025\/05\/Captura-de-ecra-2025-05-20-as-13.25.51-1.png","gform-image-choice-lg-width":600,"gform-image-choice-lg-height":358}},"hero_title":"Life Becomes a Collection","hero_sub_title":"by Martim Sousa Tavares","hero_filter_color":"#000","hero_filter_opacity":"0.35","display_hero":false,"flexible_content":[{"acf_fc_layout":"banner","banner_title":"Life Becomes a Collection","banner_sub_title":"by Martim Sousa Tavares","banner_image":{"ID":345913,"id":345913,"title":"VERITASXMARTIM SOUSA TAVARES_a vida da uma colecao_life is like a collection_EP 02 .00_00_29_03.Quadro002","filename":"VERITASXMARTIM-SOUSA-TAVARES_a-vida-da-uma-colecao_life-is-like-a-collection_EP-02-.00_00_29_03.Quadro002-scaled.jpg","filesize":530764,"url":"https:\/\/veritas.art\/wp-content\/uploads\/2025\/05\/VERITASXMARTIM-SOUSA-TAVARES_a-vida-da-uma-colecao_life-is-like-a-collection_EP-02-.00_00_29_03.Quadro002-scaled.jpg","link":"https:\/\/veritas.art\/en\/lifebecomesacollection\/veritasxmartim-sousa-tavares_a-vida-da-uma-colecao_life-is-like-a-collection_ep-02-00_00_29_03-quadro002-2\/","alt":"","author":"44","description":"","caption":"","name":"veritasxmartim-sousa-tavares_a-vida-da-uma-colecao_life-is-like-a-collection_ep-02-00_00_29_03-quadro002-2","status":"inherit","uploaded_to":340088,"date":"2025-05-22 08:49:08","modified":"2025-05-22 08:49:08","menu_order":0,"mime_type":"image\/jpeg","type":"image","subtype":"jpeg","icon":"https:\/\/veritas.art\/wp-includes\/images\/media\/default.png","width":2560,"height":1440,"sizes":{"thumbnail":"https:\/\/veritas.art\/wp-content\/uploads\/2025\/05\/VERITASXMARTIM-SOUSA-TAVARES_a-vida-da-uma-colecao_life-is-like-a-collection_EP-02-.00_00_29_03.Quadro002-150x150.jpg","thumbnail-width":150,"thumbnail-height":150,"medium":"https:\/\/veritas.art\/wp-content\/uploads\/2025\/05\/VERITASXMARTIM-SOUSA-TAVARES_a-vida-da-uma-colecao_life-is-like-a-collection_EP-02-.00_00_29_03.Quadro002-scaled.jpg","medium-width":300,"medium-height":169,"medium_large":"https:\/\/veritas.art\/wp-content\/uploads\/2025\/05\/VERITASXMARTIM-SOUSA-TAVARES_a-vida-da-uma-colecao_life-is-like-a-collection_EP-02-.00_00_29_03.Quadro002-scaled.jpg","medium_large-width":768,"medium_large-height":432,"large":"https:\/\/veritas.art\/wp-content\/uploads\/2025\/05\/VERITASXMARTIM-SOUSA-TAVARES_a-vida-da-uma-colecao_life-is-like-a-collection_EP-02-.00_00_29_03.Quadro002-scaled.jpg","large-width":1024,"large-height":576,"1536x1536":"https:\/\/veritas.art\/wp-content\/uploads\/2025\/05\/VERITASXMARTIM-SOUSA-TAVARES_a-vida-da-uma-colecao_life-is-like-a-collection_EP-02-.00_00_29_03.Quadro002-1536x864.jpg","1536x1536-width":1536,"1536x1536-height":864,"2048x2048":"https:\/\/veritas.art\/wp-content\/uploads\/2025\/05\/VERITASXMARTIM-SOUSA-TAVARES_a-vida-da-uma-colecao_life-is-like-a-collection_EP-02-.00_00_29_03.Quadro002-2048x1152.jpg","2048x2048-width":2048,"2048x2048-height":1152,"v_medium":"https:\/\/veritas.art\/wp-content\/uploads\/2025\/05\/VERITASXMARTIM-SOUSA-TAVARES_a-vida-da-uma-colecao_life-is-like-a-collection_EP-02-.00_00_29_03.Quadro002-640x360.jpg","v_medium-width":640,"v_medium-height":360,"gform-image-choice-sm":"https:\/\/veritas.art\/wp-content\/uploads\/2025\/05\/VERITASXMARTIM-SOUSA-TAVARES_a-vida-da-uma-colecao_life-is-like-a-collection_EP-02-.00_00_29_03.Quadro002-scaled.jpg","gform-image-choice-sm-width":300,"gform-image-choice-sm-height":169,"gform-image-choice-md":"https:\/\/veritas.art\/wp-content\/uploads\/2025\/05\/VERITASXMARTIM-SOUSA-TAVARES_a-vida-da-uma-colecao_life-is-like-a-collection_EP-02-.00_00_29_03.Quadro002-scaled.jpg","gform-image-choice-md-width":400,"gform-image-choice-md-height":225,"gform-image-choice-lg":"https:\/\/veritas.art\/wp-content\/uploads\/2025\/05\/VERITASXMARTIM-SOUSA-TAVARES_a-vida-da-uma-colecao_life-is-like-a-collection_EP-02-.00_00_29_03.Quadro002-scaled.jpg","gform-image-choice-lg-width":600,"gform-image-choice-lg-height":338}},"banner_video":{"ID":340356,"id":340356,"title":"EP 02 - a vida da\u0301 uma colecc\u0327a\u0303o","filename":"EP-02-a-vida-da-uma-coleccao.mov","filesize":47542649,"url":"https:\/\/veritas.art\/wp-content\/uploads\/2025\/05\/EP-02-a-vida-da-uma-coleccao.mov","link":"https:\/\/veritas.art\/en\/lifebecomesacollection\/ep-02-a-vida-da-uma-coleccao-2\/","alt":"","author":"5529","description":"","caption":"","name":"ep-02-a-vida-da-uma-coleccao-2","status":"inherit","uploaded_to":340088,"date":"2025-05-20 15:28:09","modified":"2025-05-20 15:28:09","menu_order":0,"mime_type":"video\/quicktime","type":"video","subtype":"quicktime","icon":"https:\/\/veritas.art\/wp-includes\/images\/media\/video.png","width":3840,"height":2160},"banner_has_lightbox":false,"banner_video_source":"youtube","banner_video_id":"","banner_color_filter":"#000"},{"acf_fc_layout":"free_content","columns_num":"1","place_vertical_line":false,"small_margin":false,"content":"<p style=\"text-align: center;\"><em><strong>A mini-series about collecting, written and presented by Martim Sousa Tavares, in collaboration with VERITAS.<\/strong><\/em><br \/>\n<em><strong>It explores collecting as a positive and accessible practice \u2014 full of discoveries, a source of satisfaction, and within anyone\u2019s reach.<\/strong><\/em><\/p>\n<p style=\"text-align: center;\"><em>Ask us how to start through <a href=\"mailto:aminhacolecao@veritas.art\">aminhacolecao@veritas.art<\/a><\/em><\/p>\n<p>&nbsp;<\/p>\n","content_second_column":"","padding_top":"70","padding_bottom":"70","text_large_height":false,"small_width_layout":false,"id":""},{"acf_fc_layout":"featured_content","featured_content":[{"featured_content_title":"Episode 1","featured_content_sub_title":"Discovering Treasures","featured_content_link":"https:\/\/vimeo.com\/1087667917","featured_content_layout":"full","featured_content_background_color":"#eeee22","featured_content_image":{"ID":346231,"id":346231,"title":"EP 01 - a vida da\u0301 uma colecc\u0327a\u0303o.00_02_07_14.Quadro007","filename":"EP-01-a-vida-da-uma-coleccao.00_02_07_14.Quadro007-scaled.jpg","filesize":488550,"url":"https:\/\/veritas.art\/wp-content\/uploads\/2025\/05\/EP-01-a-vida-da-uma-coleccao.00_02_07_14.Quadro007-scaled.jpg","link":"https:\/\/veritas.art\/en\/lifebecomesacollection\/ep-01-a-vida-da-uma-coleccao-00_02_07_14-quadro007-2\/","alt":"","author":"44","description":"","caption":"","name":"ep-01-a-vida-da-uma-coleccao-00_02_07_14-quadro007-2","status":"inherit","uploaded_to":340088,"date":"2025-05-26 09:27:51","modified":"2025-05-26 09:27:51","menu_order":0,"mime_type":"image\/jpeg","type":"image","subtype":"jpeg","icon":"https:\/\/veritas.art\/wp-includes\/images\/media\/default.png","width":2560,"height":1440,"sizes":{"thumbnail":"https:\/\/veritas.art\/wp-content\/uploads\/2025\/05\/EP-01-a-vida-da-uma-coleccao.00_02_07_14.Quadro007-150x150.jpg","thumbnail-width":150,"thumbnail-height":150,"medium":"https:\/\/veritas.art\/wp-content\/uploads\/2025\/05\/EP-01-a-vida-da-uma-coleccao.00_02_07_14.Quadro007-scaled.jpg","medium-width":300,"medium-height":169,"medium_large":"https:\/\/veritas.art\/wp-content\/uploads\/2025\/05\/EP-01-a-vida-da-uma-coleccao.00_02_07_14.Quadro007-scaled.jpg","medium_large-width":768,"medium_large-height":432,"large":"https:\/\/veritas.art\/wp-content\/uploads\/2025\/05\/EP-01-a-vida-da-uma-coleccao.00_02_07_14.Quadro007-scaled.jpg","large-width":1024,"large-height":576,"1536x1536":"https:\/\/veritas.art\/wp-content\/uploads\/2025\/05\/EP-01-a-vida-da-uma-coleccao.00_02_07_14.Quadro007-1536x864.jpg","1536x1536-width":1536,"1536x1536-height":864,"2048x2048":"https:\/\/veritas.art\/wp-content\/uploads\/2025\/05\/EP-01-a-vida-da-uma-coleccao.00_02_07_14.Quadro007-2048x1152.jpg","2048x2048-width":2048,"2048x2048-height":1152,"v_medium":"https:\/\/veritas.art\/wp-content\/uploads\/2025\/05\/EP-01-a-vida-da-uma-coleccao.00_02_07_14.Quadro007-640x360.jpg","v_medium-width":640,"v_medium-height":360,"gform-image-choice-sm":"https:\/\/veritas.art\/wp-content\/uploads\/2025\/05\/EP-01-a-vida-da-uma-coleccao.00_02_07_14.Quadro007-scaled.jpg","gform-image-choice-sm-width":300,"gform-image-choice-sm-height":169,"gform-image-choice-md":"https:\/\/veritas.art\/wp-content\/uploads\/2025\/05\/EP-01-a-vida-da-uma-coleccao.00_02_07_14.Quadro007-scaled.jpg","gform-image-choice-md-width":400,"gform-image-choice-md-height":225,"gform-image-choice-lg":"https:\/\/veritas.art\/wp-content\/uploads\/2025\/05\/EP-01-a-vida-da-uma-coleccao.00_02_07_14.Quadro007-scaled.jpg","gform-image-choice-lg-width":600,"gform-image-choice-lg-height":338}},"featured_content_video":false},{"featured_content_title":"Episode 2","featured_content_sub_title":"Lifelong Heroes","featured_content_link":"https:\/\/vimeo.com\/1088692138","featured_content_layout":"full","featured_content_background_color":"#333","featured_content_image":{"ID":345918,"id":345918,"title":"VERITASXMARTIM SOUSA TAVARES_a vida da uma colecao_life is like a collection_EP 02.00_01_51_08.Quadro004","filename":"VERITASXMARTIM-SOUSA-TAVARES_a-vida-da-uma-colecao_life-is-like-a-collection_EP-02.00_01_51_08.Quadro004-scaled.jpg","filesize":541088,"url":"https:\/\/veritas.art\/wp-content\/uploads\/2025\/05\/VERITASXMARTIM-SOUSA-TAVARES_a-vida-da-uma-colecao_life-is-like-a-collection_EP-02.00_01_51_08.Quadro004-scaled.jpg","link":"https:\/\/veritas.art\/en\/lifebecomesacollection\/veritasxmartim-sousa-tavares_a-vida-da-uma-colecao_life-is-like-a-collection_ep-02-00_01_51_08-quadro004-2\/","alt":"","author":"44","description":"","caption":"","name":"veritasxmartim-sousa-tavares_a-vida-da-uma-colecao_life-is-like-a-collection_ep-02-00_01_51_08-quadro004-2","status":"inherit","uploaded_to":340088,"date":"2025-05-22 08:53:19","modified":"2025-05-22 08:53:19","menu_order":0,"mime_type":"image\/jpeg","type":"image","subtype":"jpeg","icon":"https:\/\/veritas.art\/wp-includes\/images\/media\/default.png","width":2560,"height":1440,"sizes":{"thumbnail":"https:\/\/veritas.art\/wp-content\/uploads\/2025\/05\/VERITASXMARTIM-SOUSA-TAVARES_a-vida-da-uma-colecao_life-is-like-a-collection_EP-02.00_01_51_08.Quadro004-150x150.jpg","thumbnail-width":150,"thumbnail-height":150,"medium":"https:\/\/veritas.art\/wp-content\/uploads\/2025\/05\/VERITASXMARTIM-SOUSA-TAVARES_a-vida-da-uma-colecao_life-is-like-a-collection_EP-02.00_01_51_08.Quadro004-scaled.jpg","medium-width":300,"medium-height":169,"medium_large":"https:\/\/veritas.art\/wp-content\/uploads\/2025\/05\/VERITASXMARTIM-SOUSA-TAVARES_a-vida-da-uma-colecao_life-is-like-a-collection_EP-02.00_01_51_08.Quadro004-scaled.jpg","medium_large-width":768,"medium_large-height":432,"large":"https:\/\/veritas.art\/wp-content\/uploads\/2025\/05\/VERITASXMARTIM-SOUSA-TAVARES_a-vida-da-uma-colecao_life-is-like-a-collection_EP-02.00_01_51_08.Quadro004-scaled.jpg","large-width":1024,"large-height":576,"1536x1536":"https:\/\/veritas.art\/wp-content\/uploads\/2025\/05\/VERITASXMARTIM-SOUSA-TAVARES_a-vida-da-uma-colecao_life-is-like-a-collection_EP-02.00_01_51_08.Quadro004-1536x864.jpg","1536x1536-width":1536,"1536x1536-height":864,"2048x2048":"https:\/\/veritas.art\/wp-content\/uploads\/2025\/05\/VERITASXMARTIM-SOUSA-TAVARES_a-vida-da-uma-colecao_life-is-like-a-collection_EP-02.00_01_51_08.Quadro004-2048x1152.jpg","2048x2048-width":2048,"2048x2048-height":1152,"v_medium":"https:\/\/veritas.art\/wp-content\/uploads\/2025\/05\/VERITASXMARTIM-SOUSA-TAVARES_a-vida-da-uma-colecao_life-is-like-a-collection_EP-02.00_01_51_08.Quadro004-640x360.jpg","v_medium-width":640,"v_medium-height":360,"gform-image-choice-sm":"https:\/\/veritas.art\/wp-content\/uploads\/2025\/05\/VERITASXMARTIM-SOUSA-TAVARES_a-vida-da-uma-colecao_life-is-like-a-collection_EP-02.00_01_51_08.Quadro004-scaled.jpg","gform-image-choice-sm-width":300,"gform-image-choice-sm-height":169,"gform-image-choice-md":"https:\/\/veritas.art\/wp-content\/uploads\/2025\/05\/VERITASXMARTIM-SOUSA-TAVARES_a-vida-da-uma-colecao_life-is-like-a-collection_EP-02.00_01_51_08.Quadro004-scaled.jpg","gform-image-choice-md-width":400,"gform-image-choice-md-height":225,"gform-image-choice-lg":"https:\/\/veritas.art\/wp-content\/uploads\/2025\/05\/VERITASXMARTIM-SOUSA-TAVARES_a-vida-da-uma-colecao_life-is-like-a-collection_EP-02.00_01_51_08.Quadro004-scaled.jpg","gform-image-choice-lg-width":600,"gform-image-choice-lg-height":338}},"featured_content_video":false},{"featured_content_title":"Episode 3","featured_content_sub_title":"The Art Markets","featured_content_link":"https:\/\/vimeo.com\/1089636993","featured_content_layout":"full","featured_content_background_color":"#333","featured_content_image":{"ID":346265,"id":346265,"title":"EP 03 - a vida da\u0301 uma colecc\u0327a\u0303o .00_00_39_21.Quadro006 (1)","filename":"EP-03-a-vida-da-uma-coleccao-.00_00_39_21.Quadro006-1-scaled.jpg","filesize":542851,"url":"https:\/\/veritas.art\/wp-content\/uploads\/2025\/05\/EP-03-a-vida-da-uma-coleccao-.00_00_39_21.Quadro006-1-scaled.jpg","link":"https:\/\/veritas.art\/en\/lifebecomesacollection\/ep-03-a-vida-da-uma-coleccao-00_00_39_21-quadro006-1-2\/","alt":"","author":"44","description":"","caption":"","name":"ep-03-a-vida-da-uma-coleccao-00_00_39_21-quadro006-1-2","status":"inherit","uploaded_to":340088,"date":"2025-05-29 09:45:45","modified":"2025-05-29 09:45:45","menu_order":0,"mime_type":"image\/jpeg","type":"image","subtype":"jpeg","icon":"https:\/\/veritas.art\/wp-includes\/images\/media\/default.png","width":2560,"height":1440,"sizes":{"thumbnail":"https:\/\/veritas.art\/wp-content\/uploads\/2025\/05\/EP-03-a-vida-da-uma-coleccao-.00_00_39_21.Quadro006-1-150x150.jpg","thumbnail-width":150,"thumbnail-height":150,"medium":"https:\/\/veritas.art\/wp-content\/uploads\/2025\/05\/EP-03-a-vida-da-uma-coleccao-.00_00_39_21.Quadro006-1-scaled.jpg","medium-width":300,"medium-height":169,"medium_large":"https:\/\/veritas.art\/wp-content\/uploads\/2025\/05\/EP-03-a-vida-da-uma-coleccao-.00_00_39_21.Quadro006-1-scaled.jpg","medium_large-width":768,"medium_large-height":432,"large":"https:\/\/veritas.art\/wp-content\/uploads\/2025\/05\/EP-03-a-vida-da-uma-coleccao-.00_00_39_21.Quadro006-1-scaled.jpg","large-width":1024,"large-height":576,"1536x1536":"https:\/\/veritas.art\/wp-content\/uploads\/2025\/05\/EP-03-a-vida-da-uma-coleccao-.00_00_39_21.Quadro006-1-1536x864.jpg","1536x1536-width":1536,"1536x1536-height":864,"2048x2048":"https:\/\/veritas.art\/wp-content\/uploads\/2025\/05\/EP-03-a-vida-da-uma-coleccao-.00_00_39_21.Quadro006-1-2048x1152.jpg","2048x2048-width":2048,"2048x2048-height":1152,"v_medium":"https:\/\/veritas.art\/wp-content\/uploads\/2025\/05\/EP-03-a-vida-da-uma-coleccao-.00_00_39_21.Quadro006-1-640x360.jpg","v_medium-width":640,"v_medium-height":360,"gform-image-choice-sm":"https:\/\/veritas.art\/wp-content\/uploads\/2025\/05\/EP-03-a-vida-da-uma-coleccao-.00_00_39_21.Quadro006-1-scaled.jpg","gform-image-choice-sm-width":300,"gform-image-choice-sm-height":169,"gform-image-choice-md":"https:\/\/veritas.art\/wp-content\/uploads\/2025\/05\/EP-03-a-vida-da-uma-coleccao-.00_00_39_21.Quadro006-1-scaled.jpg","gform-image-choice-md-width":400,"gform-image-choice-md-height":225,"gform-image-choice-lg":"https:\/\/veritas.art\/wp-content\/uploads\/2025\/05\/EP-03-a-vida-da-uma-coleccao-.00_00_39_21.Quadro006-1-scaled.jpg","gform-image-choice-lg-width":600,"gform-image-choice-lg-height":338}},"featured_content_video":false},{"featured_content_title":"Episode 4","featured_content_sub_title":"Guardians of Art","featured_content_link":"https:\/\/vimeo.com\/1090786197","featured_content_layout":"full","featured_content_background_color":"#333","featured_content_image":{"ID":346271,"id":346271,"title":"EP 04 - a vida da\u0301 uma colecc\u0327a\u0303o .00_00_26_15.Quadro002 (1)","filename":"EP-04-a-vida-da-uma-coleccao-.00_00_26_15.Quadro002-1-scaled.jpg","filesize":566051,"url":"https:\/\/veritas.art\/wp-content\/uploads\/2025\/05\/EP-04-a-vida-da-uma-coleccao-.00_00_26_15.Quadro002-1-scaled.jpg","link":"https:\/\/veritas.art\/en\/lifebecomesacollection\/ep-04-a-vida-da-uma-coleccao-00_00_26_15-quadro002-1-2\/","alt":"","author":"44","description":"","caption":"","name":"ep-04-a-vida-da-uma-coleccao-00_00_26_15-quadro002-1-2","status":"inherit","uploaded_to":340088,"date":"2025-05-29 09:46:52","modified":"2025-05-29 09:46:52","menu_order":0,"mime_type":"image\/jpeg","type":"image","subtype":"jpeg","icon":"https:\/\/veritas.art\/wp-includes\/images\/media\/default.png","width":2560,"height":1440,"sizes":{"thumbnail":"https:\/\/veritas.art\/wp-content\/uploads\/2025\/05\/EP-04-a-vida-da-uma-coleccao-.00_00_26_15.Quadro002-1-150x150.jpg","thumbnail-width":150,"thumbnail-height":150,"medium":"https:\/\/veritas.art\/wp-content\/uploads\/2025\/05\/EP-04-a-vida-da-uma-coleccao-.00_00_26_15.Quadro002-1-scaled.jpg","medium-width":300,"medium-height":169,"medium_large":"https:\/\/veritas.art\/wp-content\/uploads\/2025\/05\/EP-04-a-vida-da-uma-coleccao-.00_00_26_15.Quadro002-1-scaled.jpg","medium_large-width":768,"medium_large-height":432,"large":"https:\/\/veritas.art\/wp-content\/uploads\/2025\/05\/EP-04-a-vida-da-uma-coleccao-.00_00_26_15.Quadro002-1-scaled.jpg","large-width":1024,"large-height":576,"1536x1536":"https:\/\/veritas.art\/wp-content\/uploads\/2025\/05\/EP-04-a-vida-da-uma-coleccao-.00_00_26_15.Quadro002-1-1536x864.jpg","1536x1536-width":1536,"1536x1536-height":864,"2048x2048":"https:\/\/veritas.art\/wp-content\/uploads\/2025\/05\/EP-04-a-vida-da-uma-coleccao-.00_00_26_15.Quadro002-1-2048x1152.jpg","2048x2048-width":2048,"2048x2048-height":1152,"v_medium":"https:\/\/veritas.art\/wp-content\/uploads\/2025\/05\/EP-04-a-vida-da-uma-coleccao-.00_00_26_15.Quadro002-1-640x360.jpg","v_medium-width":640,"v_medium-height":360,"gform-image-choice-sm":"https:\/\/veritas.art\/wp-content\/uploads\/2025\/05\/EP-04-a-vida-da-uma-coleccao-.00_00_26_15.Quadro002-1-scaled.jpg","gform-image-choice-sm-width":300,"gform-image-choice-sm-height":169,"gform-image-choice-md":"https:\/\/veritas.art\/wp-content\/uploads\/2025\/05\/EP-04-a-vida-da-uma-coleccao-.00_00_26_15.Quadro002-1-scaled.jpg","gform-image-choice-md-width":400,"gform-image-choice-md-height":225,"gform-image-choice-lg":"https:\/\/veritas.art\/wp-content\/uploads\/2025\/05\/EP-04-a-vida-da-uma-coleccao-.00_00_26_15.Quadro002-1-scaled.jpg","gform-image-choice-lg-width":600,"gform-image-choice-lg-height":338}},"featured_content_video":false},{"featured_content_title":"Episode 5","featured_content_sub_title":"What Kind of Collector Am I?","featured_content_link":"https:\/\/vimeo.com\/1091167885?share=copy#t=0","featured_content_layout":"full","featured_content_background_color":"#333","featured_content_image":{"ID":346391,"id":346391,"title":"EP 05 - a vida da\u0301 uma colecc\u0327a\u0303o .00_00_57_14.Quadro008","filename":"EP-05-a-vida-da-uma-coleccao-.00_00_57_14.Quadro008-scaled.jpg","filesize":602148,"url":"https:\/\/veritas.art\/wp-content\/uploads\/2025\/06\/EP-05-a-vida-da-uma-coleccao-.00_00_57_14.Quadro008-scaled.jpg","link":"https:\/\/veritas.art\/en\/lifebecomesacollection\/ep-05-a-vida-da-uma-coleccao-00_00_57_14-quadro008\/","alt":"","author":"44","description":"","caption":"","name":"ep-05-a-vida-da-uma-coleccao-00_00_57_14-quadro008","status":"inherit","uploaded_to":340088,"date":"2025-06-05 10:06:34","modified":"2025-06-05 10:06:34","menu_order":0,"mime_type":"image\/jpeg","type":"image","subtype":"jpeg","icon":"https:\/\/veritas.art\/wp-includes\/images\/media\/default.png","width":2560,"height":1440,"sizes":{"thumbnail":"https:\/\/veritas.art\/wp-content\/uploads\/2025\/06\/EP-05-a-vida-da-uma-coleccao-.00_00_57_14.Quadro008-150x150.jpg","thumbnail-width":150,"thumbnail-height":150,"medium":"https:\/\/veritas.art\/wp-content\/uploads\/2025\/06\/EP-05-a-vida-da-uma-coleccao-.00_00_57_14.Quadro008-scaled.jpg","medium-width":300,"medium-height":169,"medium_large":"https:\/\/veritas.art\/wp-content\/uploads\/2025\/06\/EP-05-a-vida-da-uma-coleccao-.00_00_57_14.Quadro008-scaled.jpg","medium_large-width":768,"medium_large-height":432,"large":"https:\/\/veritas.art\/wp-content\/uploads\/2025\/06\/EP-05-a-vida-da-uma-coleccao-.00_00_57_14.Quadro008-scaled.jpg","large-width":1024,"large-height":576,"1536x1536":"https:\/\/veritas.art\/wp-content\/uploads\/2025\/06\/EP-05-a-vida-da-uma-coleccao-.00_00_57_14.Quadro008-1536x864.jpg","1536x1536-width":1536,"1536x1536-height":864,"2048x2048":"https:\/\/veritas.art\/wp-content\/uploads\/2025\/06\/EP-05-a-vida-da-uma-coleccao-.00_00_57_14.Quadro008-2048x1152.jpg","2048x2048-width":2048,"2048x2048-height":1152,"v_medium":"https:\/\/veritas.art\/wp-content\/uploads\/2025\/06\/EP-05-a-vida-da-uma-coleccao-.00_00_57_14.Quadro008-640x360.jpg","v_medium-width":640,"v_medium-height":360,"gform-image-choice-sm":"https:\/\/veritas.art\/wp-content\/uploads\/2025\/06\/EP-05-a-vida-da-uma-coleccao-.00_00_57_14.Quadro008-scaled.jpg","gform-image-choice-sm-width":300,"gform-image-choice-sm-height":169,"gform-image-choice-md":"https:\/\/veritas.art\/wp-content\/uploads\/2025\/06\/EP-05-a-vida-da-uma-coleccao-.00_00_57_14.Quadro008-scaled.jpg","gform-image-choice-md-width":400,"gform-image-choice-md-height":225,"gform-image-choice-lg":"https:\/\/veritas.art\/wp-content\/uploads\/2025\/06\/EP-05-a-vida-da-uma-coleccao-.00_00_57_14.Quadro008-scaled.jpg","gform-image-choice-lg-width":600,"gform-image-choice-lg-height":338}},"featured_content_video":false},{"featured_content_title":"Episode 6","featured_content_sub_title":"Something I Always Wanted","featured_content_link":"https:\/\/vimeo.com\/1091763341?share=copy#t=0","featured_content_layout":"full","featured_content_background_color":"#333","featured_content_image":{"ID":346444,"id":346444,"title":"EP 06 - a vida d\u00e1 uma colec\u00e7\u00e3o.00_00_43_21.Quadro003","filename":"EP-06-a-vida-da-uma-coleccao.00_00_43_21.Quadro003-scaled.jpg","filesize":524218,"url":"https:\/\/veritas.art\/wp-content\/uploads\/2025\/06\/EP-06-a-vida-da-uma-coleccao.00_00_43_21.Quadro003-scaled.jpg","link":"https:\/\/veritas.art\/en\/lifebecomesacollection\/ep-06-a-vida-da-uma-coleccao-00_00_43_21-quadro003-2\/","alt":"","author":"5529","description":"","caption":"","name":"ep-06-a-vida-da-uma-coleccao-00_00_43_21-quadro003-2","status":"inherit","uploaded_to":340088,"date":"2025-06-09 10:01:40","modified":"2025-06-09 10:01:40","menu_order":0,"mime_type":"image\/jpeg","type":"image","subtype":"jpeg","icon":"https:\/\/veritas.art\/wp-includes\/images\/media\/default.png","width":2560,"height":1440,"sizes":{"thumbnail":"https:\/\/veritas.art\/wp-content\/uploads\/2025\/06\/EP-06-a-vida-da-uma-coleccao.00_00_43_21.Quadro003-150x150.jpg","thumbnail-width":150,"thumbnail-height":150,"medium":"https:\/\/veritas.art\/wp-content\/uploads\/2025\/06\/EP-06-a-vida-da-uma-coleccao.00_00_43_21.Quadro003-scaled.jpg","medium-width":300,"medium-height":169,"medium_large":"https:\/\/veritas.art\/wp-content\/uploads\/2025\/06\/EP-06-a-vida-da-uma-coleccao.00_00_43_21.Quadro003-scaled.jpg","medium_large-width":768,"medium_large-height":432,"large":"https:\/\/veritas.art\/wp-content\/uploads\/2025\/06\/EP-06-a-vida-da-uma-coleccao.00_00_43_21.Quadro003-scaled.jpg","large-width":1024,"large-height":576,"1536x1536":"https:\/\/veritas.art\/wp-content\/uploads\/2025\/06\/EP-06-a-vida-da-uma-coleccao.00_00_43_21.Quadro003-1536x864.jpg","1536x1536-width":1536,"1536x1536-height":864,"2048x2048":"https:\/\/veritas.art\/wp-content\/uploads\/2025\/06\/EP-06-a-vida-da-uma-coleccao.00_00_43_21.Quadro003-2048x1152.jpg","2048x2048-width":2048,"2048x2048-height":1152,"v_medium":"https:\/\/veritas.art\/wp-content\/uploads\/2025\/06\/EP-06-a-vida-da-uma-coleccao.00_00_43_21.Quadro003-640x360.jpg","v_medium-width":640,"v_medium-height":360,"gform-image-choice-sm":"https:\/\/veritas.art\/wp-content\/uploads\/2025\/06\/EP-06-a-vida-da-uma-coleccao.00_00_43_21.Quadro003-scaled.jpg","gform-image-choice-sm-width":300,"gform-image-choice-sm-height":169,"gform-image-choice-md":"https:\/\/veritas.art\/wp-content\/uploads\/2025\/06\/EP-06-a-vida-da-uma-coleccao.00_00_43_21.Quadro003-scaled.jpg","gform-image-choice-md-width":400,"gform-image-choice-md-height":225,"gform-image-choice-lg":"https:\/\/veritas.art\/wp-content\/uploads\/2025\/06\/EP-06-a-vida-da-uma-coleccao.00_00_43_21.Quadro003-scaled.jpg","gform-image-choice-lg-width":600,"gform-image-choice-lg-height":338}},"featured_content_video":false},{"featured_content_title":"Episode 7","featured_content_sub_title":"When Art Leads the Way","featured_content_link":"https:\/\/vimeo.com\/1093669956","featured_content_layout":"full","featured_content_background_color":"#333","featured_content_image":{"ID":346442,"id":346442,"title":"EP 07 - a vida d\u00e1 uma colec\u00e7\u00e3o.00_00_51_20.Quadro007","filename":"EP-07-a-vida-da-uma-coleccao.00_00_51_20.Quadro007-scaled.jpg","filesize":518514,"url":"https:\/\/veritas.art\/wp-content\/uploads\/2025\/06\/EP-07-a-vida-da-uma-coleccao.00_00_51_20.Quadro007-scaled.jpg","link":"https:\/\/veritas.art\/en\/lifebecomesacollection\/ep-07-a-vida-da-uma-coleccao-00_00_51_20-quadro007-2\/","alt":"","author":"5529","description":"","caption":"","name":"ep-07-a-vida-da-uma-coleccao-00_00_51_20-quadro007-2","status":"inherit","uploaded_to":340088,"date":"2025-06-09 10:00:53","modified":"2025-06-09 10:00:53","menu_order":0,"mime_type":"image\/jpeg","type":"image","subtype":"jpeg","icon":"https:\/\/veritas.art\/wp-includes\/images\/media\/default.png","width":2560,"height":1440,"sizes":{"thumbnail":"https:\/\/veritas.art\/wp-content\/uploads\/2025\/06\/EP-07-a-vida-da-uma-coleccao.00_00_51_20.Quadro007-150x150.jpg","thumbnail-width":150,"thumbnail-height":150,"medium":"https:\/\/veritas.art\/wp-content\/uploads\/2025\/06\/EP-07-a-vida-da-uma-coleccao.00_00_51_20.Quadro007-scaled.jpg","medium-width":300,"medium-height":169,"medium_large":"https:\/\/veritas.art\/wp-content\/uploads\/2025\/06\/EP-07-a-vida-da-uma-coleccao.00_00_51_20.Quadro007-scaled.jpg","medium_large-width":768,"medium_large-height":432,"large":"https:\/\/veritas.art\/wp-content\/uploads\/2025\/06\/EP-07-a-vida-da-uma-coleccao.00_00_51_20.Quadro007-scaled.jpg","large-width":1024,"large-height":576,"1536x1536":"https:\/\/veritas.art\/wp-content\/uploads\/2025\/06\/EP-07-a-vida-da-uma-coleccao.00_00_51_20.Quadro007-1536x864.jpg","1536x1536-width":1536,"1536x1536-height":864,"2048x2048":"https:\/\/veritas.art\/wp-content\/uploads\/2025\/06\/EP-07-a-vida-da-uma-coleccao.00_00_51_20.Quadro007-2048x1152.jpg","2048x2048-width":2048,"2048x2048-height":1152,"v_medium":"https:\/\/veritas.art\/wp-content\/uploads\/2025\/06\/EP-07-a-vida-da-uma-coleccao.00_00_51_20.Quadro007-640x360.jpg","v_medium-width":640,"v_medium-height":360,"gform-image-choice-sm":"https:\/\/veritas.art\/wp-content\/uploads\/2025\/06\/EP-07-a-vida-da-uma-coleccao.00_00_51_20.Quadro007-scaled.jpg","gform-image-choice-sm-width":300,"gform-image-choice-sm-height":169,"gform-image-choice-md":"https:\/\/veritas.art\/wp-content\/uploads\/2025\/06\/EP-07-a-vida-da-uma-coleccao.00_00_51_20.Quadro007-scaled.jpg","gform-image-choice-md-width":400,"gform-image-choice-md-height":225,"gform-image-choice-lg":"https:\/\/veritas.art\/wp-content\/uploads\/2025\/06\/EP-07-a-vida-da-uma-coleccao.00_00_51_20.Quadro007-scaled.jpg","gform-image-choice-lg-width":600,"gform-image-choice-lg-height":338}},"featured_content_video":false},{"featured_content_title":"Episode 8","featured_content_sub_title":"It doesn't have to be unique","featured_content_link":"https:\/\/vimeo.com\/1094455371","featured_content_layout":"full","featured_content_background_color":"#333","featured_content_image":{"ID":346455,"id":346455,"title":"EP 08 - a vida da\u0301 uma colecc\u0327a\u0303o.00_01_12_00.Quadro005","filename":"EP-08-a-vida-da-uma-coleccao.00_01_12_00.Quadro005-scaled.jpg","filesize":476430,"url":"https:\/\/veritas.art\/wp-content\/uploads\/2025\/06\/EP-08-a-vida-da-uma-coleccao.00_01_12_00.Quadro005-scaled.jpg","link":"https:\/\/veritas.art\/en\/lifebecomesacollection\/ep-08-a-vida-da-uma-coleccao-00_01_12_00-quadro005-2\/","alt":"","author":"44","description":"","caption":"","name":"ep-08-a-vida-da-uma-coleccao-00_01_12_00-quadro005-2","status":"inherit","uploaded_to":340088,"date":"2025-06-16 11:13:10","modified":"2025-06-16 11:13:10","menu_order":0,"mime_type":"image\/jpeg","type":"image","subtype":"jpeg","icon":"https:\/\/veritas.art\/wp-includes\/images\/media\/default.png","width":2560,"height":1440,"sizes":{"thumbnail":"https:\/\/veritas.art\/wp-content\/uploads\/2025\/06\/EP-08-a-vida-da-uma-coleccao.00_01_12_00.Quadro005-150x150.jpg","thumbnail-width":150,"thumbnail-height":150,"medium":"https:\/\/veritas.art\/wp-content\/uploads\/2025\/06\/EP-08-a-vida-da-uma-coleccao.00_01_12_00.Quadro005-scaled.jpg","medium-width":300,"medium-height":169,"medium_large":"https:\/\/veritas.art\/wp-content\/uploads\/2025\/06\/EP-08-a-vida-da-uma-coleccao.00_01_12_00.Quadro005-scaled.jpg","medium_large-width":768,"medium_large-height":432,"large":"https:\/\/veritas.art\/wp-content\/uploads\/2025\/06\/EP-08-a-vida-da-uma-coleccao.00_01_12_00.Quadro005-scaled.jpg","large-width":1024,"large-height":576,"1536x1536":"https:\/\/veritas.art\/wp-content\/uploads\/2025\/06\/EP-08-a-vida-da-uma-coleccao.00_01_12_00.Quadro005-1536x864.jpg","1536x1536-width":1536,"1536x1536-height":864,"2048x2048":"https:\/\/veritas.art\/wp-content\/uploads\/2025\/06\/EP-08-a-vida-da-uma-coleccao.00_01_12_00.Quadro005-2048x1152.jpg","2048x2048-width":2048,"2048x2048-height":1152,"v_medium":"https:\/\/veritas.art\/wp-content\/uploads\/2025\/06\/EP-08-a-vida-da-uma-coleccao.00_01_12_00.Quadro005-640x360.jpg","v_medium-width":640,"v_medium-height":360,"gform-image-choice-sm":"https:\/\/veritas.art\/wp-content\/uploads\/2025\/06\/EP-08-a-vida-da-uma-coleccao.00_01_12_00.Quadro005-scaled.jpg","gform-image-choice-sm-width":300,"gform-image-choice-sm-height":169,"gform-image-choice-md":"https:\/\/veritas.art\/wp-content\/uploads\/2025\/06\/EP-08-a-vida-da-uma-coleccao.00_01_12_00.Quadro005-scaled.jpg","gform-image-choice-md-width":400,"gform-image-choice-md-height":225,"gform-image-choice-lg":"https:\/\/veritas.art\/wp-content\/uploads\/2025\/06\/EP-08-a-vida-da-uma-coleccao.00_01_12_00.Quadro005-scaled.jpg","gform-image-choice-lg-width":600,"gform-image-choice-lg-height":338}},"featured_content_video":false},{"featured_content_title":"Episode 9","featured_content_sub_title":"Correcting History","featured_content_link":"https:\/\/vimeo.com\/1094455371","featured_content_layout":"full","featured_content_background_color":"#333","featured_content_image":{"ID":347489,"id":347489,"title":"EP 09 - a vida da\u0301 uma colecc\u0327a\u0303o.00_00_34_24.Quadro002","filename":"EP-09-a-vida-da-uma-coleccao.00_00_34_24.Quadro002-1-scaled.jpg","filesize":610324,"url":"https:\/\/veritas.art\/wp-content\/uploads\/2025\/06\/EP-09-a-vida-da-uma-coleccao.00_00_34_24.Quadro002-1-scaled.jpg","link":"https:\/\/veritas.art\/en\/lifebecomesacollection\/ep-09-a-vida-da-uma-coleccao-00_00_34_24-quadro002\/","alt":"","author":"44","description":"","caption":"","name":"ep-09-a-vida-da-uma-coleccao-00_00_34_24-quadro002","status":"inherit","uploaded_to":340088,"date":"2025-06-23 13:00:58","modified":"2025-06-23 13:00:58","menu_order":0,"mime_type":"image\/jpeg","type":"image","subtype":"jpeg","icon":"https:\/\/veritas.art\/wp-includes\/images\/media\/default.png","width":2560,"height":1440,"sizes":{"thumbnail":"https:\/\/veritas.art\/wp-content\/uploads\/2025\/06\/EP-09-a-vida-da-uma-coleccao.00_00_34_24.Quadro002-1-150x150.jpg","thumbnail-width":150,"thumbnail-height":150,"medium":"https:\/\/veritas.art\/wp-content\/uploads\/2025\/06\/EP-09-a-vida-da-uma-coleccao.00_00_34_24.Quadro002-1-scaled.jpg","medium-width":300,"medium-height":169,"medium_large":"https:\/\/veritas.art\/wp-content\/uploads\/2025\/06\/EP-09-a-vida-da-uma-coleccao.00_00_34_24.Quadro002-1-scaled.jpg","medium_large-width":768,"medium_large-height":432,"large":"https:\/\/veritas.art\/wp-content\/uploads\/2025\/06\/EP-09-a-vida-da-uma-coleccao.00_00_34_24.Quadro002-1-scaled.jpg","large-width":1024,"large-height":576,"1536x1536":"https:\/\/veritas.art\/wp-content\/uploads\/2025\/06\/EP-09-a-vida-da-uma-coleccao.00_00_34_24.Quadro002-1-1536x864.jpg","1536x1536-width":1536,"1536x1536-height":864,"2048x2048":"https:\/\/veritas.art\/wp-content\/uploads\/2025\/06\/EP-09-a-vida-da-uma-coleccao.00_00_34_24.Quadro002-1-2048x1152.jpg","2048x2048-width":2048,"2048x2048-height":1152,"v_medium":"https:\/\/veritas.art\/wp-content\/uploads\/2025\/06\/EP-09-a-vida-da-uma-coleccao.00_00_34_24.Quadro002-1-640x360.jpg","v_medium-width":640,"v_medium-height":360,"gform-image-choice-sm":"https:\/\/veritas.art\/wp-content\/uploads\/2025\/06\/EP-09-a-vida-da-uma-coleccao.00_00_34_24.Quadro002-1-scaled.jpg","gform-image-choice-sm-width":300,"gform-image-choice-sm-height":169,"gform-image-choice-md":"https:\/\/veritas.art\/wp-content\/uploads\/2025\/06\/EP-09-a-vida-da-uma-coleccao.00_00_34_24.Quadro002-1-scaled.jpg","gform-image-choice-md-width":400,"gform-image-choice-md-height":225,"gform-image-choice-lg":"https:\/\/veritas.art\/wp-content\/uploads\/2025\/06\/EP-09-a-vida-da-uma-coleccao.00_00_34_24.Quadro002-1-scaled.jpg","gform-image-choice-lg-width":600,"gform-image-choice-lg-height":338}},"featured_content_video":false},{"featured_content_title":"Episode 10","featured_content_sub_title":"Art that belongs to everyone","featured_content_link":"https:\/\/vimeo.com\/1096578251","featured_content_layout":"full","featured_content_background_color":"#333","featured_content_image":{"ID":347491,"id":347491,"title":"EP 10 - a vida da\u0301 uma colecc\u0327a\u0303o.00_01_50_00.Quadro003","filename":"EP-10-a-vida-da-uma-coleccao.00_01_50_00.Quadro003-scaled.jpg","filesize":578072,"url":"https:\/\/veritas.art\/wp-content\/uploads\/2025\/06\/EP-10-a-vida-da-uma-coleccao.00_01_50_00.Quadro003-scaled.jpg","link":"https:\/\/veritas.art\/en\/lifebecomesacollection\/ep-10-a-vida-da-uma-coleccao-00_01_50_00-quadro003\/","alt":"","author":"44","description":"","caption":"","name":"ep-10-a-vida-da-uma-coleccao-00_01_50_00-quadro003","status":"inherit","uploaded_to":340088,"date":"2025-06-23 13:01:25","modified":"2025-06-23 13:01:25","menu_order":0,"mime_type":"image\/jpeg","type":"image","subtype":"jpeg","icon":"https:\/\/veritas.art\/wp-includes\/images\/media\/default.png","width":2560,"height":1440,"sizes":{"thumbnail":"https:\/\/veritas.art\/wp-content\/uploads\/2025\/06\/EP-10-a-vida-da-uma-coleccao.00_01_50_00.Quadro003-150x150.jpg","thumbnail-width":150,"thumbnail-height":150,"medium":"https:\/\/veritas.art\/wp-content\/uploads\/2025\/06\/EP-10-a-vida-da-uma-coleccao.00_01_50_00.Quadro003-scaled.jpg","medium-width":300,"medium-height":169,"medium_large":"https:\/\/veritas.art\/wp-content\/uploads\/2025\/06\/EP-10-a-vida-da-uma-coleccao.00_01_50_00.Quadro003-scaled.jpg","medium_large-width":768,"medium_large-height":432,"large":"https:\/\/veritas.art\/wp-content\/uploads\/2025\/06\/EP-10-a-vida-da-uma-coleccao.00_01_50_00.Quadro003-scaled.jpg","large-width":1024,"large-height":576,"1536x1536":"https:\/\/veritas.art\/wp-content\/uploads\/2025\/06\/EP-10-a-vida-da-uma-coleccao.00_01_50_00.Quadro003-1536x864.jpg","1536x1536-width":1536,"1536x1536-height":864,"2048x2048":"https:\/\/veritas.art\/wp-content\/uploads\/2025\/06\/EP-10-a-vida-da-uma-coleccao.00_01_50_00.Quadro003-2048x1152.jpg","2048x2048-width":2048,"2048x2048-height":1152,"v_medium":"https:\/\/veritas.art\/wp-content\/uploads\/2025\/06\/EP-10-a-vida-da-uma-coleccao.00_01_50_00.Quadro003-640x360.jpg","v_medium-width":640,"v_medium-height":360,"gform-image-choice-sm":"https:\/\/veritas.art\/wp-content\/uploads\/2025\/06\/EP-10-a-vida-da-uma-coleccao.00_01_50_00.Quadro003-scaled.jpg","gform-image-choice-sm-width":300,"gform-image-choice-sm-height":169,"gform-image-choice-md":"https:\/\/veritas.art\/wp-content\/uploads\/2025\/06\/EP-10-a-vida-da-uma-coleccao.00_01_50_00.Quadro003-scaled.jpg","gform-image-choice-md-width":400,"gform-image-choice-md-height":225,"gform-image-choice-lg":"https:\/\/veritas.art\/wp-content\/uploads\/2025\/06\/EP-10-a-vida-da-uma-coleccao.00_01_50_00.Quadro003-scaled.jpg","gform-image-choice-lg-width":600,"gform-image-choice-lg-height":338}},"featured_content_video":false},{"featured_content_title":"Extra episode","featured_content_sub_title":"Reader mail","featured_content_link":"https:\/\/vimeo.com\/manage\/1097477606","featured_content_layout":"full","featured_content_background_color":"#333","featured_content_image":{"ID":350358,"id":350358,"title":"EP 11 - a vida da\u0301 uma colecc\u0327a\u0303o.00_04_37_13.Quadro004","filename":"EP-11-a-vida-da-uma-coleccao.00_04_37_13.Quadro004-scaled.jpg","filesize":586917,"url":"https:\/\/veritas.art\/wp-content\/uploads\/2025\/06\/EP-11-a-vida-da-uma-coleccao.00_04_37_13.Quadro004-scaled.jpg","link":"https:\/\/veritas.art\/en\/lifebecomesacollection\/ep-11-a-vida-da-uma-coleccao-00_04_37_13-quadro004-2\/","alt":"","author":"44","description":"","caption":"","name":"ep-11-a-vida-da-uma-coleccao-00_04_37_13-quadro004-2","status":"inherit","uploaded_to":340088,"date":"2025-06-30 10:50:27","modified":"2025-06-30 10:50:27","menu_order":0,"mime_type":"image\/jpeg","type":"image","subtype":"jpeg","icon":"https:\/\/veritas.art\/wp-includes\/images\/media\/default.png","width":2560,"height":1440,"sizes":{"thumbnail":"https:\/\/veritas.art\/wp-content\/uploads\/2025\/06\/EP-11-a-vida-da-uma-coleccao.00_04_37_13.Quadro004-150x150.jpg","thumbnail-width":150,"thumbnail-height":150,"medium":"https:\/\/veritas.art\/wp-content\/uploads\/2025\/06\/EP-11-a-vida-da-uma-coleccao.00_04_37_13.Quadro004-scaled.jpg","medium-width":300,"medium-height":169,"medium_large":"https:\/\/veritas.art\/wp-content\/uploads\/2025\/06\/EP-11-a-vida-da-uma-coleccao.00_04_37_13.Quadro004-scaled.jpg","medium_large-width":768,"medium_large-height":432,"large":"https:\/\/veritas.art\/wp-content\/uploads\/2025\/06\/EP-11-a-vida-da-uma-coleccao.00_04_37_13.Quadro004-scaled.jpg","large-width":1024,"large-height":576,"1536x1536":"https:\/\/veritas.art\/wp-content\/uploads\/2025\/06\/EP-11-a-vida-da-uma-coleccao.00_04_37_13.Quadro004-1536x864.jpg","1536x1536-width":1536,"1536x1536-height":864,"2048x2048":"https:\/\/veritas.art\/wp-content\/uploads\/2025\/06\/EP-11-a-vida-da-uma-coleccao.00_04_37_13.Quadro004-2048x1152.jpg","2048x2048-width":2048,"2048x2048-height":1152,"v_medium":"https:\/\/veritas.art\/wp-content\/uploads\/2025\/06\/EP-11-a-vida-da-uma-coleccao.00_04_37_13.Quadro004-640x360.jpg","v_medium-width":640,"v_medium-height":360,"gform-image-choice-sm":"https:\/\/veritas.art\/wp-content\/uploads\/2025\/06\/EP-11-a-vida-da-uma-coleccao.00_04_37_13.Quadro004-scaled.jpg","gform-image-choice-sm-width":300,"gform-image-choice-sm-height":169,"gform-image-choice-md":"https:\/\/veritas.art\/wp-content\/uploads\/2025\/06\/EP-11-a-vida-da-uma-coleccao.00_04_37_13.Quadro004-scaled.jpg","gform-image-choice-md-width":400,"gform-image-choice-md-height":225,"gform-image-choice-lg":"https:\/\/veritas.art\/wp-content\/uploads\/2025\/06\/EP-11-a-vida-da-uma-coleccao.00_04_37_13.Quadro004-scaled.jpg","gform-image-choice-lg-width":600,"gform-image-choice-lg-height":338}},"featured_content_video":false}]}],"newsletter_title":"Seja o primeiro<br>a saber de todos os nossos<br>eventos e leil\u00f5es","newsletter_sub_title":"Subscreva a nossa newsletter","newsletter_success_title":"Obrigado por subscrever a nossa newsletter.","newsletter_success_sub_title":"O seu pedido de subscri\u00e7\u00e3o foi confirmado.<br>Receber\u00e1 mais informa\u00e7\u00f5es por e-mail em breve.","display_newsletter_form_general":true},"_links":{"self":[{"href":"https:\/\/veritas.art\/en\/wp-json\/wp\/v2\/pages\/340088","targetHints":{"allow":["GET"]}}],"collection":[{"href":"https:\/\/veritas.art\/en\/wp-json\/wp\/v2\/pages"}],"about":[{"href":"https:\/\/veritas.art\/en\/wp-json\/wp\/v2\/types\/page"}],"author":[{"embeddable":true,"href":"https:\/\/veritas.art\/en\/wp-json\/wp\/v2\/users\/44"}],"replies":[{"embeddable":true,"href":"https:\/\/veritas.art\/en\/wp-json\/wp\/v2\/comments?post=340088"}],"version-history":[{"count":83,"href":"https:\/\/veritas.art\/en\/wp-json\/wp\/v2\/pages\/340088\/revisions"}],"predecessor-version":[{"id":350535,"href":"https:\/\/veritas.art\/en\/wp-json\/wp\/v2\/pages\/340088\/revisions\/350535"}],"wp:featuredmedia":[{"embeddable":true,"href":"https:\/\/veritas.art\/en\/wp-json\/wp\/v2\/media\/340319"}],"wp:attachment":[{"href":"https:\/\/veritas.art\/en\/wp-json\/wp\/v2\/media?parent=340088"}],"curies":[{"name":"wp","href":"https:\/\/api.w.org\/{rel}","templated":true}]}}