{"id":357961,"date":"2025-12-02T22:26:53","date_gmt":"2025-12-02T22:26:53","guid":{"rendered":"https:\/\/veritas.art\/lot\/a-pair-of-paris-darte-freres-porcelain-black-ground-two-handled-oviform-vases-73553888\/"},"modified":"2025-12-02T22:26:53","modified_gmt":"2025-12-02T22:26:53","slug":"a-pair-of-paris-darte-freres-porcelain-black-ground-two-handled-oviform-vases-73553888","status":"publish","type":"lot","link":"https:\/\/veritas.art\/en\/lot\/a-pair-of-paris-darte-freres-porcelain-black-ground-two-handled-oviform-vases-73553888\/","title":{"rendered":"[Auction 155] Lot 198 &#8211; A pair of Paris (Darte Fr\u00e8res) porcelain black-ground two-handled oviform vases"},"content":{"rendered":"French production attributable to the Darte Fr\u00e8res manufactory (Palais Royal)\r\nOf oviform shape, with flaring neck and cylindrical base set on a shaped plinth\r\nThe boldly projecting handles of sinuous outline, sculpturally modelled in relief with vegetal motifs and terminating in ram\u2019s heads\r\nDecorated on a black ground, the neck, handles and foot entirely gilt in matt and burnished gold\r\nThe front with large rectangular reserves depicting Troubadour-style historical scenes from the life of King Charles I of England \u2013 \u201cThe Royal Family\u201d and \u201cThe King\u2019s Imprisonment\u201d \u2013 framed by broad gilt bands painted with palmettes and arabesques\r\nThe reverse painted with exuberant bouquets of garden flowers (peonies, Centifolia roses, tulips and forget-me-nots) rendered naturalistically against the black ground\r\nThe cylindrical bases encircled by a continuous frieze of polychrome flowers on black, set on shaped plinths in vert chrome with gilt floral ornament\r\nFrance, Restoration period, circa 1820\u20131825","protected":false},"featured_media":362930,"template":"","categories":[31],"class_list":["post-357961","lot","type-lot","status-publish","has-post-thumbnail","hentry","category-porcelanas"],"acf":{"auction_number":"155","number":"198","ref":"198","letter":"0","hammer_value":"0","show_hammer_value":true,"estimation_min":"8000","estimation_max":"12000","price_on_request":false,"author":false,"auction":{"ID":357312,"post_author":"5529","post_date":"2025-11-05 12:28:06","post_date_gmt":"2025-11-05 12:28:06","post_content":"","post_title":"Auction 155 - Antiques & Works of Art, Silver & Jewellery","post_excerpt":"","post_status":"publish","comment_status":"closed","ping_status":"closed","post_password":"","post_name":"antiguidades-e-obras-de-arte-pratas-e-joias","to_ping":"","pinged":"","post_modified":"2025-12-19 18:45:18","post_modified_gmt":"2025-12-19 18:45:18","post_content_filtered":"","post_parent":0,"guid":"https:\/\/veritas.art\/?post_type=auction&#038;p=357312","menu_order":0,"post_type":"auction","post_mime_type":"","comment_count":"0","filter":"raw"},"name":"A pair of Paris (Darte Fr\u00e8res) porcelain black-ground two-handled oviform vases","dimensions":"","description":"French production attributable to the Darte Fr\u00e8res manufactory (Palais Royal)<br \/>\r\nOf oviform shape, with flaring neck and cylindrical base set on a shaped plinth<br \/>\r\nThe boldly projecting handles of sinuous outline, sculpturally modelled in relief with vegetal motifs and terminating in ram\u2019s heads<br \/>\r\nDecorated on a black ground, the neck, handles and foot entirely gilt in matt and burnished gold<br \/>\r\nThe front with large rectangular reserves depicting Troubadour-style historical scenes from the life of King Charles I of England \u2013 \u201cThe Royal Family\u201d and \u201cThe King\u2019s Imprisonment\u201d \u2013 framed by broad gilt bands painted with palmettes and arabesques<br \/>\r\nThe reverse painted with exuberant bouquets of garden flowers (peonies, Centifolia roses, tulips and forget-me-nots) rendered naturalistically against the black ground<br \/>\r\nThe cylindrical bases encircled by a continuous frieze of polychrome flowers on black, set on shaped plinths in vert chrome with gilt floral ornament<br \/>\r\nFrance, Restoration period, circa 1820\u20131825","additional_info":[{"title":"Additional Information","text":"Found by the brothers Louis-Joseph and Jean-Fran\u00e7ois Darte in the early nineteenth century, the Darte Fr\u00e8res manufactory became known for producing porcelain of great splendour for an aristocratic clientele, operating a factory in the rue de la Roquette and a retail shop in the Palais Royal under the patronage of Napoleon\u2019s mother. This pair of vases reflects the Parisian taste of the Restoration period, when the Troubadour style revisited episodes of monarchical history through a romantic and sentimental lens. The choice of scenes from the life of Charles I of England resonated in post-Revolutionary France, where his fate was frequently compared with that of Louis XVI and held particular appeal among legitimist circles. The interplay between the narrative reserves and the exuberant floral bouquets painted directly onto the black ground, combined with the use of matt and burnished gilding, enhances the sense of splendour and underscores the rarity of such pieces within Parisian production of the period.<br \/>\r\nThe attribution to the Darte Fr\u00e8res manufactory is supported by the distinctive t\u00eates de b\u00e9lier handles, documented on works from this factory, together with the close formal and qualitative affinities shared with other large-scale models attributed to their workshops. The execution of this pair appears to date from shortly before the manufactory\u2019s decline in the late 1820s, which reinforces the rarity of the example now offered for sale.<br \/>\n<br \/>\n"}],"tags":"Porcelain","auction_session":"1","gallery":[{"image":{"ID":362930,"id":362930,"title":"155_198","filename":"198-scaled.jpg","filesize":648861,"url":"https:\/\/veritas.art\/wp-content\/uploads\/2025\/12\/198-scaled.jpg","link":"https:\/\/veritas.art\/en\/lot\/par-de-jarras-em-porcelana-de-paris-darte-freres-1574360499\/155_198\/","alt":"","author":"44","description":"","caption":"","name":"155_198","status":"inherit","uploaded_to":357960,"date":"2025-12-03 21:58:35","modified":"2025-12-03 21:58:47","menu_order":0,"mime_type":"image\/jpeg","type":"image","subtype":"jpeg","icon":"https:\/\/veritas.art\/wp-includes\/images\/media\/default.png","width":2267,"height":2560,"sizes":{"thumbnail":"https:\/\/veritas.art\/wp-content\/uploads\/2025\/12\/198-150x150.jpg","thumbnail-width":150,"thumbnail-height":150,"medium":"https:\/\/veritas.art\/wp-content\/uploads\/2025\/12\/198-scaled.jpg","medium-width":266,"medium-height":300,"medium_large":"https:\/\/veritas.art\/wp-content\/uploads\/2025\/12\/198-scaled.jpg","medium_large-width":768,"medium_large-height":867,"large":"https:\/\/veritas.art\/wp-content\/uploads\/2025\/12\/198-scaled.jpg","large-width":907,"large-height":1024,"1536x1536":"https:\/\/veritas.art\/wp-content\/uploads\/2025\/12\/198-1360x1536.jpg","1536x1536-width":1360,"1536x1536-height":1536,"2048x2048":"https:\/\/veritas.art\/wp-content\/uploads\/2025\/12\/198-1814x2048.jpg","2048x2048-width":1814,"2048x2048-height":2048,"v_medium":"https:\/\/veritas.art\/wp-content\/uploads\/2025\/12\/198-640x723.jpg","v_medium-width":640,"v_medium-height":723,"gform-image-choice-sm":"https:\/\/veritas.art\/wp-content\/uploads\/2025\/12\/198-scaled.jpg","gform-image-choice-sm-width":266,"gform-image-choice-sm-height":300,"gform-image-choice-md":"https:\/\/veritas.art\/wp-content\/uploads\/2025\/12\/198-scaled.jpg","gform-image-choice-md-width":354,"gform-image-choice-md-height":400,"gform-image-choice-lg":"https:\/\/veritas.art\/wp-content\/uploads\/2025\/12\/198-scaled.jpg","gform-image-choice-lg-width":531,"gform-image-choice-lg-height":600}},"is_video":false,"video_source":"","video_id":"","use_video_thumbnail":true},{"image":{"ID":362932,"id":362932,"title":"155_198a","filename":"198a-1-scaled.jpg","filesize":653726,"url":"https:\/\/veritas.art\/wp-content\/uploads\/2025\/12\/198a-1-scaled.jpg","link":"https:\/\/veritas.art\/en\/lot\/par-de-jarras-em-porcelana-de-paris-darte-freres-1574360499\/155_198a-2\/","alt":"","author":"44","description":"","caption":"","name":"155_198a-2","status":"inherit","uploaded_to":357960,"date":"2025-12-03 21:59:33","modified":"2025-12-03 21:59:53","menu_order":0,"mime_type":"image\/jpeg","type":"image","subtype":"jpeg","icon":"https:\/\/veritas.art\/wp-includes\/images\/media\/default.png","width":2022,"height":2560,"sizes":{"thumbnail":"https:\/\/veritas.art\/wp-content\/uploads\/2025\/12\/198a-1-150x150.jpg","thumbnail-width":150,"thumbnail-height":150,"medium":"https:\/\/veritas.art\/wp-content\/uploads\/2025\/12\/198a-1-scaled.jpg","medium-width":237,"medium-height":300,"medium_large":"https:\/\/veritas.art\/wp-content\/uploads\/2025\/12\/198a-1-scaled.jpg","medium_large-width":768,"medium_large-height":972,"large":"https:\/\/veritas.art\/wp-content\/uploads\/2025\/12\/198a-1-scaled.jpg","large-width":809,"large-height":1024,"1536x1536":"https:\/\/veritas.art\/wp-content\/uploads\/2025\/12\/198a-1-1213x1536.jpg","1536x1536-width":1213,"1536x1536-height":1536,"2048x2048":"https:\/\/veritas.art\/wp-content\/uploads\/2025\/12\/198a-1-1618x2048.jpg","2048x2048-width":1618,"2048x2048-height":2048,"v_medium":"https:\/\/veritas.art\/wp-content\/uploads\/2025\/12\/198a-1-640x810.jpg","v_medium-width":640,"v_medium-height":810,"gform-image-choice-sm":"https:\/\/veritas.art\/wp-content\/uploads\/2025\/12\/198a-1-scaled.jpg","gform-image-choice-sm-width":237,"gform-image-choice-sm-height":300,"gform-image-choice-md":"https:\/\/veritas.art\/wp-content\/uploads\/2025\/12\/198a-1-scaled.jpg","gform-image-choice-md-width":316,"gform-image-choice-md-height":400,"gform-image-choice-lg":"https:\/\/veritas.art\/wp-content\/uploads\/2025\/12\/198a-1-scaled.jpg","gform-image-choice-lg-width":474,"gform-image-choice-lg-height":600}},"is_video":false,"video_source":"","video_id":"","use_video_thumbnail":true},{"image":{"ID":362934,"id":362934,"title":"155_198b","filename":"198b-scaled.jpg","filesize":516509,"url":"https:\/\/veritas.art\/wp-content\/uploads\/2025\/12\/198b-scaled.jpg","link":"https:\/\/veritas.art\/en\/lot\/par-de-jarras-em-porcelana-de-paris-darte-freres-1574360499\/155_198b\/","alt":"","author":"44","description":"","caption":"","name":"155_198b","status":"inherit","uploaded_to":357960,"date":"2025-12-03 21:59:54","modified":"2025-12-03 22:00:06","menu_order":0,"mime_type":"image\/jpeg","type":"image","subtype":"jpeg","icon":"https:\/\/veritas.art\/wp-includes\/images\/media\/default.png","width":1708,"height":2560,"sizes":{"thumbnail":"https:\/\/veritas.art\/wp-content\/uploads\/2025\/12\/198b-150x150.jpg","thumbnail-width":150,"thumbnail-height":150,"medium":"https:\/\/veritas.art\/wp-content\/uploads\/2025\/12\/198b-scaled.jpg","medium-width":200,"medium-height":300,"medium_large":"https:\/\/veritas.art\/wp-content\/uploads\/2025\/12\/198b-scaled.jpg","medium_large-width":768,"medium_large-height":1151,"large":"https:\/\/veritas.art\/wp-content\/uploads\/2025\/12\/198b-scaled.jpg","large-width":683,"large-height":1024,"1536x1536":"https:\/\/veritas.art\/wp-content\/uploads\/2025\/12\/198b-1025x1536.jpg","1536x1536-width":1025,"1536x1536-height":1536,"2048x2048":"https:\/\/veritas.art\/wp-content\/uploads\/2025\/12\/198b-1367x2048.jpg","2048x2048-width":1367,"2048x2048-height":2048,"v_medium":"https:\/\/veritas.art\/wp-content\/uploads\/2025\/12\/198b-640x959.jpg","v_medium-width":640,"v_medium-height":959,"gform-image-choice-sm":"https:\/\/veritas.art\/wp-content\/uploads\/2025\/12\/198b-scaled.jpg","gform-image-choice-sm-width":200,"gform-image-choice-sm-height":300,"gform-image-choice-md":"https:\/\/veritas.art\/wp-content\/uploads\/2025\/12\/198b-scaled.jpg","gform-image-choice-md-width":267,"gform-image-choice-md-height":400,"gform-image-choice-lg":"https:\/\/veritas.art\/wp-content\/uploads\/2025\/12\/198b-scaled.jpg","gform-image-choice-lg-width":400,"gform-image-choice-lg-height":600}},"is_video":false,"video_source":"","video_id":"","use_video_thumbnail":true},{"image":{"ID":362936,"id":362936,"title":"155_198c","filename":"198c-1-scaled.jpg","filesize":580195,"url":"https:\/\/veritas.art\/wp-content\/uploads\/2025\/12\/198c-1-scaled.jpg","link":"https:\/\/veritas.art\/en\/lot\/par-de-jarras-em-porcelana-de-paris-darte-freres-1574360499\/155_198c-2\/","alt":"","author":"44","description":"","caption":"","name":"155_198c-2","status":"inherit","uploaded_to":357960,"date":"2025-12-03 22:00:37","modified":"2025-12-03 22:00:53","menu_order":0,"mime_type":"image\/jpeg","type":"image","subtype":"jpeg","icon":"https:\/\/veritas.art\/wp-includes\/images\/media\/default.png","width":1786,"height":2560,"sizes":{"thumbnail":"https:\/\/veritas.art\/wp-content\/uploads\/2025\/12\/198c-1-150x150.jpg","thumbnail-width":150,"thumbnail-height":150,"medium":"https:\/\/veritas.art\/wp-content\/uploads\/2025\/12\/198c-1-scaled.jpg","medium-width":209,"medium-height":300,"medium_large":"https:\/\/veritas.art\/wp-content\/uploads\/2025\/12\/198c-1-scaled.jpg","medium_large-width":768,"medium_large-height":1101,"large":"https:\/\/veritas.art\/wp-content\/uploads\/2025\/12\/198c-1-scaled.jpg","large-width":714,"large-height":1024,"1536x1536":"https:\/\/veritas.art\/wp-content\/uploads\/2025\/12\/198c-1-1072x1536.jpg","1536x1536-width":1072,"1536x1536-height":1536,"2048x2048":"https:\/\/veritas.art\/wp-content\/uploads\/2025\/12\/198c-1-1429x2048.jpg","2048x2048-width":1429,"2048x2048-height":2048,"v_medium":"https:\/\/veritas.art\/wp-content\/uploads\/2025\/12\/198c-1-640x917.jpg","v_medium-width":640,"v_medium-height":917,"gform-image-choice-sm":"https:\/\/veritas.art\/wp-content\/uploads\/2025\/12\/198c-1-scaled.jpg","gform-image-choice-sm-width":209,"gform-image-choice-sm-height":300,"gform-image-choice-md":"https:\/\/veritas.art\/wp-content\/uploads\/2025\/12\/198c-1-scaled.jpg","gform-image-choice-md-width":279,"gform-image-choice-md-height":400,"gform-image-choice-lg":"https:\/\/veritas.art\/wp-content\/uploads\/2025\/12\/198c-1-scaled.jpg","gform-image-choice-lg-width":419,"gform-image-choice-lg-height":600}},"is_video":false,"video_source":"","video_id":"","use_video_thumbnail":true},{"image":{"ID":362938,"id":362938,"title":"155_198d","filename":"198d-1-scaled.jpg","filesize":607849,"url":"https:\/\/veritas.art\/wp-content\/uploads\/2025\/12\/198d-1-scaled.jpg","link":"https:\/\/veritas.art\/en\/lot\/par-de-jarras-em-porcelana-de-paris-darte-freres-1574360499\/155_198d-2\/","alt":"","author":"44","description":"","caption":"","name":"155_198d-2","status":"inherit","uploaded_to":357960,"date":"2025-12-03 22:01:07","modified":"2025-12-03 22:01:24","menu_order":0,"mime_type":"image\/jpeg","type":"image","subtype":"jpeg","icon":"https:\/\/veritas.art\/wp-includes\/images\/media\/default.png","width":1709,"height":2560,"sizes":{"thumbnail":"https:\/\/veritas.art\/wp-content\/uploads\/2025\/12\/198d-1-150x150.jpg","thumbnail-width":150,"thumbnail-height":150,"medium":"https:\/\/veritas.art\/wp-content\/uploads\/2025\/12\/198d-1-scaled.jpg","medium-width":200,"medium-height":300,"medium_large":"https:\/\/veritas.art\/wp-content\/uploads\/2025\/12\/198d-1-scaled.jpg","medium_large-width":768,"medium_large-height":1150,"large":"https:\/\/veritas.art\/wp-content\/uploads\/2025\/12\/198d-1-scaled.jpg","large-width":684,"large-height":1024,"1536x1536":"https:\/\/veritas.art\/wp-content\/uploads\/2025\/12\/198d-1-1025x1536.jpg","1536x1536-width":1025,"1536x1536-height":1536,"2048x2048":"https:\/\/veritas.art\/wp-content\/uploads\/2025\/12\/198d-1-1367x2048.jpg","2048x2048-width":1367,"2048x2048-height":2048,"v_medium":"https:\/\/veritas.art\/wp-content\/uploads\/2025\/12\/198d-1-640x959.jpg","v_medium-width":640,"v_medium-height":959,"gform-image-choice-sm":"https:\/\/veritas.art\/wp-content\/uploads\/2025\/12\/198d-1-scaled.jpg","gform-image-choice-sm-width":200,"gform-image-choice-sm-height":300,"gform-image-choice-md":"https:\/\/veritas.art\/wp-content\/uploads\/2025\/12\/198d-1-scaled.jpg","gform-image-choice-md-width":267,"gform-image-choice-md-height":400,"gform-image-choice-lg":"https:\/\/veritas.art\/wp-content\/uploads\/2025\/12\/198d-1-scaled.jpg","gform-image-choice-lg-width":401,"gform-image-choice-lg-height":600}},"is_video":false,"video_source":"","video_id":"","use_video_thumbnail":true},{"image":{"ID":362940,"id":362940,"title":"155_198e","filename":"198e-1-scaled.jpg","filesize":707600,"url":"https:\/\/veritas.art\/wp-content\/uploads\/2025\/12\/198e-1-scaled.jpg","link":"https:\/\/veritas.art\/en\/lot\/par-de-jarras-em-porcelana-de-paris-darte-freres-1574360499\/155_198e-2\/","alt":"","author":"44","description":"","caption":"","name":"155_198e-2","status":"inherit","uploaded_to":357960,"date":"2025-12-03 22:01:33","modified":"2025-12-03 22:01:54","menu_order":0,"mime_type":"image\/jpeg","type":"image","subtype":"jpeg","icon":"https:\/\/veritas.art\/wp-includes\/images\/media\/default.png","width":1709,"height":2560,"sizes":{"thumbnail":"https:\/\/veritas.art\/wp-content\/uploads\/2025\/12\/198e-1-150x150.jpg","thumbnail-width":150,"thumbnail-height":150,"medium":"https:\/\/veritas.art\/wp-content\/uploads\/2025\/12\/198e-1-scaled.jpg","medium-width":200,"medium-height":300,"medium_large":"https:\/\/veritas.art\/wp-content\/uploads\/2025\/12\/198e-1-scaled.jpg","medium_large-width":768,"medium_large-height":1150,"large":"https:\/\/veritas.art\/wp-content\/uploads\/2025\/12\/198e-1-scaled.jpg","large-width":684,"large-height":1024,"1536x1536":"https:\/\/veritas.art\/wp-content\/uploads\/2025\/12\/198e-1-1025x1536.jpg","1536x1536-width":1025,"1536x1536-height":1536,"2048x2048":"https:\/\/veritas.art\/wp-content\/uploads\/2025\/12\/198e-1-1367x2048.jpg","2048x2048-width":1367,"2048x2048-height":2048,"v_medium":"https:\/\/veritas.art\/wp-content\/uploads\/2025\/12\/198e-1-640x959.jpg","v_medium-width":640,"v_medium-height":959,"gform-image-choice-sm":"https:\/\/veritas.art\/wp-content\/uploads\/2025\/12\/198e-1-scaled.jpg","gform-image-choice-sm-width":200,"gform-image-choice-sm-height":300,"gform-image-choice-md":"https:\/\/veritas.art\/wp-content\/uploads\/2025\/12\/198e-1-scaled.jpg","gform-image-choice-md-width":267,"gform-image-choice-md-height":400,"gform-image-choice-lg":"https:\/\/veritas.art\/wp-content\/uploads\/2025\/12\/198e-1-scaled.jpg","gform-image-choice-lg-width":401,"gform-image-choice-lg-height":600}},"is_video":false,"video_source":"","video_id":"","use_video_thumbnail":true},{"image":{"ID":362942,"id":362942,"title":"155_198f","filename":"198f-1-scaled.jpg","filesize":553028,"url":"https:\/\/veritas.art\/wp-content\/uploads\/2025\/12\/198f-1-scaled.jpg","link":"https:\/\/veritas.art\/en\/lot\/par-de-jarras-em-porcelana-de-paris-darte-freres-1574360499\/155_198f-2\/","alt":"","author":"44","description":"","caption":"","name":"155_198f-2","status":"inherit","uploaded_to":357960,"date":"2025-12-03 22:02:16","modified":"2025-12-03 22:02:36","menu_order":0,"mime_type":"image\/jpeg","type":"image","subtype":"jpeg","icon":"https:\/\/veritas.art\/wp-includes\/images\/media\/default.png","width":1709,"height":2560,"sizes":{"thumbnail":"https:\/\/veritas.art\/wp-content\/uploads\/2025\/12\/198f-1-150x150.jpg","thumbnail-width":150,"thumbnail-height":150,"medium":"https:\/\/veritas.art\/wp-content\/uploads\/2025\/12\/198f-1-scaled.jpg","medium-width":200,"medium-height":300,"medium_large":"https:\/\/veritas.art\/wp-content\/uploads\/2025\/12\/198f-1-scaled.jpg","medium_large-width":768,"medium_large-height":1150,"large":"https:\/\/veritas.art\/wp-content\/uploads\/2025\/12\/198f-1-scaled.jpg","large-width":684,"large-height":1024,"1536x1536":"https:\/\/veritas.art\/wp-content\/uploads\/2025\/12\/198f-1-1025x1536.jpg","1536x1536-width":1025,"1536x1536-height":1536,"2048x2048":"https:\/\/veritas.art\/wp-content\/uploads\/2025\/12\/198f-1-1367x2048.jpg","2048x2048-width":1367,"2048x2048-height":2048,"v_medium":"https:\/\/veritas.art\/wp-content\/uploads\/2025\/12\/198f-1-640x959.jpg","v_medium-width":640,"v_medium-height":959,"gform-image-choice-sm":"https:\/\/veritas.art\/wp-content\/uploads\/2025\/12\/198f-1-scaled.jpg","gform-image-choice-sm-width":200,"gform-image-choice-sm-height":300,"gform-image-choice-md":"https:\/\/veritas.art\/wp-content\/uploads\/2025\/12\/198f-1-scaled.jpg","gform-image-choice-md-width":267,"gform-image-choice-md-height":400,"gform-image-choice-lg":"https:\/\/veritas.art\/wp-content\/uploads\/2025\/12\/198f-1-scaled.jpg","gform-image-choice-lg-width":401,"gform-image-choice-lg-height":600}},"is_video":false,"video_source":"","video_id":"","use_video_thumbnail":true},{"image":{"ID":362944,"id":362944,"title":"155_198g","filename":"198g-1-scaled.jpg","filesize":603129,"url":"https:\/\/veritas.art\/wp-content\/uploads\/2025\/12\/198g-1-scaled.jpg","link":"https:\/\/veritas.art\/en\/lot\/par-de-jarras-em-porcelana-de-paris-darte-freres-1574360499\/155_198g-2\/","alt":"","author":"44","description":"","caption":"","name":"155_198g-2","status":"inherit","uploaded_to":357960,"date":"2025-12-03 22:02:40","modified":"2025-12-03 22:03:01","menu_order":0,"mime_type":"image\/jpeg","type":"image","subtype":"jpeg","icon":"https:\/\/veritas.art\/wp-includes\/images\/media\/default.png","width":1709,"height":2560,"sizes":{"thumbnail":"https:\/\/veritas.art\/wp-content\/uploads\/2025\/12\/198g-1-150x150.jpg","thumbnail-width":150,"thumbnail-height":150,"medium":"https:\/\/veritas.art\/wp-content\/uploads\/2025\/12\/198g-1-scaled.jpg","medium-width":200,"medium-height":300,"medium_large":"https:\/\/veritas.art\/wp-content\/uploads\/2025\/12\/198g-1-scaled.jpg","medium_large-width":768,"medium_large-height":1150,"large":"https:\/\/veritas.art\/wp-content\/uploads\/2025\/12\/198g-1-scaled.jpg","large-width":684,"large-height":1024,"1536x1536":"https:\/\/veritas.art\/wp-content\/uploads\/2025\/12\/198g-1-1025x1536.jpg","1536x1536-width":1025,"1536x1536-height":1536,"2048x2048":"https:\/\/veritas.art\/wp-content\/uploads\/2025\/12\/198g-1-1367x2048.jpg","2048x2048-width":1367,"2048x2048-height":2048,"v_medium":"https:\/\/veritas.art\/wp-content\/uploads\/2025\/12\/198g-1-640x959.jpg","v_medium-width":640,"v_medium-height":959,"gform-image-choice-sm":"https:\/\/veritas.art\/wp-content\/uploads\/2025\/12\/198g-1-scaled.jpg","gform-image-choice-sm-width":200,"gform-image-choice-sm-height":300,"gform-image-choice-md":"https:\/\/veritas.art\/wp-content\/uploads\/2025\/12\/198g-1-scaled.jpg","gform-image-choice-md-width":267,"gform-image-choice-md-height":400,"gform-image-choice-lg":"https:\/\/veritas.art\/wp-content\/uploads\/2025\/12\/198g-1-scaled.jpg","gform-image-choice-lg-width":401,"gform-image-choice-lg-height":600}},"is_video":false,"video_source":"","video_id":"","use_video_thumbnail":true},{"image":{"ID":362946,"id":362946,"title":"155_198h","filename":"198h-1-scaled.jpg","filesize":678415,"url":"https:\/\/veritas.art\/wp-content\/uploads\/2025\/12\/198h-1-scaled.jpg","link":"https:\/\/veritas.art\/en\/lot\/par-de-jarras-em-porcelana-de-paris-darte-freres-1574360499\/155_198h-2\/","alt":"","author":"44","description":"","caption":"","name":"155_198h-2","status":"inherit","uploaded_to":357960,"date":"2025-12-03 22:03:40","modified":"2025-12-03 22:04:08","menu_order":0,"mime_type":"image\/jpeg","type":"image","subtype":"jpeg","icon":"https:\/\/veritas.art\/wp-includes\/images\/media\/default.png","width":1709,"height":2560,"sizes":{"thumbnail":"https:\/\/veritas.art\/wp-content\/uploads\/2025\/12\/198h-1-150x150.jpg","thumbnail-width":150,"thumbnail-height":150,"medium":"https:\/\/veritas.art\/wp-content\/uploads\/2025\/12\/198h-1-scaled.jpg","medium-width":200,"medium-height":300,"medium_large":"https:\/\/veritas.art\/wp-content\/uploads\/2025\/12\/198h-1-scaled.jpg","medium_large-width":768,"medium_large-height":1150,"large":"https:\/\/veritas.art\/wp-content\/uploads\/2025\/12\/198h-1-scaled.jpg","large-width":684,"large-height":1024,"1536x1536":"https:\/\/veritas.art\/wp-content\/uploads\/2025\/12\/198h-1-1025x1536.jpg","1536x1536-width":1025,"1536x1536-height":1536,"2048x2048":"https:\/\/veritas.art\/wp-content\/uploads\/2025\/12\/198h-1-1367x2048.jpg","2048x2048-width":1367,"2048x2048-height":2048,"v_medium":"https:\/\/veritas.art\/wp-content\/uploads\/2025\/12\/198h-1-640x959.jpg","v_medium-width":640,"v_medium-height":959,"gform-image-choice-sm":"https:\/\/veritas.art\/wp-content\/uploads\/2025\/12\/198h-1-scaled.jpg","gform-image-choice-sm-width":200,"gform-image-choice-sm-height":300,"gform-image-choice-md":"https:\/\/veritas.art\/wp-content\/uploads\/2025\/12\/198h-1-scaled.jpg","gform-image-choice-md-width":267,"gform-image-choice-md-height":400,"gform-image-choice-lg":"https:\/\/veritas.art\/wp-content\/uploads\/2025\/12\/198h-1-scaled.jpg","gform-image-choice-lg-width":401,"gform-image-choice-lg-height":600}},"is_video":false,"video_source":"","video_id":"","use_video_thumbnail":true},{"image":{"ID":362948,"id":362948,"title":"155_198i","filename":"198i-1-scaled.jpg","filesize":746213,"url":"https:\/\/veritas.art\/wp-content\/uploads\/2025\/12\/198i-1-scaled.jpg","link":"https:\/\/veritas.art\/en\/lot\/par-de-jarras-em-porcelana-de-paris-darte-freres-1574360499\/155_198i-2\/","alt":"","author":"44","description":"","caption":"","name":"155_198i-2","status":"inherit","uploaded_to":357960,"date":"2025-12-03 22:04:50","modified":"2025-12-03 22:05:12","menu_order":0,"mime_type":"image\/jpeg","type":"image","subtype":"jpeg","icon":"https:\/\/veritas.art\/wp-includes\/images\/media\/default.png","width":1709,"height":2560,"sizes":{"thumbnail":"https:\/\/veritas.art\/wp-content\/uploads\/2025\/12\/198i-1-150x150.jpg","thumbnail-width":150,"thumbnail-height":150,"medium":"https:\/\/veritas.art\/wp-content\/uploads\/2025\/12\/198i-1-scaled.jpg","medium-width":200,"medium-height":300,"medium_large":"https:\/\/veritas.art\/wp-content\/uploads\/2025\/12\/198i-1-scaled.jpg","medium_large-width":768,"medium_large-height":1150,"large":"https:\/\/veritas.art\/wp-content\/uploads\/2025\/12\/198i-1-scaled.jpg","large-width":684,"large-height":1024,"1536x1536":"https:\/\/veritas.art\/wp-content\/uploads\/2025\/12\/198i-1-1025x1536.jpg","1536x1536-width":1025,"1536x1536-height":1536,"2048x2048":"https:\/\/veritas.art\/wp-content\/uploads\/2025\/12\/198i-1-1367x2048.jpg","2048x2048-width":1367,"2048x2048-height":2048,"v_medium":"https:\/\/veritas.art\/wp-content\/uploads\/2025\/12\/198i-1-640x959.jpg","v_medium-width":640,"v_medium-height":959,"gform-image-choice-sm":"https:\/\/veritas.art\/wp-content\/uploads\/2025\/12\/198i-1-scaled.jpg","gform-image-choice-sm-width":200,"gform-image-choice-sm-height":300,"gform-image-choice-md":"https:\/\/veritas.art\/wp-content\/uploads\/2025\/12\/198i-1-scaled.jpg","gform-image-choice-md-width":267,"gform-image-choice-md-height":400,"gform-image-choice-lg":"https:\/\/veritas.art\/wp-content\/uploads\/2025\/12\/198i-1-scaled.jpg","gform-image-choice-lg-width":401,"gform-image-choice-lg-height":600}},"is_video":false,"video_source":"","video_id":"","use_video_thumbnail":true},{"image":{"ID":360386,"id":360386,"title":"155_198j","filename":"198j-scaled.jpg","filesize":607849,"url":"https:\/\/veritas.art\/wp-content\/uploads\/2025\/12\/198j-scaled.jpg","link":"https:\/\/veritas.art\/en\/lot\/par-de-jarras-em-porcelana-de-paris-darte-freres-1574360499\/155_198j\/","alt":"","author":"5529","description":"","caption":"","name":"155_198j","status":"inherit","uploaded_to":357960,"date":"2025-12-03 15:40:02","modified":"2025-12-03 15:40:16","menu_order":0,"mime_type":"image\/jpeg","type":"image","subtype":"jpeg","icon":"https:\/\/veritas.art\/wp-includes\/images\/media\/default.png","width":1709,"height":2560,"sizes":{"thumbnail":"https:\/\/veritas.art\/wp-content\/uploads\/2025\/12\/198j-150x150.jpg","thumbnail-width":150,"thumbnail-height":150,"medium":"https:\/\/veritas.art\/wp-content\/uploads\/2025\/12\/198j-scaled.jpg","medium-width":200,"medium-height":300,"medium_large":"https:\/\/veritas.art\/wp-content\/uploads\/2025\/12\/198j-scaled.jpg","medium_large-width":768,"medium_large-height":1150,"large":"https:\/\/veritas.art\/wp-content\/uploads\/2025\/12\/198j-scaled.jpg","large-width":684,"large-height":1024,"1536x1536":"https:\/\/veritas.art\/wp-content\/uploads\/2025\/12\/198j-1025x1536.jpg","1536x1536-width":1025,"1536x1536-height":1536,"2048x2048":"https:\/\/veritas.art\/wp-content\/uploads\/2025\/12\/198j-1367x2048.jpg","2048x2048-width":1367,"2048x2048-height":2048,"v_medium":"https:\/\/veritas.art\/wp-content\/uploads\/2025\/12\/198j-640x959.jpg","v_medium-width":640,"v_medium-height":959,"gform-image-choice-sm":"https:\/\/veritas.art\/wp-content\/uploads\/2025\/12\/198j-scaled.jpg","gform-image-choice-sm-width":200,"gform-image-choice-sm-height":300,"gform-image-choice-md":"https:\/\/veritas.art\/wp-content\/uploads\/2025\/12\/198j-scaled.jpg","gform-image-choice-md-width":267,"gform-image-choice-md-height":400,"gform-image-choice-lg":"https:\/\/veritas.art\/wp-content\/uploads\/2025\/12\/198j-scaled.jpg","gform-image-choice-lg-width":401,"gform-image-choice-lg-height":600}},"is_video":false,"video_source":"","video_id":"","use_video_thumbnail":true},{"image":{"ID":360388,"id":360388,"title":"155_198k","filename":"198k-scaled.jpg","filesize":678415,"url":"https:\/\/veritas.art\/wp-content\/uploads\/2025\/12\/198k-scaled.jpg","link":"https:\/\/veritas.art\/en\/lot\/par-de-jarras-em-porcelana-de-paris-darte-freres-1574360499\/155_198k\/","alt":"","author":"5529","description":"","caption":"","name":"155_198k","status":"inherit","uploaded_to":357960,"date":"2025-12-03 15:40:22","modified":"2025-12-03 15:40:31","menu_order":0,"mime_type":"image\/jpeg","type":"image","subtype":"jpeg","icon":"https:\/\/veritas.art\/wp-includes\/images\/media\/default.png","width":1709,"height":2560,"sizes":{"thumbnail":"https:\/\/veritas.art\/wp-content\/uploads\/2025\/12\/198k-150x150.jpg","thumbnail-width":150,"thumbnail-height":150,"medium":"https:\/\/veritas.art\/wp-content\/uploads\/2025\/12\/198k-scaled.jpg","medium-width":200,"medium-height":300,"medium_large":"https:\/\/veritas.art\/wp-content\/uploads\/2025\/12\/198k-scaled.jpg","medium_large-width":768,"medium_large-height":1150,"large":"https:\/\/veritas.art\/wp-content\/uploads\/2025\/12\/198k-scaled.jpg","large-width":684,"large-height":1024,"1536x1536":"https:\/\/veritas.art\/wp-content\/uploads\/2025\/12\/198k-1025x1536.jpg","1536x1536-width":1025,"1536x1536-height":1536,"2048x2048":"https:\/\/veritas.art\/wp-content\/uploads\/2025\/12\/198k-1367x2048.jpg","2048x2048-width":1367,"2048x2048-height":2048,"v_medium":"https:\/\/veritas.art\/wp-content\/uploads\/2025\/12\/198k-640x959.jpg","v_medium-width":640,"v_medium-height":959,"gform-image-choice-sm":"https:\/\/veritas.art\/wp-content\/uploads\/2025\/12\/198k-scaled.jpg","gform-image-choice-sm-width":200,"gform-image-choice-sm-height":300,"gform-image-choice-md":"https:\/\/veritas.art\/wp-content\/uploads\/2025\/12\/198k-scaled.jpg","gform-image-choice-md-width":267,"gform-image-choice-md-height":400,"gform-image-choice-lg":"https:\/\/veritas.art\/wp-content\/uploads\/2025\/12\/198k-scaled.jpg","gform-image-choice-lg-width":401,"gform-image-choice-lg-height":600}},"is_video":false,"video_source":"","video_id":"","use_video_thumbnail":true},{"image":{"ID":360390,"id":360390,"title":"155_198l","filename":"198l-scaled.jpg","filesize":516509,"url":"https:\/\/veritas.art\/wp-content\/uploads\/2025\/12\/198l-scaled.jpg","link":"https:\/\/veritas.art\/en\/lot\/par-de-jarras-em-porcelana-de-paris-darte-freres-1574360499\/155_198l\/","alt":"","author":"5529","description":"","caption":"","name":"155_198l","status":"inherit","uploaded_to":357960,"date":"2025-12-03 15:40:35","modified":"2025-12-03 15:40:47","menu_order":0,"mime_type":"image\/jpeg","type":"image","subtype":"jpeg","icon":"https:\/\/veritas.art\/wp-includes\/images\/media\/default.png","width":1708,"height":2560,"sizes":{"thumbnail":"https:\/\/veritas.art\/wp-content\/uploads\/2025\/12\/198l-150x150.jpg","thumbnail-width":150,"thumbnail-height":150,"medium":"https:\/\/veritas.art\/wp-content\/uploads\/2025\/12\/198l-scaled.jpg","medium-width":200,"medium-height":300,"medium_large":"https:\/\/veritas.art\/wp-content\/uploads\/2025\/12\/198l-scaled.jpg","medium_large-width":768,"medium_large-height":1151,"large":"https:\/\/veritas.art\/wp-content\/uploads\/2025\/12\/198l-scaled.jpg","large-width":683,"large-height":1024,"1536x1536":"https:\/\/veritas.art\/wp-content\/uploads\/2025\/12\/198l-1025x1536.jpg","1536x1536-width":1025,"1536x1536-height":1536,"2048x2048":"https:\/\/veritas.art\/wp-content\/uploads\/2025\/12\/198l-1367x2048.jpg","2048x2048-width":1367,"2048x2048-height":2048,"v_medium":"https:\/\/veritas.art\/wp-content\/uploads\/2025\/12\/198l-640x959.jpg","v_medium-width":640,"v_medium-height":959,"gform-image-choice-sm":"https:\/\/veritas.art\/wp-content\/uploads\/2025\/12\/198l-scaled.jpg","gform-image-choice-sm-width":200,"gform-image-choice-sm-height":300,"gform-image-choice-md":"https:\/\/veritas.art\/wp-content\/uploads\/2025\/12\/198l-scaled.jpg","gform-image-choice-md-width":267,"gform-image-choice-md-height":400,"gform-image-choice-lg":"https:\/\/veritas.art\/wp-content\/uploads\/2025\/12\/198l-scaled.jpg","gform-image-choice-lg-width":400,"gform-image-choice-lg-height":600}},"is_video":false,"video_source":"","video_id":"","use_video_thumbnail":true},{"image":{"ID":360392,"id":360392,"title":"155_198m","filename":"198m-scaled.jpg","filesize":580195,"url":"https:\/\/veritas.art\/wp-content\/uploads\/2025\/12\/198m-scaled.jpg","link":"https:\/\/veritas.art\/en\/lot\/par-de-jarras-em-porcelana-de-paris-darte-freres-1574360499\/155_198m\/","alt":"","author":"5529","description":"","caption":"","name":"155_198m","status":"inherit","uploaded_to":357960,"date":"2025-12-03 15:40:50","modified":"2025-12-03 15:41:02","menu_order":0,"mime_type":"image\/jpeg","type":"image","subtype":"jpeg","icon":"https:\/\/veritas.art\/wp-includes\/images\/media\/default.png","width":1786,"height":2560,"sizes":{"thumbnail":"https:\/\/veritas.art\/wp-content\/uploads\/2025\/12\/198m-150x150.jpg","thumbnail-width":150,"thumbnail-height":150,"medium":"https:\/\/veritas.art\/wp-content\/uploads\/2025\/12\/198m-scaled.jpg","medium-width":209,"medium-height":300,"medium_large":"https:\/\/veritas.art\/wp-content\/uploads\/2025\/12\/198m-scaled.jpg","medium_large-width":768,"medium_large-height":1101,"large":"https:\/\/veritas.art\/wp-content\/uploads\/2025\/12\/198m-scaled.jpg","large-width":714,"large-height":1024,"1536x1536":"https:\/\/veritas.art\/wp-content\/uploads\/2025\/12\/198m-1072x1536.jpg","1536x1536-width":1072,"1536x1536-height":1536,"2048x2048":"https:\/\/veritas.art\/wp-content\/uploads\/2025\/12\/198m-1429x2048.jpg","2048x2048-width":1429,"2048x2048-height":2048,"v_medium":"https:\/\/veritas.art\/wp-content\/uploads\/2025\/12\/198m-640x917.jpg","v_medium-width":640,"v_medium-height":917,"gform-image-choice-sm":"https:\/\/veritas.art\/wp-content\/uploads\/2025\/12\/198m-scaled.jpg","gform-image-choice-sm-width":209,"gform-image-choice-sm-height":300,"gform-image-choice-md":"https:\/\/veritas.art\/wp-content\/uploads\/2025\/12\/198m-scaled.jpg","gform-image-choice-md-width":279,"gform-image-choice-md-height":400,"gform-image-choice-lg":"https:\/\/veritas.art\/wp-content\/uploads\/2025\/12\/198m-scaled.jpg","gform-image-choice-lg-width":419,"gform-image-choice-lg-height":600}},"is_video":false,"video_source":"","video_id":"","use_video_thumbnail":true}]},"_links":{"self":[{"href":"https:\/\/veritas.art\/en\/wp-json\/wp\/v2\/lot\/357961","targetHints":{"allow":["GET"]}}],"collection":[{"href":"https:\/\/veritas.art\/en\/wp-json\/wp\/v2\/lot"}],"about":[{"href":"https:\/\/veritas.art\/en\/wp-json\/wp\/v2\/types\/lot"}],"wp:featuredmedia":[{"embeddable":true,"href":"https:\/\/veritas.art\/en\/wp-json\/wp\/v2\/media\/362930"}],"wp:attachment":[{"href":"https:\/\/veritas.art\/en\/wp-json\/wp\/v2\/media?parent=357961"}],"wp:term":[{"taxonomy":"category","embeddable":true,"href":"https:\/\/veritas.art\/en\/wp-json\/wp\/v2\/categories?post=357961"}],"curies":[{"name":"wp","href":"https:\/\/api.w.org\/{rel}","templated":true}]}}