{"id":351547,"date":"2025-10-03T08:50:46","date_gmt":"2025-10-03T08:50:46","guid":{"rendered":"https:\/\/veritas.art\/lot\/european-school-19th-century-1271250619\/"},"modified":"2025-10-05T12:04:24","modified_gmt":"2025-10-05T12:04:24","slug":"european-school-19th-century-1271250619","status":"publish","type":"lot","link":"https:\/\/veritas.art\/en\/lot\/european-school-19th-century-1271250619\/","title":{"rendered":"[Auction 153] Lot 287 &#8211; European School, 19th century"},"content":{"rendered":"<p>Junot reviewing the troops at Rossio<\/p>\n<p>Oil on canvas<\/p>\n\n\n<p><\/p>\n","protected":false},"featured_media":355906,"template":"","categories":[65,52],"class_list":["post-351547","lot","type-lot","status-publish","has-post-thumbnail","hentry","category-paintings","category-pintura"],"acf":{"auction_number":"153","number":"287","ref":"287","letter":"0","hammer_value":"55000","show_hammer_value":true,"estimation_min":"45000","estimation_max":"65000","price_on_request":false,"author":false,"auction":{"ID":350526,"post_author":"44","post_date":"2025-07-02 09:02:53","post_date_gmt":"2025-07-02 09:02:53","post_content":"","post_title":"Auction 153 - Antiques & Works of Art, Silver & Jewellery","post_excerpt":"","post_status":"publish","comment_status":"closed","ping_status":"closed","post_password":"","post_name":"auction-153-antiques-works-of-art-silver-jewellery","to_ping":"","pinged":"","post_modified":"2025-10-17 17:00:13","post_modified_gmt":"2025-10-17 17:00:13","post_content_filtered":"","post_parent":0,"guid":"https:\/\/veritas.art\/?post_type=auction&#038;p=350526","menu_order":0,"post_type":"auction","post_mime_type":"","comment_count":"0","filter":"raw"},"name":"European School, 19th century","dimensions":"67x120 cm","description":"Junot reviewing the troops at Rossio<br \/>\r\nOil on canvas","additional_info":[{"title":"Provenance","text":"Collection of Eduardo Mendia, possibly acquired by inheritance from his grandfather, the collector Alfredo Guimar\u00e3es (1860\u20131923)."},{"title":"Exhibitions","text":"Exhibition of Documents and Works of Art relating to the History of Lisbon, Museu Nacional de Arte Antiga, Lisbon, 1947, cat. p. 156.<br \/>\r\nBibliographical and Iconographic Exhibition of the Houses of the Lisbon Chamber, Pal\u00e1cio Galveias, Lisbon, 1951; 1972; reproduced in Revista Municipal, Year XXXIII, no. 132\/133, p. 25."},{"title":"A panorama of Rossio in the early 19th century","text":"PEDRO FLOR<br \/>\r\nUniversidade Aberta<br \/>\r\nInstituto de Hist\u00f3ria da Arte \u2013 NOVA\/FCSH \u2013 IN2PAST<br \/>\r\n<br \/>\r\nThe work reveals the western side of Rossio Square in Lisbon at the beginning of the 19th century. In the background, silhouetted against the sky, we observe the Carmo Convent and its Gothic chancel, somewhat ruined, an indelible testimony to the 1755 Earthquake and evident counterpoint to the rational order of austere, simple and symmetrical character of the Pombaline reconstruction of the buildings that delimit the square below (Fran\u00e7a, 1977). To the right of the conventual tower, and facing the former conventual garden glimpsed in the treetops, we see an extensive building, pierced at the centre by a door, surmounted by a balcony, where the friars could enjoy the views. The balcony's crowning shows us a counter-curved pediment and on the rear wall, we glimpse blue and white tile panels. In this building with several windows and dormer windows (five on each side and in each register) functioned the refectory on the ground floor and the dormitory on the upper floor. On the north-facing wall, the dormitory ends with a perfect arch balcony window and an oculus.<br \/>\r\n<br \/>\r\nFollowing the horizon line, various houses are observed, at different heights and positions. To the right, at the extreme of this indistinct housing, three constructions can be identified, namely, i) the former Palace of the Marquesses of Niza or of the Patriarch; ii) the Count's Tower, next to a small wall and; iii) the former Professed House of the Society of Jesus and Church of S\u00e3o Roque.<br \/>\r\nThe building that once belonged to the Counts of Vidigueira\/Marquesses of Niza, and which we see in the painting somewhat ruined with gabled roofs and slender fenestration, was rented for habitation by the first Patriarchs of Lisbon, D. Tom\u00e1s de Almeida (1670-1754) and later D. Jos\u00e9 Manoel da C\u00e2mara (1686-1758). At the beginning of the 19th century, the houses were abandoned, requiring works to be inhabited again and recover the splendour of other times, but the Marquesses of Niza showed no interest in this undertaking and ended up selling the ruined property in 1837, having previously been used to house one of the Bairro Alto theatres (that of the Patriarch's Courtyard) (Sim\u00f5es, 2010).<br \/>\r\n<br \/>\r\nA little lower, a cylindrical volume stands out that corresponds to the Count's Tower (memory of the former possession of contiguous lands of the Count of Our\u00e9m, D. Nuno \u00c1lvares Pereira) (Silva, 1987). The adjacent wall may well be a piece of the old Fernandine wall, to which the tower belonged, next to the Count's postern (or S\u00e3o Roque or small postern) before the tower of \u00c1lvaro Pais, of larger dimensions, but now disappeared and which occupied a significant part of the current Largo Trindade Coelho.<br \/>\r\n<br \/>\r\nAt the far right of the horizon line, we see a building with two towers covered with pyramidal roofs that corresponded to the former Professed House of the Jesuits and the Church of S\u00e3o Roque (whose nave covering is clearly visible). At the beginning of the 19th century, it was in the possession of the Santa Casa da Miseric\u00f3rdia, at least since 1768, after the expulsion of the Society of Jesus from Portugal, years earlier in 1759.<br \/>\r\n<br \/>\r\nObserving Rossio square more carefully, we verify that visible on its left side (South), is the beginning of Rua do Ouro and Rua do Carmo. Then, two blocks very characteristic of Pombaline architecture, interrupted almost at the centre with a narrow street that established the connection between Rossio and Largo do Carmo: Cal\u00e7ada do Carmo. Connected by thin pilasters that mark the rhythm of the fa\u00e7ade, the sequence of buildings displays rectangular stone lintels in the windows and the balcony ones almost always alternate with two chest-high windows. The openings located on the top floor appear close to the cornice, reinforcing the verticality of the fa\u00e7ade composition and the emphasis on the upper crowning of the building. The double roof covering integrates dormer windows that not only expand the living space through the creation of a fourth level, but also confer volumetric dynamism to the crowning of the ensemble. The straight lintel portals of the ground floor have fanlights. The entire block thus testifies to Carlos Mardel's (1695-1763) intention to bring together functionality and architectural expression in all fa\u00e7ades, substitute that he was for Eug\u00e9nio dos Santos in conducting the city's reconstruction works and responsible for the design of the Rossio buildings and the project as a whole (Fran\u00e7a, 1977).<br \/>\r\n<br \/>\r\nAt the end of the second block, we see a triangular pediment portal that gives access to a space of smaller proportions. This is the \"Rossio Station\", datable to the beginning of the 18th century (1702?), which was rebuilt here in 1782 on land then belonging to the House of the Dukes of Cadaval, after having been dismantled in 1759, probably on the occasion of the Pombaline works. Again demolished, years later (1839) by municipal order, this station was part of the procession of the Lord of the Stations that crossed Rossio square coming from S\u00e3o Roque towards the Gra\u00e7a Monastery and the Chapel of the True Cross and Stations of Christ, dated 1586. Therefore, we are before a very important visual testimony of a memory since lost and which belongs to the history of Rossio and Lisbon (Ara\u00fajo, 1938).<br \/>\r\n<br \/>\r\nAt the foot of the S\u00e3o Roque hill, somewhat more receded, is a group of houses and hovels that cover the slope. A whitish wall stands out, at the centre of which opens a perfect arch opening, from where we see a coach emerge towards the square. This is the access to the reception courtyard of the Palace of the Dukes of Cadaval. In the place where Rossio Station now stands, this noble building of 17th-century foundation, but profoundly altered in the post-earthquake period, was positioned perpendicular to the square (Sequeira, 1967 and Casimiro et al, 2016). The rhythm imposed on the fa\u00e7ade of the seigneurial property follows the Pombaline model and the Mardelian spirit, suggesting these modifications posterior to 1755. In front of the building with the pointed windows of the second floor, facing Rossio, we see a sedan chair heading towards Rua do Pr\u00edncipe, perhaps towards the Public Promenade (Castilho, 1937).<br \/>\r\n<br \/>\r\nThe painter records with rigour in the Pombaline blocks the presence of shops on the ground floors, revealing the intense commercial and social character of Rossio as the vital centre of the city, continuing the relevance it had even before the Earthquake (Moita, 1994). The degree of detail is so refined that it is possible to identify at least two shops, whose access doors, crowded with people, display advertising signs and are painted: the one on the left in brown and the one on the right in olive green tone. These are the oldest representations of two famous Rossio taverns, where political and poetic gatherings met frequently: the Nicola (founded in 1787) and the Botequim das Parras (from 1795) (Dias, 1999).<br \/>\r\n<br \/>\r\nAt the corner of the mentioned Rua do Pr\u00edncipe, at the northern top of the square, and in front of the Palace of the Dukes of Cadaval, we find a building of great volume that corresponds to the Palace of the Inquisition (where the Government Board of the Regency also functioned), designed by Carlos Mardel, which would suffer a fire in 1836, giving way to the construction of the National Theatre of D. Maria II, with the personal commitment of the Count of Farrobo (Rijo, 2016).<br \/>\r\n<br \/>\r\nThe austerity and simplicity of the fa\u00e7ade, with rectangular balcony windows with stone mezzanines cut near the building's crowning, where several dormer windows are still glimpsed, enters into aesthetic and formal harmony with the entire Pombaline architectural ensemble. At the centre, a rusticated portal opens, surmounted by a ceremonial balcony with a counter-curved arch, flanked by two pilasters and triangular pediment. At the top, a statue that we know represents an allegory of Faith (c. 1773), by Joaquim Machado de Castro (1731-1822) (Mendon\u00e7a, 1948 and Faria, 2025).<br \/>\r\n<br \/>\r\nIn the wide central courtyard of Rossio, with beaten earth and not paved flooring, an urban daily scene unfolds. In the foreground several characters are distinguished, mostly masculine: men in capes and tricorn hats in dialogue; uniformed soldiers in short, blue, buttoned coats, with red bands, collars and cuffs, yellow buttons and several yellow braid houses and white trousers, which we identify as belonging to the Royal Police Guard of Lisbon (functioned as municipal police and was commanded at the beginning of the 19th century by the Count of Novion); itinerant vendors accompanied by baskets; some women of varied social condition judging by their dress and use of headscarves; in the lower right corner, a Dominican friar who alludes to the proximity of the Convent of S\u00e3o Domingos on the other side of the square and, finally, some passers-by, all in habitual attire of the end of the Ancien R\u00e9gime. Around a small stall at the centre, soldiers and groups of dispersed people and some carriages complete the movement of the space, spreading throughout Rossio. In the middle of the square, we still find a military detachment in formation, soldiers aligned with bayonets on their shoulders, perhaps evoking the tense political and social atmosphere of the years of the French Invasions (1807\u20131808) (S\u00e1, 1992).<br \/>\r\n<br \/>\r\nThe Infantry troop represented here exercises under the command of a soldier, on horseback, of higher rank, taking into account the hat, plume and sword at the ready. Historiographical tradition has wanted to identify this character with General Junot (1771-1813), appointed in 1808 1st Duke of Abrantes by Napoleon and prominent military figure in the Peninsular War campaigns, particularly in Portugal between November 1807 and September 1808. This is how the canvas is described in the Catalogue of the Exhibition of Documents and Works of Art relating to the History of Lisbon, published in June 1947 by the National Museum of Ancient Art, on the occasion of the Commemorations of the VIII Centenary of the taking of Lisbon: \"Junot reviewing troops in Rossio\" (p. 156). On the occasion of this event, the painting was dated to the beginning of the 19th century and given as belonging to His Excellency Eduardo Mendia (Eduardo Alfredo Guimar\u00e3es de Mendia), grandson of the collector Alfredo Guimar\u00e3es (1860-1923) and nephew on his father's side of the 2nd Count of Mendia, Eduardo Pereira Caldas de Mendia (1875-1946). The information is repeated in the Catalogue of the Bibliographical and Iconographical Exhibition of the Houses of the Lisbon Chamber, an exhibition held at Pal\u00e1cio Galveias in 1951 and in 1972 and the image reproduced in the Municipal Magazine (Year XXXIII), no. 132\/133, in a text by the olisipographer Irisalva Moita (p. 25). If the soldiers represented allude rather to the Royal Police Guard, then we admit the hypothesis that the image of the Count of Novion on horseback is painted or, if the canvas is later, Colonel Filipe de Sousa Canavarro who succeeded him, after 1808.<br \/>\r\n<br \/>\r\nWe do not know with precision the exact provenance of the painting, but we can consider the hypothesis that it was acquired by Alfredo Guimar\u00e3es and subsequently inherited by his grandson, considering that, in 1956, he was given together with his sister D. J\u00falia Maria Guimar\u00e3es de Mendia de Noronha as heir of D. Berta Guimar\u00e3es de Mendia, daughter of the said collector. Alfredo Guimar\u00e3es had gathered in his residence on Rua da Cruz dos Poiais, at the corner of Travessa da Arrochela, a notable collection of works of art (painting, goldsmithery, engraving, furniture, ceramics...), with part of this collection having been sold at auction in 1961 by Soares & Mendon\u00e7a, where the painting is not even mentioned in the respective catalogue (Louren\u00e7o, 2022). The relevance of Alfredo Guimar\u00e3es' collection is known and we also know of the proximity he had with another great 20th-century collector, Ricardo Esp\u00edrito Santo Silva (1900-1955), to whom later D. J\u00falia Guimar\u00e3es came to sell artistic objects, all nurturing enormous taste for genre painting of Lisbonese themes, as we shall see.<br \/>\r\n<br \/>\r\nThe name of the painter of this magnificent 19th-century canvas is currently unknown, although we can attempt an authorial approximation, taking into account other similar works both at the thematic and chromatic level. The costumes of the characters and the way the buildings were conceived and painted remind us very much of the manner of Nicolas-Louis-Albert Delerive (1755-1818) who visited Lisbon for two seasons, namely, between 1792 and 1797 and, later, between 1800 and 1818. The miniature character of his works and the capacity to capture daily moments approach well the models represented in the painting of Rossio Square. However, it seems to us that Delerive confers greater scale and ease to the characters and compositions, thus bringing the observer closer to the narrative in focus, characteristics that are not present in the canvas under study. In this sense, we prefer to bring to the question of authorial attribution the name of the painter Joaquim Marques (1755-1822), also mentioned as Joaquim Ant\u00f3nio Marques.<br \/>\r\n<br \/>\r\nAccording to Cyrillo, this painter developed his studies in the Royal Drawing Class, having also worked in the Box Factory, under the orders of the Neapolitan Jos\u00e9 Francisco del Cuoco. From 1784, he approached Jean-Baptiste Pillement (1728-1808), whom he sought to imitate in genre and stylemes, without ever reaching the mastery of the Frenchman. His pictorial activity in the branch of genre painting had enormous success at the time, having carried out various works on ceilings, walls, canvases, carriages and even ephemeral scenography on the occasion of the celebration of the happy marriage of Prince D. Pedro with D. Leopoldina, Archduchess of Austria in 1817. The formal entry of Joaquim Marques into the Brotherhood of S\u00e3o Lucas in Lisbon dates from 1793, being given as a widower, resident at Salitre (parish of S\u00e3o Jos\u00e9) (Flor et al., 2016). However, the name is detectable in the Brotherhood since 1788 at the Brothers' Table, in the company of names as relevant as those of Pedro Alexandrino de Carvalho, Cyrillo Volkmar Machado, Jos\u00e9 Ant\u00f3nio Narciso, Domingos da Rosa or Gaspar Fr\u00f3is Machado, revealing this fact how inserted in Lisbon's artistic and pictorial life Joaquim Marques was.<br \/>\r\n<br \/>\r\nThe canvases existing in the collection of the Ricardo Esp\u00edrito Santo Silva Foundation (two canvases showing fairs in the outskirts of Lisbon) or in the National Museum of Ancient Art (the Thieves' Market), attributable to Joaquim Marques, and dated to the first decade of the 19th century, share the same pictorial sensibility present in the Rossio panorama, both in the scenographic composition of the architecture, and of the characters who, on a smaller scale, submit to the greater importance of both the constructions and the surrounding natural landscape. The same happens with the \"View of the Douro\" or with the \"View of the Quay and Largo do Corpo Santo\", both in private collections and the latter having belonged to the collection of the Dukes of Portland (Wallbeck Abbey), works datable still to the end of the 18th century (Mada\u00edl, 1950 and Teixeira, 1993).<br \/>\r\n<br \/>\r\nIn a chromatic palette dominated by ochres, browns and whites, with small citations of red, and softened by a grey-blue sky of sparse clouds, Rossio appears to us with diffuse light that ensures the clarity of volumetric reading, of the composition's perspective and of all the military bustle and daily life of the square. To underline the enormous realism and exactitude with which the artist describes the urban landscape, sprinkled with people who circulate there, frequent the booksellers, the taverns and the shops of Rossio and admire the military exercises in the square facing the majestic Palace of the Inquisition.<br \/>\r\n<br \/>\r\nThe architectural proportions, the topographical insertion of the buildings and the details of daily life reveal a documentary intention proper to genre painting of the transition from the 18th to the 19th century that confers on the work a singular historical-artistic value. The painting emerges not only as aesthetic expression, but also as authentic visual testimony of the Lisbon of Pombaline taste, on the eve of the political and urban transformations of the 19th century brought with the triumph of the liberal Monarchy.<br \/>\r\n<br \/>\r\n<br \/>\r\nACKNOWLEDGEMENTS<br \/>\r\nAlexandra Markl, Lu\u00eds Montalv\u00e3o, Susana Varela Flor<br \/>\r\n<br \/>\r\n<br \/>\r\nLiterature:<br \/>\r\nARA\u00daJO, Norberto de, Peregrina\u00e7\u00f5es em Lisboa, vol. VIII, Lisboa, Parceria A.M.Pereira, 1938.<br \/>\r\nCASIMIRO, T\u00e2nia Manuel; ALMEIDA, Mariana; BARBOSA, Teresa, \u201cLargo Duque de Cadaval \u2013 evid\u00eancias de uma cat\u00e1strofe\u201d, in Arqueologia & Hist\u00f3ria - Revista da Associa\u00e7\u00e3o dos Arqueol\u00f3gos Portugueses, vol.  68, 2016, pp. 111-126.<br \/>\r\nCASTILHO, J\u00falio de, Lisboa Antiga \u2013 Bairros Orientais, vol. X, 2.\u00aa ed., Lisboa, CML, 1937.<br \/>\r\nDIAS, Marina Tavares, Os Caf\u00e9s de Lisboa, Lisboa, Quimera, 1999.<br \/>\r\nFARIA, Miguel Figueira de, \"Pombal, a F\u00e9 e a Constitui\u00e7\u00e3o: tr\u00eas casos de estudo sobre a iconoclastia das Luzes \u00e0 Revolu\u00e7\u00e3o\", 2025 (no prelo).<br \/>\r\nFLOR, Susana Varela e FLOR, Pedro, Pintores de Lisboa (s\u00e9culos XVII-XVIII) \u2013 A Irmandade de S. Lucas, Lisboa, Scribe, 2016.<br \/>\r\nFRAN\u00c7A, Jos\u00e9-Augusto, Lisboa Pombalina e o Iluminismo, 2.\u00aa ed., Lisboa, Livraria Bertrand, 1977.<br \/>\r\nLOUREN\u00c7O, In\u00eas Cola\u00e7o Santos, Os Cat\u00e1logos de Leil\u00f5es na Biblioteca do Museu Nacional de Arte Antiga, 2 vols., Relat\u00f3rio de Projecto para obten\u00e7\u00e3o do grau de Mestre em Hist\u00f3ria da Arte e Patrim\u00f3nio, Faculdade de Letras da Universidade de Lisboa, 2022.<br \/>\r\nMADA\u00cdL, A. G. Rocha, \u201cDocumenta\u00e7\u00e3o art\u00edstica do pintor lisbonense Joaquim Marques (1755-1822)\u201d, in Revista Municipal, n.\u00ba 46, 3.\u00ba trim., Lisboa, CML, 1950, pp. 5-11. <br \/>\r\nMAGALH\u00c3ES, Francisco Jos\u00e9, John Cam Hobhouse \u2013 Di\u00e1rio de Viagem, Lisboa, Livros Horizonte, 1993.<br \/>\r\nMENDON\u00c7A, Maria Jos\u00e9, \"Uma est\u00e1tua desaparecida de Joaquim Machado de Castro\", Boletim do Museu Nacional de Arte Antiga, vol. I, n.\u00ba 3, 1948, pp. 152-155.<br \/>\r\nMESQUITA, Alfredo, Lisboa Pittoresca e Illustrada, Lisboa, 1903.<br \/>\r\nMOITA, Irisalva (coord.), O Livro de Lisboa, Lisboa, Livros Horizonte, 1994.<br \/>\r\nRIJO, Delminda, \"Pal\u00e1cio dos Estaus de Hospedaria Real a Pal\u00e1cio da Inquisi\u00e7\u00e3o e Tribunal do Santo Of\u00edcio\", Cadernos do Arquivo Municipal, 2.\u00aa s\u00e9rie, n.\u00ba 5, 2016, pp. 19-49.<br \/>\r\nS\u00c1, Victor de, Lisboa no Liberalismo, Lisboa, Livros Horizonte, 1992.<br \/>\r\nSALDANHA, Nuno, Tesouro das Imagens, Lisboa, FRESS, 1996.<br \/>\r\nSANTANA, Francisco e SUCENA, Eduardo (dir.), Dicion\u00e1rio da Hist\u00f3ria de Lisboa, Lisboa, Carlos Quintas & Associados, 1994.<br \/>\r\nSEQUEIRA, Gustavo Matos, Depois do Terramoto \u2013 Subs\u00eddios para a Hist\u00f3ria dos Bairros Ocidentais de Lisboa, vols. III e IV, 2.\u00aa ed., Lisboa, Academia das Ci\u00eancias de Lisboa, 1967. <br \/>\r\nSILVA, A. Vieira da, A Cerca Fernandina de Lisboa, vol. I, 2.\u00aa ed., Lisboa, CML, 1987.<br \/>\r\nSIM\u00d5ES, Jo\u00e3o Miguel, \u201cO complexo de S\u00e3o Roque, a colina secreta de Lisboa\u201d, in Patrim\u00f3nio Arquitect\u00f3nico \u2013 Santa Casa da Miseric\u00f3rdia de Lisboa, tomo II, Lisboa, SCML \/ Museu de S. Roque, 2010, pp. 12-43.<br \/>\r\nTEIXEIRA, Jos\u00e9 Monterroso (coord.), Triunfo do Barroco \u2013 Cat\u00e1logo da Exposi\u00e7\u00e3o, Lisboa, 1993.<br \/>\r\n<br \/>\r\n"}],"tags":"Paintings","auction_session":"2","gallery":[{"image":{"ID":355906,"id":355906,"title":"153_287","filename":"287-scaled.jpg","filesize":1151616,"url":"https:\/\/veritas.art\/wp-content\/uploads\/2025\/10\/287-scaled.jpg","link":"https:\/\/veritas.art\/en\/lot\/escola-europeia-sec-xix-1228418197\/153_287\/","alt":"","author":"44","description":"","caption":"","name":"153_287","status":"inherit","uploaded_to":351546,"date":"2025-10-03 19:47:52","modified":"2025-10-03 19:48:02","menu_order":0,"mime_type":"image\/jpeg","type":"image","subtype":"jpeg","icon":"https:\/\/veritas.art\/wp-includes\/images\/media\/default.png","width":2560,"height":1594,"sizes":{"thumbnail":"https:\/\/veritas.art\/wp-content\/uploads\/2025\/10\/287-150x150.jpg","thumbnail-width":150,"thumbnail-height":150,"medium":"https:\/\/veritas.art\/wp-content\/uploads\/2025\/10\/287-scaled.jpg","medium-width":300,"medium-height":187,"medium_large":"https:\/\/veritas.art\/wp-content\/uploads\/2025\/10\/287-scaled.jpg","medium_large-width":768,"medium_large-height":478,"large":"https:\/\/veritas.art\/wp-content\/uploads\/2025\/10\/287-scaled.jpg","large-width":1024,"large-height":638,"1536x1536":"https:\/\/veritas.art\/wp-content\/uploads\/2025\/10\/287-1536x957.jpg","1536x1536-width":1536,"1536x1536-height":957,"2048x2048":"https:\/\/veritas.art\/wp-content\/uploads\/2025\/10\/287-2048x1275.jpg","2048x2048-width":2048,"2048x2048-height":1275,"v_medium":"https:\/\/veritas.art\/wp-content\/uploads\/2025\/10\/287-640x399.jpg","v_medium-width":640,"v_medium-height":399,"gform-image-choice-sm":"https:\/\/veritas.art\/wp-content\/uploads\/2025\/10\/287-scaled.jpg","gform-image-choice-sm-width":300,"gform-image-choice-sm-height":187,"gform-image-choice-md":"https:\/\/veritas.art\/wp-content\/uploads\/2025\/10\/287-scaled.jpg","gform-image-choice-md-width":400,"gform-image-choice-md-height":249,"gform-image-choice-lg":"https:\/\/veritas.art\/wp-content\/uploads\/2025\/10\/287-scaled.jpg","gform-image-choice-lg-width":600,"gform-image-choice-lg-height":374}},"is_video":false,"video_source":"","video_id":"","use_video_thumbnail":true},{"image":{"ID":353846,"id":353846,"title":"153_287_a","filename":"287_a-scaled.jpg","filesize":1151616,"url":"https:\/\/veritas.art\/wp-content\/uploads\/2025\/10\/287_a-scaled.jpg","link":"https:\/\/veritas.art\/en\/lot\/escola-europeia-sec-xix-1228418197\/153_287_a\/","alt":"","author":"44","description":"","caption":"","name":"153_287_a","status":"inherit","uploaded_to":351546,"date":"2025-10-03 15:09:18","modified":"2025-10-03 15:09:29","menu_order":0,"mime_type":"image\/jpeg","type":"image","subtype":"jpeg","icon":"https:\/\/veritas.art\/wp-includes\/images\/media\/default.png","width":2560,"height":1594,"sizes":{"thumbnail":"https:\/\/veritas.art\/wp-content\/uploads\/2025\/10\/287_a-150x150.jpg","thumbnail-width":150,"thumbnail-height":150,"medium":"https:\/\/veritas.art\/wp-content\/uploads\/2025\/10\/287_a-scaled.jpg","medium-width":300,"medium-height":187,"medium_large":"https:\/\/veritas.art\/wp-content\/uploads\/2025\/10\/287_a-scaled.jpg","medium_large-width":768,"medium_large-height":478,"large":"https:\/\/veritas.art\/wp-content\/uploads\/2025\/10\/287_a-scaled.jpg","large-width":1024,"large-height":638,"1536x1536":"https:\/\/veritas.art\/wp-content\/uploads\/2025\/10\/287_a-1536x957.jpg","1536x1536-width":1536,"1536x1536-height":957,"2048x2048":"https:\/\/veritas.art\/wp-content\/uploads\/2025\/10\/287_a-2048x1275.jpg","2048x2048-width":2048,"2048x2048-height":1275,"v_medium":"https:\/\/veritas.art\/wp-content\/uploads\/2025\/10\/287_a-640x399.jpg","v_medium-width":640,"v_medium-height":399,"gform-image-choice-sm":"https:\/\/veritas.art\/wp-content\/uploads\/2025\/10\/287_a-scaled.jpg","gform-image-choice-sm-width":300,"gform-image-choice-sm-height":187,"gform-image-choice-md":"https:\/\/veritas.art\/wp-content\/uploads\/2025\/10\/287_a-scaled.jpg","gform-image-choice-md-width":400,"gform-image-choice-md-height":249,"gform-image-choice-lg":"https:\/\/veritas.art\/wp-content\/uploads\/2025\/10\/287_a-scaled.jpg","gform-image-choice-lg-width":600,"gform-image-choice-lg-height":374}},"is_video":false,"video_source":"","video_id":"","use_video_thumbnail":true},{"image":{"ID":353848,"id":353848,"title":"153_287_b","filename":"287_b-scaled.jpg","filesize":1309337,"url":"https:\/\/veritas.art\/wp-content\/uploads\/2025\/10\/287_b-scaled.jpg","link":"https:\/\/veritas.art\/en\/lot\/escola-europeia-sec-xix-1228418197\/153_287_b\/","alt":"","author":"44","description":"","caption":"","name":"153_287_b","status":"inherit","uploaded_to":351546,"date":"2025-10-03 15:09:31","modified":"2025-10-03 15:09:48","menu_order":0,"mime_type":"image\/jpeg","type":"image","subtype":"jpeg","icon":"https:\/\/veritas.art\/wp-includes\/images\/media\/default.png","width":2560,"height":1708,"sizes":{"thumbnail":"https:\/\/veritas.art\/wp-content\/uploads\/2025\/10\/287_b-150x150.jpg","thumbnail-width":150,"thumbnail-height":150,"medium":"https:\/\/veritas.art\/wp-content\/uploads\/2025\/10\/287_b-scaled.jpg","medium-width":300,"medium-height":200,"medium_large":"https:\/\/veritas.art\/wp-content\/uploads\/2025\/10\/287_b-scaled.jpg","medium_large-width":768,"medium_large-height":512,"large":"https:\/\/veritas.art\/wp-content\/uploads\/2025\/10\/287_b-scaled.jpg","large-width":1024,"large-height":683,"1536x1536":"https:\/\/veritas.art\/wp-content\/uploads\/2025\/10\/287_b-1536x1025.jpg","1536x1536-width":1536,"1536x1536-height":1025,"2048x2048":"https:\/\/veritas.art\/wp-content\/uploads\/2025\/10\/287_b-2048x1367.jpg","2048x2048-width":2048,"2048x2048-height":1367,"v_medium":"https:\/\/veritas.art\/wp-content\/uploads\/2025\/10\/287_b-640x427.jpg","v_medium-width":640,"v_medium-height":427,"gform-image-choice-sm":"https:\/\/veritas.art\/wp-content\/uploads\/2025\/10\/287_b-scaled.jpg","gform-image-choice-sm-width":300,"gform-image-choice-sm-height":200,"gform-image-choice-md":"https:\/\/veritas.art\/wp-content\/uploads\/2025\/10\/287_b-scaled.jpg","gform-image-choice-md-width":400,"gform-image-choice-md-height":267,"gform-image-choice-lg":"https:\/\/veritas.art\/wp-content\/uploads\/2025\/10\/287_b-scaled.jpg","gform-image-choice-lg-width":600,"gform-image-choice-lg-height":400}},"is_video":false,"video_source":"","video_id":"","use_video_thumbnail":true},{"image":{"ID":353850,"id":353850,"title":"153_287_d","filename":"287_d-scaled.jpg","filesize":1608506,"url":"https:\/\/veritas.art\/wp-content\/uploads\/2025\/10\/287_d-scaled.jpg","link":"https:\/\/veritas.art\/en\/lot\/escola-europeia-sec-xix-1228418197\/153_287_d\/","alt":"","author":"44","description":"","caption":"","name":"153_287_d","status":"inherit","uploaded_to":351546,"date":"2025-10-03 15:09:51","modified":"2025-10-03 15:10:02","menu_order":0,"mime_type":"image\/jpeg","type":"image","subtype":"jpeg","icon":"https:\/\/veritas.art\/wp-includes\/images\/media\/default.png","width":2560,"height":1709,"sizes":{"thumbnail":"https:\/\/veritas.art\/wp-content\/uploads\/2025\/10\/287_d-150x150.jpg","thumbnail-width":150,"thumbnail-height":150,"medium":"https:\/\/veritas.art\/wp-content\/uploads\/2025\/10\/287_d-scaled.jpg","medium-width":300,"medium-height":200,"medium_large":"https:\/\/veritas.art\/wp-content\/uploads\/2025\/10\/287_d-scaled.jpg","medium_large-width":768,"medium_large-height":513,"large":"https:\/\/veritas.art\/wp-content\/uploads\/2025\/10\/287_d-scaled.jpg","large-width":1024,"large-height":684,"1536x1536":"https:\/\/veritas.art\/wp-content\/uploads\/2025\/10\/287_d-1536x1025.jpg","1536x1536-width":1536,"1536x1536-height":1025,"2048x2048":"https:\/\/veritas.art\/wp-content\/uploads\/2025\/10\/287_d-2048x1367.jpg","2048x2048-width":2048,"2048x2048-height":1367,"v_medium":"https:\/\/veritas.art\/wp-content\/uploads\/2025\/10\/287_d-640x427.jpg","v_medium-width":640,"v_medium-height":427,"gform-image-choice-sm":"https:\/\/veritas.art\/wp-content\/uploads\/2025\/10\/287_d-scaled.jpg","gform-image-choice-sm-width":300,"gform-image-choice-sm-height":200,"gform-image-choice-md":"https:\/\/veritas.art\/wp-content\/uploads\/2025\/10\/287_d-scaled.jpg","gform-image-choice-md-width":400,"gform-image-choice-md-height":267,"gform-image-choice-lg":"https:\/\/veritas.art\/wp-content\/uploads\/2025\/10\/287_d-scaled.jpg","gform-image-choice-lg-width":600,"gform-image-choice-lg-height":401}},"is_video":false,"video_source":"","video_id":"","use_video_thumbnail":true},{"image":{"ID":353852,"id":353852,"title":"153_287_e","filename":"287_e-scaled.jpg","filesize":1464716,"url":"https:\/\/veritas.art\/wp-content\/uploads\/2025\/10\/287_e-scaled.jpg","link":"https:\/\/veritas.art\/en\/lot\/escola-europeia-sec-xix-1228418197\/153_287_e\/","alt":"","author":"44","description":"","caption":"","name":"153_287_e","status":"inherit","uploaded_to":351546,"date":"2025-10-03 15:10:05","modified":"2025-10-03 15:10:16","menu_order":0,"mime_type":"image\/jpeg","type":"image","subtype":"jpeg","icon":"https:\/\/veritas.art\/wp-includes\/images\/media\/default.png","width":2560,"height":1709,"sizes":{"thumbnail":"https:\/\/veritas.art\/wp-content\/uploads\/2025\/10\/287_e-150x150.jpg","thumbnail-width":150,"thumbnail-height":150,"medium":"https:\/\/veritas.art\/wp-content\/uploads\/2025\/10\/287_e-scaled.jpg","medium-width":300,"medium-height":200,"medium_large":"https:\/\/veritas.art\/wp-content\/uploads\/2025\/10\/287_e-scaled.jpg","medium_large-width":768,"medium_large-height":513,"large":"https:\/\/veritas.art\/wp-content\/uploads\/2025\/10\/287_e-scaled.jpg","large-width":1024,"large-height":684,"1536x1536":"https:\/\/veritas.art\/wp-content\/uploads\/2025\/10\/287_e-1536x1025.jpg","1536x1536-width":1536,"1536x1536-height":1025,"2048x2048":"https:\/\/veritas.art\/wp-content\/uploads\/2025\/10\/287_e-2048x1367.jpg","2048x2048-width":2048,"2048x2048-height":1367,"v_medium":"https:\/\/veritas.art\/wp-content\/uploads\/2025\/10\/287_e-640x427.jpg","v_medium-width":640,"v_medium-height":427,"gform-image-choice-sm":"https:\/\/veritas.art\/wp-content\/uploads\/2025\/10\/287_e-scaled.jpg","gform-image-choice-sm-width":300,"gform-image-choice-sm-height":200,"gform-image-choice-md":"https:\/\/veritas.art\/wp-content\/uploads\/2025\/10\/287_e-scaled.jpg","gform-image-choice-md-width":400,"gform-image-choice-md-height":267,"gform-image-choice-lg":"https:\/\/veritas.art\/wp-content\/uploads\/2025\/10\/287_e-scaled.jpg","gform-image-choice-lg-width":600,"gform-image-choice-lg-height":401}},"is_video":false,"video_source":"","video_id":"","use_video_thumbnail":true},{"image":{"ID":353854,"id":353854,"title":"153_287_f","filename":"287_f-scaled.jpg","filesize":1555478,"url":"https:\/\/veritas.art\/wp-content\/uploads\/2025\/10\/287_f-scaled.jpg","link":"https:\/\/veritas.art\/en\/lot\/escola-europeia-sec-xix-1228418197\/153_287_f\/","alt":"","author":"44","description":"","caption":"","name":"153_287_f","status":"inherit","uploaded_to":351546,"date":"2025-10-03 15:10:19","modified":"2025-10-03 15:10:30","menu_order":0,"mime_type":"image\/jpeg","type":"image","subtype":"jpeg","icon":"https:\/\/veritas.art\/wp-includes\/images\/media\/default.png","width":2560,"height":1709,"sizes":{"thumbnail":"https:\/\/veritas.art\/wp-content\/uploads\/2025\/10\/287_f-150x150.jpg","thumbnail-width":150,"thumbnail-height":150,"medium":"https:\/\/veritas.art\/wp-content\/uploads\/2025\/10\/287_f-scaled.jpg","medium-width":300,"medium-height":200,"medium_large":"https:\/\/veritas.art\/wp-content\/uploads\/2025\/10\/287_f-scaled.jpg","medium_large-width":768,"medium_large-height":513,"large":"https:\/\/veritas.art\/wp-content\/uploads\/2025\/10\/287_f-scaled.jpg","large-width":1024,"large-height":684,"1536x1536":"https:\/\/veritas.art\/wp-content\/uploads\/2025\/10\/287_f-1536x1025.jpg","1536x1536-width":1536,"1536x1536-height":1025,"2048x2048":"https:\/\/veritas.art\/wp-content\/uploads\/2025\/10\/287_f-2048x1367.jpg","2048x2048-width":2048,"2048x2048-height":1367,"v_medium":"https:\/\/veritas.art\/wp-content\/uploads\/2025\/10\/287_f-640x427.jpg","v_medium-width":640,"v_medium-height":427,"gform-image-choice-sm":"https:\/\/veritas.art\/wp-content\/uploads\/2025\/10\/287_f-scaled.jpg","gform-image-choice-sm-width":300,"gform-image-choice-sm-height":200,"gform-image-choice-md":"https:\/\/veritas.art\/wp-content\/uploads\/2025\/10\/287_f-scaled.jpg","gform-image-choice-md-width":400,"gform-image-choice-md-height":267,"gform-image-choice-lg":"https:\/\/veritas.art\/wp-content\/uploads\/2025\/10\/287_f-scaled.jpg","gform-image-choice-lg-width":600,"gform-image-choice-lg-height":401}},"is_video":false,"video_source":"","video_id":"","use_video_thumbnail":true},{"image":{"ID":355908,"id":355908,"title":"153_287b","filename":"287b-scaled.jpg","filesize":1309337,"url":"https:\/\/veritas.art\/wp-content\/uploads\/2025\/10\/287b-scaled.jpg","link":"https:\/\/veritas.art\/en\/lot\/escola-europeia-sec-xix-1228418197\/153_287b\/","alt":"","author":"44","description":"","caption":"","name":"153_287b","status":"inherit","uploaded_to":351546,"date":"2025-10-03 19:48:04","modified":"2025-10-03 19:48:16","menu_order":0,"mime_type":"image\/jpeg","type":"image","subtype":"jpeg","icon":"https:\/\/veritas.art\/wp-includes\/images\/media\/default.png","width":2560,"height":1708,"sizes":{"thumbnail":"https:\/\/veritas.art\/wp-content\/uploads\/2025\/10\/287b-150x150.jpg","thumbnail-width":150,"thumbnail-height":150,"medium":"https:\/\/veritas.art\/wp-content\/uploads\/2025\/10\/287b-scaled.jpg","medium-width":300,"medium-height":200,"medium_large":"https:\/\/veritas.art\/wp-content\/uploads\/2025\/10\/287b-scaled.jpg","medium_large-width":768,"medium_large-height":512,"large":"https:\/\/veritas.art\/wp-content\/uploads\/2025\/10\/287b-scaled.jpg","large-width":1024,"large-height":683,"1536x1536":"https:\/\/veritas.art\/wp-content\/uploads\/2025\/10\/287b-1536x1025.jpg","1536x1536-width":1536,"1536x1536-height":1025,"2048x2048":"https:\/\/veritas.art\/wp-content\/uploads\/2025\/10\/287b-2048x1367.jpg","2048x2048-width":2048,"2048x2048-height":1367,"v_medium":"https:\/\/veritas.art\/wp-content\/uploads\/2025\/10\/287b-640x427.jpg","v_medium-width":640,"v_medium-height":427,"gform-image-choice-sm":"https:\/\/veritas.art\/wp-content\/uploads\/2025\/10\/287b-scaled.jpg","gform-image-choice-sm-width":300,"gform-image-choice-sm-height":200,"gform-image-choice-md":"https:\/\/veritas.art\/wp-content\/uploads\/2025\/10\/287b-scaled.jpg","gform-image-choice-md-width":400,"gform-image-choice-md-height":267,"gform-image-choice-lg":"https:\/\/veritas.art\/wp-content\/uploads\/2025\/10\/287b-scaled.jpg","gform-image-choice-lg-width":600,"gform-image-choice-lg-height":400}},"is_video":false,"video_source":"","video_id":"","use_video_thumbnail":true},{"image":{"ID":355910,"id":355910,"title":"153_287c","filename":"287c-scaled.jpg","filesize":1323097,"url":"https:\/\/veritas.art\/wp-content\/uploads\/2025\/10\/287c-scaled.jpg","link":"https:\/\/veritas.art\/en\/lot\/escola-europeia-sec-xix-1228418197\/153_287c\/","alt":"","author":"44","description":"","caption":"","name":"153_287c","status":"inherit","uploaded_to":351546,"date":"2025-10-03 19:48:19","modified":"2025-10-03 19:48:32","menu_order":0,"mime_type":"image\/jpeg","type":"image","subtype":"jpeg","icon":"https:\/\/veritas.art\/wp-includes\/images\/media\/default.png","width":2560,"height":1709,"sizes":{"thumbnail":"https:\/\/veritas.art\/wp-content\/uploads\/2025\/10\/287c-150x150.jpg","thumbnail-width":150,"thumbnail-height":150,"medium":"https:\/\/veritas.art\/wp-content\/uploads\/2025\/10\/287c-scaled.jpg","medium-width":300,"medium-height":200,"medium_large":"https:\/\/veritas.art\/wp-content\/uploads\/2025\/10\/287c-scaled.jpg","medium_large-width":768,"medium_large-height":513,"large":"https:\/\/veritas.art\/wp-content\/uploads\/2025\/10\/287c-scaled.jpg","large-width":1024,"large-height":684,"1536x1536":"https:\/\/veritas.art\/wp-content\/uploads\/2025\/10\/287c-1536x1025.jpg","1536x1536-width":1536,"1536x1536-height":1025,"2048x2048":"https:\/\/veritas.art\/wp-content\/uploads\/2025\/10\/287c-2048x1367.jpg","2048x2048-width":2048,"2048x2048-height":1367,"v_medium":"https:\/\/veritas.art\/wp-content\/uploads\/2025\/10\/287c-640x427.jpg","v_medium-width":640,"v_medium-height":427,"gform-image-choice-sm":"https:\/\/veritas.art\/wp-content\/uploads\/2025\/10\/287c-scaled.jpg","gform-image-choice-sm-width":300,"gform-image-choice-sm-height":200,"gform-image-choice-md":"https:\/\/veritas.art\/wp-content\/uploads\/2025\/10\/287c-scaled.jpg","gform-image-choice-md-width":400,"gform-image-choice-md-height":267,"gform-image-choice-lg":"https:\/\/veritas.art\/wp-content\/uploads\/2025\/10\/287c-scaled.jpg","gform-image-choice-lg-width":600,"gform-image-choice-lg-height":401}},"is_video":false,"video_source":"","video_id":"","use_video_thumbnail":true},{"image":{"ID":353856,"id":353856,"title":"153_287c_c","filename":"287c_c-scaled.jpg","filesize":1323097,"url":"https:\/\/veritas.art\/wp-content\/uploads\/2025\/10\/287c_c-scaled.jpg","link":"https:\/\/veritas.art\/en\/lot\/escola-europeia-sec-xix-1228418197\/153_287c_c\/","alt":"","author":"44","description":"","caption":"","name":"153_287c_c","status":"inherit","uploaded_to":351546,"date":"2025-10-03 15:10:33","modified":"2025-10-03 15:10:44","menu_order":0,"mime_type":"image\/jpeg","type":"image","subtype":"jpeg","icon":"https:\/\/veritas.art\/wp-includes\/images\/media\/default.png","width":2560,"height":1709,"sizes":{"thumbnail":"https:\/\/veritas.art\/wp-content\/uploads\/2025\/10\/287c_c-150x150.jpg","thumbnail-width":150,"thumbnail-height":150,"medium":"https:\/\/veritas.art\/wp-content\/uploads\/2025\/10\/287c_c-scaled.jpg","medium-width":300,"medium-height":200,"medium_large":"https:\/\/veritas.art\/wp-content\/uploads\/2025\/10\/287c_c-scaled.jpg","medium_large-width":768,"medium_large-height":513,"large":"https:\/\/veritas.art\/wp-content\/uploads\/2025\/10\/287c_c-scaled.jpg","large-width":1024,"large-height":684,"1536x1536":"https:\/\/veritas.art\/wp-content\/uploads\/2025\/10\/287c_c-1536x1025.jpg","1536x1536-width":1536,"1536x1536-height":1025,"2048x2048":"https:\/\/veritas.art\/wp-content\/uploads\/2025\/10\/287c_c-2048x1367.jpg","2048x2048-width":2048,"2048x2048-height":1367,"v_medium":"https:\/\/veritas.art\/wp-content\/uploads\/2025\/10\/287c_c-640x427.jpg","v_medium-width":640,"v_medium-height":427,"gform-image-choice-sm":"https:\/\/veritas.art\/wp-content\/uploads\/2025\/10\/287c_c-scaled.jpg","gform-image-choice-sm-width":300,"gform-image-choice-sm-height":200,"gform-image-choice-md":"https:\/\/veritas.art\/wp-content\/uploads\/2025\/10\/287c_c-scaled.jpg","gform-image-choice-md-width":400,"gform-image-choice-md-height":267,"gform-image-choice-lg":"https:\/\/veritas.art\/wp-content\/uploads\/2025\/10\/287c_c-scaled.jpg","gform-image-choice-lg-width":600,"gform-image-choice-lg-height":401}},"is_video":false,"video_source":"","video_id":"","use_video_thumbnail":true},{"image":{"ID":355912,"id":355912,"title":"153_287d","filename":"287d-scaled.jpg","filesize":1608506,"url":"https:\/\/veritas.art\/wp-content\/uploads\/2025\/10\/287d-scaled.jpg","link":"https:\/\/veritas.art\/en\/lot\/escola-europeia-sec-xix-1228418197\/153_287d\/","alt":"","author":"44","description":"","caption":"","name":"153_287d","status":"inherit","uploaded_to":351546,"date":"2025-10-03 19:48:36","modified":"2025-10-03 19:48:48","menu_order":0,"mime_type":"image\/jpeg","type":"image","subtype":"jpeg","icon":"https:\/\/veritas.art\/wp-includes\/images\/media\/default.png","width":2560,"height":1709,"sizes":{"thumbnail":"https:\/\/veritas.art\/wp-content\/uploads\/2025\/10\/287d-150x150.jpg","thumbnail-width":150,"thumbnail-height":150,"medium":"https:\/\/veritas.art\/wp-content\/uploads\/2025\/10\/287d-scaled.jpg","medium-width":300,"medium-height":200,"medium_large":"https:\/\/veritas.art\/wp-content\/uploads\/2025\/10\/287d-scaled.jpg","medium_large-width":768,"medium_large-height":513,"large":"https:\/\/veritas.art\/wp-content\/uploads\/2025\/10\/287d-scaled.jpg","large-width":1024,"large-height":684,"1536x1536":"https:\/\/veritas.art\/wp-content\/uploads\/2025\/10\/287d-1536x1025.jpg","1536x1536-width":1536,"1536x1536-height":1025,"2048x2048":"https:\/\/veritas.art\/wp-content\/uploads\/2025\/10\/287d-2048x1367.jpg","2048x2048-width":2048,"2048x2048-height":1367,"v_medium":"https:\/\/veritas.art\/wp-content\/uploads\/2025\/10\/287d-640x427.jpg","v_medium-width":640,"v_medium-height":427,"gform-image-choice-sm":"https:\/\/veritas.art\/wp-content\/uploads\/2025\/10\/287d-scaled.jpg","gform-image-choice-sm-width":300,"gform-image-choice-sm-height":200,"gform-image-choice-md":"https:\/\/veritas.art\/wp-content\/uploads\/2025\/10\/287d-scaled.jpg","gform-image-choice-md-width":400,"gform-image-choice-md-height":267,"gform-image-choice-lg":"https:\/\/veritas.art\/wp-content\/uploads\/2025\/10\/287d-scaled.jpg","gform-image-choice-lg-width":600,"gform-image-choice-lg-height":401}},"is_video":false,"video_source":"","video_id":"","use_video_thumbnail":true},{"image":{"ID":355914,"id":355914,"title":"153_287e","filename":"287e-scaled.jpg","filesize":1464716,"url":"https:\/\/veritas.art\/wp-content\/uploads\/2025\/10\/287e-scaled.jpg","link":"https:\/\/veritas.art\/en\/lot\/escola-europeia-sec-xix-1228418197\/153_287e\/","alt":"","author":"44","description":"","caption":"","name":"153_287e","status":"inherit","uploaded_to":351546,"date":"2025-10-03 19:48:51","modified":"2025-10-03 19:48:59","menu_order":0,"mime_type":"image\/jpeg","type":"image","subtype":"jpeg","icon":"https:\/\/veritas.art\/wp-includes\/images\/media\/default.png","width":2560,"height":1709,"sizes":{"thumbnail":"https:\/\/veritas.art\/wp-content\/uploads\/2025\/10\/287e-150x150.jpg","thumbnail-width":150,"thumbnail-height":150,"medium":"https:\/\/veritas.art\/wp-content\/uploads\/2025\/10\/287e-scaled.jpg","medium-width":300,"medium-height":200,"medium_large":"https:\/\/veritas.art\/wp-content\/uploads\/2025\/10\/287e-scaled.jpg","medium_large-width":768,"medium_large-height":513,"large":"https:\/\/veritas.art\/wp-content\/uploads\/2025\/10\/287e-scaled.jpg","large-width":1024,"large-height":684,"1536x1536":"https:\/\/veritas.art\/wp-content\/uploads\/2025\/10\/287e-1536x1025.jpg","1536x1536-width":1536,"1536x1536-height":1025,"2048x2048":"https:\/\/veritas.art\/wp-content\/uploads\/2025\/10\/287e-2048x1367.jpg","2048x2048-width":2048,"2048x2048-height":1367,"v_medium":"https:\/\/veritas.art\/wp-content\/uploads\/2025\/10\/287e-640x427.jpg","v_medium-width":640,"v_medium-height":427,"gform-image-choice-sm":"https:\/\/veritas.art\/wp-content\/uploads\/2025\/10\/287e-scaled.jpg","gform-image-choice-sm-width":300,"gform-image-choice-sm-height":200,"gform-image-choice-md":"https:\/\/veritas.art\/wp-content\/uploads\/2025\/10\/287e-scaled.jpg","gform-image-choice-md-width":400,"gform-image-choice-md-height":267,"gform-image-choice-lg":"https:\/\/veritas.art\/wp-content\/uploads\/2025\/10\/287e-scaled.jpg","gform-image-choice-lg-width":600,"gform-image-choice-lg-height":401}},"is_video":false,"video_source":"","video_id":"","use_video_thumbnail":true},{"image":{"ID":355916,"id":355916,"title":"153_287f","filename":"287f-scaled.jpg","filesize":1555478,"url":"https:\/\/veritas.art\/wp-content\/uploads\/2025\/10\/287f-scaled.jpg","link":"https:\/\/veritas.art\/en\/lot\/escola-europeia-sec-xix-1228418197\/153_287f\/","alt":"","author":"44","description":"","caption":"","name":"153_287f","status":"inherit","uploaded_to":351546,"date":"2025-10-03 19:49:01","modified":"2025-10-03 19:49:14","menu_order":0,"mime_type":"image\/jpeg","type":"image","subtype":"jpeg","icon":"https:\/\/veritas.art\/wp-includes\/images\/media\/default.png","width":2560,"height":1709,"sizes":{"thumbnail":"https:\/\/veritas.art\/wp-content\/uploads\/2025\/10\/287f-150x150.jpg","thumbnail-width":150,"thumbnail-height":150,"medium":"https:\/\/veritas.art\/wp-content\/uploads\/2025\/10\/287f-scaled.jpg","medium-width":300,"medium-height":200,"medium_large":"https:\/\/veritas.art\/wp-content\/uploads\/2025\/10\/287f-scaled.jpg","medium_large-width":768,"medium_large-height":513,"large":"https:\/\/veritas.art\/wp-content\/uploads\/2025\/10\/287f-scaled.jpg","large-width":1024,"large-height":684,"1536x1536":"https:\/\/veritas.art\/wp-content\/uploads\/2025\/10\/287f-1536x1025.jpg","1536x1536-width":1536,"1536x1536-height":1025,"2048x2048":"https:\/\/veritas.art\/wp-content\/uploads\/2025\/10\/287f-2048x1367.jpg","2048x2048-width":2048,"2048x2048-height":1367,"v_medium":"https:\/\/veritas.art\/wp-content\/uploads\/2025\/10\/287f-640x427.jpg","v_medium-width":640,"v_medium-height":427,"gform-image-choice-sm":"https:\/\/veritas.art\/wp-content\/uploads\/2025\/10\/287f-scaled.jpg","gform-image-choice-sm-width":300,"gform-image-choice-sm-height":200,"gform-image-choice-md":"https:\/\/veritas.art\/wp-content\/uploads\/2025\/10\/287f-scaled.jpg","gform-image-choice-md-width":400,"gform-image-choice-md-height":267,"gform-image-choice-lg":"https:\/\/veritas.art\/wp-content\/uploads\/2025\/10\/287f-scaled.jpg","gform-image-choice-lg-width":600,"gform-image-choice-lg-height":401}},"is_video":false,"video_source":"","video_id":"","use_video_thumbnail":true}],"show_in_withdrawn_lots":true},"_links":{"self":[{"href":"https:\/\/veritas.art\/en\/wp-json\/wp\/v2\/lot\/351547","targetHints":{"allow":["GET"]}}],"collection":[{"href":"https:\/\/veritas.art\/en\/wp-json\/wp\/v2\/lot"}],"about":[{"href":"https:\/\/veritas.art\/en\/wp-json\/wp\/v2\/types\/lot"}],"wp:featuredmedia":[{"embeddable":true,"href":"https:\/\/veritas.art\/en\/wp-json\/wp\/v2\/media\/355906"}],"wp:attachment":[{"href":"https:\/\/veritas.art\/en\/wp-json\/wp\/v2\/media?parent=351547"}],"wp:term":[{"taxonomy":"category","embeddable":true,"href":"https:\/\/veritas.art\/en\/wp-json\/wp\/v2\/categories?post=351547"}],"curies":[{"name":"wp","href":"https:\/\/api.w.org\/{rel}","templated":true}]}}