{"id":268054,"date":"2023-04-18T17:37:08","date_gmt":"2023-04-18T17:37:08","guid":{"rendered":"https:\/\/veritas.art\/lot\/triano-de-parada-jose-joaquinexposicion-genealogica-y-cronologica-de-los-caballeros-curados-de-lucena-sus-distincciones-empleos-y-enlazes-518914202\/"},"modified":"2023-04-18T17:37:08","modified_gmt":"2023-04-18T17:37:08","slug":"triano-de-parada-jose-joaquinexposicion-genealogica-y-cronologica-de-los-caballeros-curados-de-lucena-sus-distincciones-empleos-y-enlazes-518914202","status":"publish","type":"lot","link":"https:\/\/veritas.art\/en\/lot\/triano-de-parada-jose-joaquinexposicion-genealogica-y-cronologica-de-los-caballeros-curados-de-lucena-sus-distincciones-empleos-y-enlazes-518914202\/","title":{"rendered":"[Auction 127] Lot 569 &#8211; TRIANO DE PARADA, Jos\u00e9 Joaqu\u00edn,\nExposicion genealogica y cronologica de los caballeros curados de Lucena, sus distincciones, empleos, y enlazes: (&#8230;)"},"content":{"rendered":"Ecija : En la Oficina de Benito Daza, 1783.- [8], 158, [2] p. : (6 fol. desdobr) : il. (2 grav.) : (29 cm) : enc. Bom exemplar, com uma pequena galeria de tra\u00e7a, na margem interior \u00e0 cabe\u00e7a, atravessando todo o volume, afectando algumas letras dos f\u00f3lios desdobr\u00e1veis. Ex-l\u00edbris manuscrito na p\u00e1gina de rosto, datado de 1798. Encaderna\u00e7\u00e3o de \u00e9poca, inteira de pergaminho flex\u00edvel com vest\u00edgios dos fechos, corte das folhas marmoreado, com falta das guardas. Genealogia dos marqueses de Torreblanca, ilustrado com duas gravuras e seis \u00e1rvores geneal\u00f3gicas desdobr\u00e1veis. Pouco vulgar. Palau, 340500. ","protected":false},"featured_media":269587,"template":"","categories":[63],"class_list":["post-268054","lot","type-lot","status-publish","has-post-thumbnail","hentry","category-books-and-manuscripts"],"acf":{"auction_number":"127","number":"569","ref":"569","letter":"0","hammer_value":"270","show_hammer_value":true,"estimation_min":"250","estimation_max":"","price_on_request":false,"author":false,"auction":{"ID":266861,"post_author":"44","post_date":"2023-04-05 17:14:29","post_date_gmt":"2023-04-05 17:14:29","post_content":"","post_title":"Auction 127 - Books and Manuscripts","post_excerpt":"","post_status":"publish","comment_status":"closed","ping_status":"closed","post_password":"","post_name":"auction-127-books-and-manuscripts","to_ping":"","pinged":"","post_modified":"2023-05-08 10:54:41","post_modified_gmt":"2023-05-08 10:54:41","post_content_filtered":"","post_parent":0,"guid":"https:\/\/veritas.art\/?post_type=auction&#038;p=266861","menu_order":0,"post_type":"auction","post_mime_type":"","comment_count":"0","filter":"raw"},"name":"TRIANO DE PARADA, Jos\u00e9 Joaqu\u00edn,\nExposicion genealogica y cronologica de los caballeros curados de Lucena, sus distincciones, empleos, y enlazes: (...) ","dimensions":"","description":"Ecija : En la Oficina de Benito Daza, 1783.- [8], 158, [2] p. : (6 fol. desdobr) : il. (2 grav.) : (29 cm) : enc. Bom exemplar, com uma pequena galeria de tra\u00e7a, na margem interior \u00e0 cabe\u00e7a, atravessando todo o volume, afectando algumas letras dos f\u00f3lios desdobr\u00e1veis. Ex-l\u00edbris manuscrito na p\u00e1gina de rosto, datado de 1798. Encaderna\u00e7\u00e3o de \u00e9poca, inteira de pergaminho flex\u00edvel com vest\u00edgios dos fechos, corte das folhas marmoreado, com falta das guardas. Genealogia dos marqueses de Torreblanca, ilustrado com duas gravuras e seis \u00e1rvores geneal\u00f3gicas desdobr\u00e1veis. Pouco vulgar. Palau, 340500. ","additional_info":false,"tags":"Books and Manuscripts","auction_session":"2","gallery":[{"image":{"ID":269587,"id":269587,"title":"127_569","filename":"569.jpg","filesize":7554779,"url":"https:\/\/veritas.art\/wp-content\/uploads\/2023\/04\/569.jpg","link":"https:\/\/veritas.art\/en\/lot\/triano-de-parada-jose-joaquinexposicion-genealogica-y-cronologica-de-los-caballeros-curados-de-lucena-sus-distincciones-empleos-y-enlazes-1324737451\/127_569\/","alt":"","author":"44","description":"","caption":"","name":"127_569","status":"inherit","uploaded_to":268053,"date":"2023-04-19 17:10:24","modified":"2023-04-19 17:10:27","menu_order":0,"mime_type":"image\/jpeg","type":"image","subtype":"jpeg","icon":"https:\/\/veritas.art\/wp-includes\/images\/media\/default.png","width":6763,"height":4457,"sizes":{"thumbnail":"https:\/\/veritas.art\/wp-content\/uploads\/2023\/04\/569-150x150.jpg","thumbnail-width":150,"thumbnail-height":150,"medium":"https:\/\/veritas.art\/wp-content\/uploads\/2023\/04\/569.jpg","medium-width":300,"medium-height":198,"medium_large":"https:\/\/veritas.art\/wp-content\/uploads\/2023\/04\/569.jpg","medium_large-width":768,"medium_large-height":506,"large":"https:\/\/veritas.art\/wp-content\/uploads\/2023\/04\/569.jpg","large-width":1024,"large-height":675,"1536x1536":"https:\/\/veritas.art\/wp-content\/uploads\/2023\/04\/569.jpg","1536x1536-width":1536,"1536x1536-height":1012,"2048x2048":"https:\/\/veritas.art\/wp-content\/uploads\/2023\/04\/569.jpg","2048x2048-width":2048,"2048x2048-height":1350,"v_medium":"https:\/\/veritas.art\/wp-content\/uploads\/2023\/04\/569-640x422.jpg","v_medium-width":640,"v_medium-height":422,"gform-image-choice-sm":"https:\/\/veritas.art\/wp-content\/uploads\/2023\/04\/569.jpg","gform-image-choice-sm-width":300,"gform-image-choice-sm-height":198,"gform-image-choice-md":"https:\/\/veritas.art\/wp-content\/uploads\/2023\/04\/569.jpg","gform-image-choice-md-width":400,"gform-image-choice-md-height":264,"gform-image-choice-lg":"https:\/\/veritas.art\/wp-content\/uploads\/2023\/04\/569.jpg","gform-image-choice-lg-width":600,"gform-image-choice-lg-height":395}},"is_video":false,"video_source":"","video_id":"","use_video_thumbnail":true},{"image":{"ID":269589,"id":269589,"title":"127_569a","filename":"569a.jpg","filesize":9889673,"url":"https:\/\/veritas.art\/wp-content\/uploads\/2023\/04\/569a.jpg","link":"https:\/\/veritas.art\/en\/lot\/triano-de-parada-jose-joaquinexposicion-genealogica-y-cronologica-de-los-caballeros-curados-de-lucena-sus-distincciones-empleos-y-enlazes-1324737451\/127_569a\/","alt":"","author":"44","description":"","caption":"","name":"127_569a","status":"inherit","uploaded_to":268053,"date":"2023-04-19 17:10:29","modified":"2023-04-19 17:10:32","menu_order":0,"mime_type":"image\/jpeg","type":"image","subtype":"jpeg","icon":"https:\/\/veritas.art\/wp-includes\/images\/media\/default.png","width":6981,"height":4721,"sizes":{"thumbnail":"https:\/\/veritas.art\/wp-content\/uploads\/2023\/04\/569a-150x150.jpg","thumbnail-width":150,"thumbnail-height":150,"medium":"https:\/\/veritas.art\/wp-content\/uploads\/2023\/04\/569a.jpg","medium-width":300,"medium-height":203,"medium_large":"https:\/\/veritas.art\/wp-content\/uploads\/2023\/04\/569a.jpg","medium_large-width":768,"medium_large-height":519,"large":"https:\/\/veritas.art\/wp-content\/uploads\/2023\/04\/569a.jpg","large-width":1024,"large-height":692,"1536x1536":"https:\/\/veritas.art\/wp-content\/uploads\/2023\/04\/569a.jpg","1536x1536-width":1536,"1536x1536-height":1039,"2048x2048":"https:\/\/veritas.art\/wp-content\/uploads\/2023\/04\/569a.jpg","2048x2048-width":2048,"2048x2048-height":1385,"v_medium":"https:\/\/veritas.art\/wp-content\/uploads\/2023\/04\/569a-640x433.jpg","v_medium-width":640,"v_medium-height":433,"gform-image-choice-sm":"https:\/\/veritas.art\/wp-content\/uploads\/2023\/04\/569a.jpg","gform-image-choice-sm-width":300,"gform-image-choice-sm-height":203,"gform-image-choice-md":"https:\/\/veritas.art\/wp-content\/uploads\/2023\/04\/569a.jpg","gform-image-choice-md-width":400,"gform-image-choice-md-height":271,"gform-image-choice-lg":"https:\/\/veritas.art\/wp-content\/uploads\/2023\/04\/569a.jpg","gform-image-choice-lg-width":600,"gform-image-choice-lg-height":406}},"is_video":false,"video_source":"","video_id":"","use_video_thumbnail":true},{"image":{"ID":269591,"id":269591,"title":"127_569b","filename":"569b.jpg","filesize":11622196,"url":"https:\/\/veritas.art\/wp-content\/uploads\/2023\/04\/569b.jpg","link":"https:\/\/veritas.art\/en\/lot\/triano-de-parada-jose-joaquinexposicion-genealogica-y-cronologica-de-los-caballeros-curados-de-lucena-sus-distincciones-empleos-y-enlazes-1324737451\/127_569b\/","alt":"","author":"44","description":"","caption":"","name":"127_569b","status":"inherit","uploaded_to":268053,"date":"2023-04-19 17:10:35","modified":"2023-04-19 17:10:38","menu_order":0,"mime_type":"image\/jpeg","type":"image","subtype":"jpeg","icon":"https:\/\/veritas.art\/wp-includes\/images\/media\/default.png","width":4820,"height":5996,"sizes":{"thumbnail":"https:\/\/veritas.art\/wp-content\/uploads\/2023\/04\/569b-150x150.jpg","thumbnail-width":150,"thumbnail-height":150,"medium":"https:\/\/veritas.art\/wp-content\/uploads\/2023\/04\/569b.jpg","medium-width":241,"medium-height":300,"medium_large":"https:\/\/veritas.art\/wp-content\/uploads\/2023\/04\/569b.jpg","medium_large-width":768,"medium_large-height":955,"large":"https:\/\/veritas.art\/wp-content\/uploads\/2023\/04\/569b.jpg","large-width":823,"large-height":1024,"1536x1536":"https:\/\/veritas.art\/wp-content\/uploads\/2023\/04\/569b.jpg","1536x1536-width":1235,"1536x1536-height":1536,"2048x2048":"https:\/\/veritas.art\/wp-content\/uploads\/2023\/04\/569b.jpg","2048x2048-width":1646,"2048x2048-height":2048,"v_medium":"https:\/\/veritas.art\/wp-content\/uploads\/2023\/04\/569b-640x796.jpg","v_medium-width":640,"v_medium-height":796,"gform-image-choice-sm":"https:\/\/veritas.art\/wp-content\/uploads\/2023\/04\/569b.jpg","gform-image-choice-sm-width":241,"gform-image-choice-sm-height":300,"gform-image-choice-md":"https:\/\/veritas.art\/wp-content\/uploads\/2023\/04\/569b.jpg","gform-image-choice-md-width":322,"gform-image-choice-md-height":400,"gform-image-choice-lg":"https:\/\/veritas.art\/wp-content\/uploads\/2023\/04\/569b.jpg","gform-image-choice-lg-width":482,"gform-image-choice-lg-height":600}},"is_video":false,"video_source":"","video_id":"","use_video_thumbnail":true},{"image":{"ID":269593,"id":269593,"title":"127_569c","filename":"569c.jpg","filesize":11322293,"url":"https:\/\/veritas.art\/wp-content\/uploads\/2023\/04\/569c.jpg","link":"https:\/\/veritas.art\/en\/lot\/triano-de-parada-jose-joaquinexposicion-genealogica-y-cronologica-de-los-caballeros-curados-de-lucena-sus-distincciones-empleos-y-enlazes-1324737451\/127_569c\/","alt":"","author":"44","description":"","caption":"","name":"127_569c","status":"inherit","uploaded_to":268053,"date":"2023-04-19 17:10:43","modified":"2023-04-19 17:10:48","menu_order":0,"mime_type":"image\/jpeg","type":"image","subtype":"jpeg","icon":"https:\/\/veritas.art\/wp-includes\/images\/media\/default.png","width":7010,"height":4687,"sizes":{"thumbnail":"https:\/\/veritas.art\/wp-content\/uploads\/2023\/04\/569c-150x150.jpg","thumbnail-width":150,"thumbnail-height":150,"medium":"https:\/\/veritas.art\/wp-content\/uploads\/2023\/04\/569c.jpg","medium-width":300,"medium-height":201,"medium_large":"https:\/\/veritas.art\/wp-content\/uploads\/2023\/04\/569c.jpg","medium_large-width":768,"medium_large-height":513,"large":"https:\/\/veritas.art\/wp-content\/uploads\/2023\/04\/569c.jpg","large-width":1024,"large-height":685,"1536x1536":"https:\/\/veritas.art\/wp-content\/uploads\/2023\/04\/569c.jpg","1536x1536-width":1536,"1536x1536-height":1027,"2048x2048":"https:\/\/veritas.art\/wp-content\/uploads\/2023\/04\/569c.jpg","2048x2048-width":2048,"2048x2048-height":1369,"v_medium":"https:\/\/veritas.art\/wp-content\/uploads\/2023\/04\/569c-640x428.jpg","v_medium-width":640,"v_medium-height":428,"gform-image-choice-sm":"https:\/\/veritas.art\/wp-content\/uploads\/2023\/04\/569c.jpg","gform-image-choice-sm-width":300,"gform-image-choice-sm-height":201,"gform-image-choice-md":"https:\/\/veritas.art\/wp-content\/uploads\/2023\/04\/569c.jpg","gform-image-choice-md-width":400,"gform-image-choice-md-height":267,"gform-image-choice-lg":"https:\/\/veritas.art\/wp-content\/uploads\/2023\/04\/569c.jpg","gform-image-choice-lg-width":600,"gform-image-choice-lg-height":401}},"is_video":false,"video_source":"","video_id":"","use_video_thumbnail":true}]},"_links":{"self":[{"href":"https:\/\/veritas.art\/en\/wp-json\/wp\/v2\/lot\/268054","targetHints":{"allow":["GET"]}}],"collection":[{"href":"https:\/\/veritas.art\/en\/wp-json\/wp\/v2\/lot"}],"about":[{"href":"https:\/\/veritas.art\/en\/wp-json\/wp\/v2\/types\/lot"}],"wp:featuredmedia":[{"embeddable":true,"href":"https:\/\/veritas.art\/en\/wp-json\/wp\/v2\/media\/269587"}],"wp:attachment":[{"href":"https:\/\/veritas.art\/en\/wp-json\/wp\/v2\/media?parent=268054"}],"wp:term":[{"taxonomy":"category","embeddable":true,"href":"https:\/\/veritas.art\/en\/wp-json\/wp\/v2\/categories?post=268054"}],"curies":[{"name":"wp","href":"https:\/\/api.w.org\/{rel}","templated":true}]}}