{"id":267954,"date":"2023-04-18T17:26:31","date_gmt":"2023-04-18T17:26:31","guid":{"rendered":"https:\/\/veritas.art\/lot\/seara-novaseara-nova-revista-quinzenal-de-doutrina-e-critica-n-o-1-15-out-1921-a-n-o-1598-99-jan-1979-1689867898\/"},"modified":"2023-04-18T17:26:31","modified_gmt":"2023-04-18T17:26:31","slug":"seara-novaseara-nova-revista-quinzenal-de-doutrina-e-critica-n-o-1-15-out-1921-a-n-o-1598-99-jan-1979-1689867898","status":"publish","type":"lot","link":"https:\/\/veritas.art\/en\/lot\/seara-novaseara-nova-revista-quinzenal-de-doutrina-e-critica-n-o-1-15-out-1921-a-n-o-1598-99-jan-1979-1689867898\/","title":{"rendered":"[Auction 127] Lot 519 &#8211; SEARA NOVA\nSeara Nova. Revista quinzenal de doutrina e cr\u00edtica. N.\u00ba 1 (15 out. 1921) a N.\u00ba 1598\/99 (jan. 1979)."},"content":{"rendered":"\nLisboa : Seara Nova, 1921- 1979.- 1599 nr.\u00bas (i.e. 1594) : il. broch. Colec\u00e7\u00e3o, quase, completa de uma das mais importantes revistas portuguesas do s\u00e9culo XX.\nPrimeira s\u00e9rie (a mais representativa) deste famoso peri\u00f3dico, com falta dos n\u00fameros 304; 307; 468 e 1598\/99. Exemplar em bom estado de conserva\u00e7\u00e3o, com cerca de 30 n\u00fameros a substituir por melhores exemplares. Em brochura. Conjunto valioso e raro.\n\nA revista Seara Nova foi o mais importante t\u00edtulo da imprensa peri\u00f3dica portuguesa do s\u00e9culo XX. Palco para a divulga\u00e7\u00e3o de ideias novas, influenciou v\u00e1rias gera\u00e7\u00f5es de leitores. Com um escopo abrangente tocou desde da cultura &#8211; das artes \u00e0 literatura e cr\u00edtica liter\u00e1ria &#8211; \u00e1 pol\u00edtica &#8211; movimentos estudantis, movimentos feministas, direitos humanos, etc. Fundada 1921 por Aquilino Ribeiro, Augusto Casimiro, C\u00e2mara Reys, Faria de Vasconcelos, Ferreira de Macedo, Francisco Ant\u00f3nio Correia, Jaime Cortes\u00e3o, Jos\u00e9 de Azeredo Perdig\u00e3o, Raul Brand\u00e3o e Raul Proen\u00e7a, que foi o seu primeiro director, congregou ao longo dos anos colabora\u00e7\u00f5es das mais relevantes figuras da \u00e9poca.\nLista de colaboradores da Seara Nova\n\u201cAo longo dos seus quase 100 anos de exist\u00eancia a Seara Nova contou com a colabora\u00e7\u00e3o de intelectuais das mais diversas \u00e1reas das ci\u00eancias, das t\u00e9cnicas, artes, letras, da pol\u00edtica, etc. Com obra de refer\u00eancia unanimemente reconhecida, entre outros, colaboraram:\nNA M\u00daSICA:\nCompositores\nFERNANDO LOPES-GRA\u00c7A; JORGE PEIXINHO; LU\u00cdS DE FREITAS BRANCO; EMMANUEL NUNES\nPianista e cr\u00edtica musical\nMARIA DA GRA\u00c7A AMADO DA CUNHA\nMusic\u00f3logos\nM\u00c1RIO VIEIRA DE CARVALHO; FRANCINE BENO\u00ceT; JO\u00c3O DE FREITAS BRANCO; MAC\u00c1RIO SANTIAGO KASTNER\nDivulgadora musical\nMADALENA PERDIG\u00c3O\nNAS ARTES PL\u00c1STICAS:\nArtistas pl\u00e1sticos\nJ\u00daLIO POMAR; JORGE VIEIRA; NIKIAS SKAPINAKIS\nArtista pl\u00e1stica e poeta\nANA HATHERLY\nEnsaio e cr\u00edtica de artes pl\u00e1sticas\nJOS\u00c9 ERNESTO DE SOUSA; JOS\u00c9 AUGUSTO FRAN\u00c7A; M\u00c1RIO DION\u00cdSIO\nHistoriador de arte\nREYNALDO DOS SANTOS\nNAS LETRAS:\nEscritores\nRA\u00daL BRAND\u00c3O; AQUILINO RIBEIRO; FERNANDO NAMORA; RODRIGUES MIGU\u00c9IS; BAPTISTA-BASTOS; VITORINO NEM\u00c9SIO; MANUEL MENDES; JOS\u00c9 SARAMAGO; JOS\u00c9 CARDOSO PIRES; MARIA LAMAS; IRENE LISBOA; JO\u00c3O FALCO (PSEUD\u00d3NIMO); MANUEL SOARES (PSEUD\u00d3NIMO); MARIA MOIRA (PSEUD\u00d3NIMO); LUIZ PACHECO; AUGUSTO ABELAIRA; M\u00c1RIO VENTURA; ALBERTO FERREIRA\nDramaturgos\nBERNARDO SANTARENO; LUIZ FRANCISCO REBELO\nEnsa\u00edstas e cr\u00edticos liter\u00e1rios\nJO\u00c3O GASPAR SIM\u00d5ES; M\u00c1RIO SACRAMENTO; HERN\u00c2NI CIDADE; MARIA L\u00daCIA LEPECKI; ALVARO SALEMA; EDUARDO PRADO COELHO; ANT\u00d3NIO JOS\u00c9 SARAIVA; \u00d3SCAR LOPES; EDUARDO LOUREN\u00c7O\nPoetas\nJOS\u00c9 R\u00c9GIO; JOS\u00c9 MARIA DOS REIS PEREIRA (PSEUD\u00d3NIMO); NAT\u00c1LIA CORREIA; GAST\u00c3O CRUZ; ALEXANDRE O\u2019NEIL; CRISTOVAM PAVIA; ANT\u00d3NIO RAMOS ROSA; JORGE DE SENA; MIGUEL TORGA; ADOLFO CORREIA ROCHA (PSEUD\u00d3NIMO); ADOLFO CASAIS MONTEIRO; JOS\u00c9 GOMES FERREIRA; JO\u00c3O JOS\u00c9 COCHOFEL; MARIA VELHO DA COSTA; MANUEL ALEGRE\nTeatro\nMANUELA PORTO; DENIZ JACINTO; ROG\u00c9RIO PAULO; ARTUR RAMOS; LUZIA MARIA MARTINS; BERNARDO SANTARENO; LUIZ FRANCISCO REBELO\nFil\u00f3logo\nRODRIGUES LAPA\nNA FILOSOFIA E NA HIST\u00d3RIA:\nHist\u00f3ria do cinema\nGEORGES SADOUL\nHistoriadores\nJAIME CORTES\u00c3O; JOAQUIM BARRADAS DE CARVALHO; ANT\u00d3NIO BORGES COELHO; VITORINO MAGALH\u00c3ES GODINHO; JOEL SERR\u00c3O\nFil\u00f3sofos\nJOS\u00c9 AUGUSTO SANTANA DION\u00cdSIO; ANT\u00d3NIO S\u00c9RGIO; RAUL PROEN\u00c7A; AGOSTINHO DA SILVA; JOS\u00c9 POMADINHA (PSEUD\u00d3NIMO); MARCOS (PSEUD\u00d3NIMO); JO\u00c3O CABRINHA (PSEUD\u00d3NIMO); SAMPAIO BRUNO; JOS\u00c9 PEREIRA DE SAMPAIO (PSEUD\u00d3NIMO); VASCO DE MAGALH\u00c3ES VILHENA; JULIEN BENDA\nNA CI\u00caNCIA:\nRUY LUIS GOMES; FERREIRA DE MIRA; AUR\u00c9LIO QUINTANILHA; ABEL SALAZAR; J. D. BERNAL; J. ANDRADE E SILVA; M\u00c1RIO AUGUSTO DA SILVA; MANUEL VALADARES; BENTO DE JESUS CARA\u00c7A; FERREIRA DE MACEDO; M\u00c1RIO RUIVO; ORLANDO RIBEIRO; F. E. PULIDO VALENTE\nEM \u00c1REAS DIVERSAS:\nJornalistas\nCARLOS MALHEIRO DIAS; M\u00c1RIO NEVES\nPol\u00edticos\nMANUEL TEIXEIRA GOMES; AGOSTINHO NETO; CARLOS RELVAS; ARMANDO BACELAR (PSEUD\u00d3NIMO); SOTTO-MAYOR CARDIA\nMilitar\nNORTON DE MATOS\nEconomistas\nEZEQUIEL DE CAMPOS; JOS\u00c9 DE AZEREDO PERDIG\u00c3O\nPedagogos\nRUI GR\u00c1CIO; FARIA DE VASCONCELO","protected":false},"featured_media":269481,"template":"","categories":[63],"class_list":["post-267954","lot","type-lot","status-publish","has-post-thumbnail","hentry","category-books-and-manuscripts"],"acf":{"auction_number":"127","number":"519","ref":"519","letter":"0","hammer_value":"1500","show_hammer_value":true,"estimation_min":"1500","estimation_max":"","price_on_request":false,"author":false,"auction":{"ID":266861,"post_author":"44","post_date":"2023-04-05 17:14:29","post_date_gmt":"2023-04-05 17:14:29","post_content":"","post_title":"Auction 127 - Books and Manuscripts","post_excerpt":"","post_status":"publish","comment_status":"closed","ping_status":"closed","post_password":"","post_name":"auction-127-books-and-manuscripts","to_ping":"","pinged":"","post_modified":"2023-05-08 10:54:41","post_modified_gmt":"2023-05-08 10:54:41","post_content_filtered":"","post_parent":0,"guid":"https:\/\/veritas.art\/?post_type=auction&#038;p=266861","menu_order":0,"post_type":"auction","post_mime_type":"","comment_count":"0","filter":"raw"},"name":"SEARA NOVA\nSeara Nova. Revista quinzenal de doutrina e cr\u00edtica. N.\u00ba 1 (15 out. 1921) a N.\u00ba 1598\/99 (jan. 1979).","dimensions":"","description":"<br \/>\nLisboa : Seara Nova, 1921- 1979.- 1599 nr.\u00bas (i.e. 1594) : il. broch. Colec\u00e7\u00e3o, quase, completa de uma das mais importantes revistas portuguesas do s\u00e9culo XX.<br \/>\nPrimeira s\u00e9rie (a mais representativa) deste famoso peri\u00f3dico, com falta dos n\u00fameros 304; 307; 468 e 1598\/99. Exemplar em bom estado de conserva\u00e7\u00e3o, com cerca de 30 n\u00fameros a substituir por melhores exemplares. Em brochura. Conjunto valioso e raro.<br \/>\n<br \/>\nA revista Seara Nova foi o mais importante t\u00edtulo da imprensa peri\u00f3dica portuguesa do s\u00e9culo XX. Palco para a divulga\u00e7\u00e3o de ideias novas, influenciou v\u00e1rias gera\u00e7\u00f5es de leitores. Com um escopo abrangente tocou desde da cultura - das artes \u00e0 literatura e cr\u00edtica liter\u00e1ria - \u00e1 pol\u00edtica - movimentos estudantis, movimentos feministas, direitos humanos, etc. Fundada 1921 por Aquilino Ribeiro, Augusto Casimiro, C\u00e2mara Reys, Faria de Vasconcelos, Ferreira de Macedo, Francisco Ant\u00f3nio Correia, Jaime Cortes\u00e3o, Jos\u00e9 de Azeredo Perdig\u00e3o, Raul Brand\u00e3o e Raul Proen\u00e7a, que foi o seu primeiro director, congregou ao longo dos anos colabora\u00e7\u00f5es das mais relevantes figuras da \u00e9poca.<br \/>\nLista de colaboradores da Seara Nova<br \/>\n\u201cAo longo dos seus quase 100 anos de exist\u00eancia a Seara Nova contou com a colabora\u00e7\u00e3o de intelectuais das mais diversas \u00e1reas das ci\u00eancias, das t\u00e9cnicas, artes, letras, da pol\u00edtica, etc. Com obra de refer\u00eancia unanimemente reconhecida, entre outros, colaboraram:<br \/>\nNA M\u00daSICA:<br \/>\nCompositores<br \/>\nFERNANDO LOPES-GRA\u00c7A; JORGE PEIXINHO; LU\u00cdS DE FREITAS BRANCO; EMMANUEL NUNES<br \/>\nPianista e cr\u00edtica musical<br \/>\nMARIA DA GRA\u00c7A AMADO DA CUNHA<br \/>\nMusic\u00f3logos<br \/>\nM\u00c1RIO VIEIRA DE CARVALHO; FRANCINE BENO\u00ceT; JO\u00c3O DE FREITAS BRANCO; MAC\u00c1RIO SANTIAGO KASTNER<br \/>\nDivulgadora musical<br \/>\nMADALENA PERDIG\u00c3O<br \/>\nNAS ARTES PL\u00c1STICAS:<br \/>\nArtistas pl\u00e1sticos<br \/>\nJ\u00daLIO POMAR; JORGE VIEIRA; NIKIAS SKAPINAKIS<br \/>\nArtista pl\u00e1stica e poeta<br \/>\nANA HATHERLY<br \/>\nEnsaio e cr\u00edtica de artes pl\u00e1sticas<br \/>\nJOS\u00c9 ERNESTO DE SOUSA; JOS\u00c9 AUGUSTO FRAN\u00c7A; M\u00c1RIO DION\u00cdSIO<br \/>\nHistoriador de arte<br \/>\nREYNALDO DOS SANTOS<br \/>\nNAS LETRAS:<br \/>\nEscritores<br \/>\nRA\u00daL BRAND\u00c3O; AQUILINO RIBEIRO; FERNANDO NAMORA; RODRIGUES MIGU\u00c9IS; BAPTISTA-BASTOS; VITORINO NEM\u00c9SIO; MANUEL MENDES; JOS\u00c9 SARAMAGO; JOS\u00c9 CARDOSO PIRES; MARIA LAMAS; IRENE LISBOA; JO\u00c3O FALCO (PSEUD\u00d3NIMO); MANUEL SOARES (PSEUD\u00d3NIMO); MARIA MOIRA (PSEUD\u00d3NIMO); LUIZ PACHECO; AUGUSTO ABELAIRA; M\u00c1RIO VENTURA; ALBERTO FERREIRA<br \/>\nDramaturgos<br \/>\nBERNARDO SANTARENO; LUIZ FRANCISCO REBELO<br \/>\nEnsa\u00edstas e cr\u00edticos liter\u00e1rios<br \/>\nJO\u00c3O GASPAR SIM\u00d5ES; M\u00c1RIO SACRAMENTO; HERN\u00c2NI CIDADE; MARIA L\u00daCIA LEPECKI; ALVARO SALEMA; EDUARDO PRADO COELHO; ANT\u00d3NIO JOS\u00c9 SARAIVA; \u00d3SCAR LOPES; EDUARDO LOUREN\u00c7O<br \/>\nPoetas<br \/>\nJOS\u00c9 R\u00c9GIO; JOS\u00c9 MARIA DOS REIS PEREIRA (PSEUD\u00d3NIMO); NAT\u00c1LIA CORREIA; GAST\u00c3O CRUZ; ALEXANDRE O\u2019NEIL; CRISTOVAM PAVIA; ANT\u00d3NIO RAMOS ROSA; JORGE DE SENA; MIGUEL TORGA; ADOLFO CORREIA ROCHA (PSEUD\u00d3NIMO); ADOLFO CASAIS MONTEIRO; JOS\u00c9 GOMES FERREIRA; JO\u00c3O JOS\u00c9 COCHOFEL; MARIA VELHO DA COSTA; MANUEL ALEGRE<br \/>\nTeatro<br \/>\nMANUELA PORTO; DENIZ JACINTO; ROG\u00c9RIO PAULO; ARTUR RAMOS; LUZIA MARIA MARTINS; BERNARDO SANTARENO; LUIZ FRANCISCO REBELO<br \/>\nFil\u00f3logo<br \/>\nRODRIGUES LAPA<br \/>\nNA FILOSOFIA E NA HIST\u00d3RIA:<br \/>\nHist\u00f3ria do cinema<br \/>\nGEORGES SADOUL<br \/>\nHistoriadores<br \/>\nJAIME CORTES\u00c3O; JOAQUIM BARRADAS DE CARVALHO; ANT\u00d3NIO BORGES COELHO; VITORINO MAGALH\u00c3ES GODINHO; JOEL SERR\u00c3O<br \/>\nFil\u00f3sofos<br \/>\nJOS\u00c9 AUGUSTO SANTANA DION\u00cdSIO; ANT\u00d3NIO S\u00c9RGIO; RAUL PROEN\u00c7A; AGOSTINHO DA SILVA; JOS\u00c9 POMADINHA (PSEUD\u00d3NIMO); MARCOS (PSEUD\u00d3NIMO); JO\u00c3O CABRINHA (PSEUD\u00d3NIMO); SAMPAIO BRUNO; JOS\u00c9 PEREIRA DE SAMPAIO (PSEUD\u00d3NIMO); VASCO DE MAGALH\u00c3ES VILHENA; JULIEN BENDA<br \/>\nNA CI\u00caNCIA:<br \/>\nRUY LUIS GOMES; FERREIRA DE MIRA; AUR\u00c9LIO QUINTANILHA; ABEL SALAZAR; J. D. BERNAL; J. ANDRADE E SILVA; M\u00c1RIO AUGUSTO DA SILVA; MANUEL VALADARES; BENTO DE JESUS CARA\u00c7A; FERREIRA DE MACEDO; M\u00c1RIO RUIVO; ORLANDO RIBEIRO; F. E. PULIDO VALENTE<br \/>\nEM \u00c1REAS DIVERSAS:<br \/>\nJornalistas<br \/>\nCARLOS MALHEIRO DIAS; M\u00c1RIO NEVES<br \/>\nPol\u00edticos<br \/>\nMANUEL TEIXEIRA GOMES; AGOSTINHO NETO; CARLOS RELVAS; ARMANDO BACELAR (PSEUD\u00d3NIMO); SOTTO-MAYOR CARDIA<br \/>\nMilitar<br \/>\nNORTON DE MATOS<br \/>\nEconomistas<br \/>\nEZEQUIEL DE CAMPOS; JOS\u00c9 DE AZEREDO PERDIG\u00c3O<br \/>\nPedagogos<br \/>\nRUI GR\u00c1CIO; FARIA DE VASCONCELO","additional_info":false,"tags":"Books and Manuscripts","auction_session":"2","gallery":[{"image":{"ID":269481,"id":269481,"title":"127_519","filename":"519.jpg","filesize":15070104,"url":"https:\/\/veritas.art\/wp-content\/uploads\/2023\/04\/519.jpg","link":"https:\/\/veritas.art\/en\/lot\/seara-novaseara-nova-revista-quinzenal-de-doutrina-e-critica-n-o-1-15-out-1921-a-n-o-1598-99-jan-1979-1048682717\/127_519\/","alt":"","author":"44","description":"","caption":"","name":"127_519","status":"inherit","uploaded_to":267953,"date":"2023-04-19 17:07:59","modified":"2023-04-19 17:08:01","menu_order":0,"mime_type":"image\/jpeg","type":"image","subtype":"jpeg","icon":"https:\/\/veritas.art\/wp-includes\/images\/media\/default.png","width":7306,"height":4233,"sizes":{"thumbnail":"https:\/\/veritas.art\/wp-content\/uploads\/2023\/04\/519-150x150.jpg","thumbnail-width":150,"thumbnail-height":150,"medium":"https:\/\/veritas.art\/wp-content\/uploads\/2023\/04\/519.jpg","medium-width":300,"medium-height":174,"medium_large":"https:\/\/veritas.art\/wp-content\/uploads\/2023\/04\/519.jpg","medium_large-width":768,"medium_large-height":445,"large":"https:\/\/veritas.art\/wp-content\/uploads\/2023\/04\/519.jpg","large-width":1024,"large-height":593,"1536x1536":"https:\/\/veritas.art\/wp-content\/uploads\/2023\/04\/519.jpg","1536x1536-width":1536,"1536x1536-height":890,"2048x2048":"https:\/\/veritas.art\/wp-content\/uploads\/2023\/04\/519.jpg","2048x2048-width":2048,"2048x2048-height":1187,"v_medium":"https:\/\/veritas.art\/wp-content\/uploads\/2023\/04\/519-640x371.jpg","v_medium-width":640,"v_medium-height":371,"gform-image-choice-sm":"https:\/\/veritas.art\/wp-content\/uploads\/2023\/04\/519.jpg","gform-image-choice-sm-width":300,"gform-image-choice-sm-height":174,"gform-image-choice-md":"https:\/\/veritas.art\/wp-content\/uploads\/2023\/04\/519.jpg","gform-image-choice-md-width":400,"gform-image-choice-md-height":232,"gform-image-choice-lg":"https:\/\/veritas.art\/wp-content\/uploads\/2023\/04\/519.jpg","gform-image-choice-lg-width":600,"gform-image-choice-lg-height":348}},"is_video":false,"video_source":"","video_id":"","use_video_thumbnail":true}]},"_links":{"self":[{"href":"https:\/\/veritas.art\/en\/wp-json\/wp\/v2\/lot\/267954","targetHints":{"allow":["GET"]}}],"collection":[{"href":"https:\/\/veritas.art\/en\/wp-json\/wp\/v2\/lot"}],"about":[{"href":"https:\/\/veritas.art\/en\/wp-json\/wp\/v2\/types\/lot"}],"wp:featuredmedia":[{"embeddable":true,"href":"https:\/\/veritas.art\/en\/wp-json\/wp\/v2\/media\/269481"}],"wp:attachment":[{"href":"https:\/\/veritas.art\/en\/wp-json\/wp\/v2\/media?parent=267954"}],"wp:term":[{"taxonomy":"category","embeddable":true,"href":"https:\/\/veritas.art\/en\/wp-json\/wp\/v2\/categories?post=267954"}],"curies":[{"name":"wp","href":"https:\/\/api.w.org\/{rel}","templated":true}]}}