{"id":223984,"date":"2022-03-04T15:41:17","date_gmt":"2022-03-04T15:41:17","guid":{"rendered":"https:\/\/veritas.art\/lot\/an-important-tankard-with-cover-from-the-collection-of-king-fernando-ii-1816-1885-1902008961\/"},"modified":"2022-03-07T13:46:52","modified_gmt":"2022-03-07T13:46:52","slug":"an-important-tankard-with-cover-from-the-collection-of-king-fernando-ii-1816-1885-1902008961","status":"publish","type":"lot","link":"https:\/\/veritas.art\/en\/lot\/an-important-tankard-with-cover-from-the-collection-of-king-fernando-ii-1816-1885-1902008961\/","title":{"rendered":"[Auction 113] Lot 142 &#8211; An important tankard with cover from the collection of King Fernando II (1816-1885)"},"content":{"rendered":"Portuguese silver tankard with cover, 19th century\r\nDouble body, the inner in plain gilt silver and the outer of profuse repouss\u00e9 and chiselled decoration with classical female masks, floral and foliage motifs and fruits, interlaced with volutes\r\nFruit basket lid pommel\r\nAcanthus leaf, foliage motifs and classical bearded mask decoration to handle and neo-medieval thumbpiece with female bust\r\nMarked with King Fernando&#8217;s gothic F monogram under the Royal Crown and inventory number 36\r\nMaker&#8217;s mark CIMS for Cirilo Jos\u00e9 Maz da Silva (L-198.0), registered June, 9th 1826 and Lisbon city mark (L-42.0) for ca. 1822 to ca. 1860","protected":false},"featured_media":226227,"template":"","categories":[38],"class_list":["post-223984","lot","type-lot","status-publish","has-post-thumbnail","hentry","category-silver"],"acf":{"auction_number":"113","number":"142","ref":"142","letter":"0","hammer_value":"4400","show_hammer_value":true,"estimation_min":"2500","estimation_max":"3500","price_on_request":false,"author":false,"auction":{"ID":223547,"post_author":"44","post_date":"2021-12-21 16:15:17","post_date_gmt":"2021-12-21 16:15:17","post_content":"","post_title":"Auction 113 - Antiques & Works of Art, Silver & Jewellery","post_excerpt":"","post_status":"publish","comment_status":"closed","ping_status":"closed","post_password":"","post_name":"auction-113-antiques-works-of-art-silver-jewellery","to_ping":"","pinged":"","post_modified":"2022-03-31 12:21:59","post_modified_gmt":"2022-03-31 12:21:59","post_content_filtered":"","post_parent":0,"guid":"https:\/\/veritas.art\/?post_type=auction&#038;p=223547","menu_order":0,"post_type":"auction","post_mime_type":"","comment_count":"0","filter":"raw"},"name":"An important tankard with cover from the collection of King Fernando II (1816-1885)","dimensions":"Height: 16 cm<br>845 g","description":"Portuguese silver tankard with cover, 19th century<br \/>\r\nDouble body, the inner in plain gilt silver and the outer of profuse repouss\u00e9 and chiselled decoration with classical female masks, floral and foliage motifs and fruits, interlaced with volutes<br \/>\r\nFruit basket lid pommel<br \/>\r\nAcanthus leaf, foliage motifs and classical bearded mask decoration to handle and neo-medieval thumbpiece with female bust<br \/>\r\nMarked with King Fernando's gothic F monogram under the Royal Crown and inventory number 36<br \/>\r\nMaker's mark CIMS for Cirilo Jos\u00e9 Maz da Silva (L-198.0), registered June, 9th 1826 and Lisbon city mark (L-42.0) for ca. 1822 to ca. 1860","additional_info":[{"title":"Additional Information","text":"Literature:<br \/>\r\nF. Moutinho de Almeida\/Rita Carlos<br \/>\r\n\"Invent\u00e1rio de Marcas de Pratas Portuguesas e Brasileiras\"<br \/>\r\ns\u00e9c. XV a 1887<br \/>\r\npp. 141, 111"},{"title":"Catalogue Essay","text":"An unquestionable defining figure within the Portuguese 19th century cultural panorama, King Fernando II (Ferdinand of Saxe-Coburg-Gotha-Koh\u00e1ry, (Vienna 1816 \u2013 Lisbon 1885) would reveal himself, soon after his arrival in Portugal following his marriage to Queen Maria II of Portugal (1819-1853), as a committed and knowledgeable art collector. Amongst the broad scope of his interests, gold smithery certainly occupied a most relevant position as can be assessed from the 1866 inventory of his estate. In this long manuscript list, compiled by the king himself, all the collected objects are described and classified, possible manufacture dates proposed, and technical and aesthetic analyses annotated. This inventory is also revealing in terms of provenances, both in terms of which objects were King Fernando\u2019s own acquisitions and which were gifted to him. Additionally, to dissipate any possible doubts on their ownership, the king also noted at the end of each entry: \u201cPropriedade Minha\u201d (My Own Property). Bequeathed to the Pena National Palace, in whose archive it is now preserved, this important inventory has recently been studied and published on-line, allowing for a deeper knowledge of various objects that have, through time, been dispersed, and are now owned by various public and private collections, or whose location is unknown, as a consequence of the splitting of the inheritance upon the King\u2019s death. The tankard now brought to sale at auction by Veritas is recorded in this inventory list under nr.119, book I, which lists \u201cObjects in silver, gold, etc.\u201d: N.\u00ba 119) Caneca de prata por dentro dourada em relevo e cinzelada. Feita no estilo da renaissance, na officina de R. Pinto. Foi-me dada pela rainha D. Maria II de saudosa memoria, \u00e9 uma bonita pe\u00e7a e tem a particularidade de me ter servido desde os primeiros annos depois da minha chegada a este paiz at\u00e9 ao dia de hoje, para conter a agoa para lavar a bocca; e accompanhou-me em muitas viagens n\u2019este paiz. \u2013 Tem tampa m\u00f3vel. Propr. minha. (Nr. 199) Silver tankard gilded on the inside in reliefs and chiselled. Made in the Renaissance style at the workshop of R. Pinto. It was gifted to me by Queen Maria II of wistful memory, it is an elegant piece and it has the peculiarity of having served me from the early years of my arrival to this country up until <br \/>\r\ntoday, to hold water to wash my mouth; and it has accompanied me in many travels through this country. \u2013 It has a mobile cover. My Property.) It is thus confirmed that the tankard was made in the workshop of Raimundo Jos\u00e9 Pinto (1807-1859), the Royal Silversmith that was also, certainly not coincidentally, the main supplier of both antique and modern silver pieces to the King consort. A master goldsmith, Raimundo Jos\u00e9 Pinto established himself as a businessman and dealer, having owned a very active workshop where Cirilo Jos\u00e9 Maz da Silva worked and whose mark (registered 1826) has been identified in this the tankard. Raimundo was also the co-owner of the firm Pinto & Sousa, based at Rua da Prata, in Lisbon, which after his death, becomes the renowned jeweller Estev\u00e3o de Sousa. The inventory also clarifies that the tankard was a gift from Queen Maria II, prematurely dead in 1853, as well as that it was used for the King\u2019s oral hygiene, a fact that explains its plain gilt interior. The fact that it accompanied King Fernando in his travels, from his early days in Portugal, suggests that it was a cherished object, as it can be expected within the Romantic sentimental context of the time, and independently of the antiquity or artistic merit that in general defined his collecting criteria, so clearly assessed from the secular 16th century Portuguese silver collection, partly preserved at Ajuda National Palace. Aware of her husband\u2019s collecting interests, D. Maria gifted him other gold and silver pieces that are also described in the inventory and whose present location remains mostly unknown. D. Fernando refers such gifts in the \u201cmemorial diary\u201d written following the Queen\u2019s death, a document also kept in the Portuguese National Archives, a section of which we transcribe herewith: \u201cMaria era t\u00e3o boa, que prazer ela tinha em adivinhar os meus gostos. Para me ser agrad\u00e1vel, ela, que antes n\u00e3o tinha a menor ideia de tais coisas, aprendera a apreciar e a amar as obras de arte. Com que alegria ela me trazia uma gravura de um bom mestre, alguma linda \u00e1gua-forte antiga ou algum belo trabalho em prata ou em prata dourada! Tudo o que veio dela, tudo o que ela arranjou e instalou comigo ser\u00e1 sempre querido e precioso!\u201d (Maria was very kind and had genuine pleasure in guessing my tastes. To be agreeable to me, she, who before had no idea of such things, had learned to enjoy and to love works of art. She would joyfully bring me a print by a renowned master, a charming antique etching or some beautiful silver or gilt-silver object! Everything that came from her, everything that she found and fitted with me will always be cherished and precious!). The tankard herewith described was engraved on the base with the King\u2019s ownership mark (gothic script F) and the number 36, corresponding, not to the inventory referred above, but to another list compiled by a secretary in 1858, which is equally preserved at the National Archives. It this inventory it is described as \u201ctrabalho moderno, imitando o antigo, com cinco mascar\u00f5es, sendo um na aza\u201d (modern work copying the antique, with five classical masks, one in the handle). Following King Fernando II\u2019s death it was eventually inventoried in his Necessidades Palace apartments Toilette, under nr. 2283, a detail that suggests that it had maintained the use for which it was originally destined. Described as \u201creplicating Renaissance work\u201d it was valued, for inheritance purposes, at 36 thousand reals. According to this post mortem inventory, also preserved at the National Archives, it became part of the lot inherited by Prince Afonso, Duke of Porto (1865-1920), commonly known as \u201cO Arreda\u201d (The Move Away), for his early interest in automobiles and speed. It was probably disposed of during the prince\u2019s life, as was the case with other objects inherited from his grandfather which were acquired by Counsellor Jo\u00e3o Arroyo (1861-1930) and subsequently auctioned in the latter 1905 estate sale.<br \/>\r\n<br \/>\r\nHugo Xavier<br \/>\r\n<br \/>\r\nLiterature: Hugo Xavier, \u201cPropriedade Minha\u201d: ourivesaria, marfins e esmaltes da cole\u00e7\u00e3o de D. Fernando II, Cole\u00e7\u00f5es Em Foco | Pal\u00e1cios Nacionais |Sintra Queluz Pena, n.\u00ba 4, PSML, 2022. Dispon\u00edvel online em www.parquesdesintra.pt"}],"tags":"Silver","auction_session":"1","gallery":[{"image":{"ID":226226,"id":226226,"title":"113_142","filename":"142.jpg","filesize":8421354,"url":"https:\/\/veritas.art\/wp-content\/uploads\/2022\/03\/142.jpg","link":"https:\/\/veritas.art\/en\/lot\/importante-caneca-com-tampa-da-coleccao-do-rei-d-fernando-ii-1816-1885-661871310\/113_142\/","alt":"","author":"44","description":"","caption":"","name":"113_142","status":"inherit","uploaded_to":223983,"date":"2022-03-04 23:49:48","modified":"2022-03-04 23:49:50","menu_order":0,"mime_type":"image\/jpeg","type":"image","subtype":"jpeg","icon":"https:\/\/veritas.art\/wp-includes\/images\/media\/default.png","width":3716,"height":5574,"sizes":{"thumbnail":"https:\/\/veritas.art\/wp-content\/uploads\/2022\/03\/142-150x150.jpg","thumbnail-width":150,"thumbnail-height":150,"medium":"https:\/\/veritas.art\/wp-content\/uploads\/2022\/03\/142.jpg","medium-width":200,"medium-height":300,"medium_large":"https:\/\/veritas.art\/wp-content\/uploads\/2022\/03\/142.jpg","medium_large-width":768,"medium_large-height":1152,"large":"https:\/\/veritas.art\/wp-content\/uploads\/2022\/03\/142.jpg","large-width":683,"large-height":1024,"1536x1536":"https:\/\/veritas.art\/wp-content\/uploads\/2022\/03\/142.jpg","1536x1536-width":1024,"1536x1536-height":1536,"2048x2048":"https:\/\/veritas.art\/wp-content\/uploads\/2022\/03\/142.jpg","2048x2048-width":1365,"2048x2048-height":2048,"v_medium":"https:\/\/veritas.art\/wp-content\/uploads\/2022\/03\/142-640x960.jpg","v_medium-width":640,"v_medium-height":960,"gform-image-choice-sm":"https:\/\/veritas.art\/wp-content\/uploads\/2022\/03\/142.jpg","gform-image-choice-sm-width":200,"gform-image-choice-sm-height":300,"gform-image-choice-md":"https:\/\/veritas.art\/wp-content\/uploads\/2022\/03\/142.jpg","gform-image-choice-md-width":267,"gform-image-choice-md-height":400,"gform-image-choice-lg":"https:\/\/veritas.art\/wp-content\/uploads\/2022\/03\/142.jpg","gform-image-choice-lg-width":400,"gform-image-choice-lg-height":600}},"is_video":false,"video_source":"","video_id":"","use_video_thumbnail":true},{"image":{"ID":226228,"id":226228,"title":"113_142a","filename":"142a.jpg","filesize":6098615,"url":"https:\/\/veritas.art\/wp-content\/uploads\/2022\/03\/142a.jpg","link":"https:\/\/veritas.art\/en\/lot\/importante-caneca-com-tampa-da-coleccao-do-rei-d-fernando-ii-1816-1885-661871310\/113_142a\/","alt":"","author":"44","description":"","caption":"","name":"113_142a","status":"inherit","uploaded_to":223983,"date":"2022-03-04 23:49:51","modified":"2022-03-04 23:49:52","menu_order":0,"mime_type":"image\/jpeg","type":"image","subtype":"jpeg","icon":"https:\/\/veritas.art\/wp-includes\/images\/media\/default.png","width":3716,"height":5574,"sizes":{"thumbnail":"https:\/\/veritas.art\/wp-content\/uploads\/2022\/03\/142a-150x150.jpg","thumbnail-width":150,"thumbnail-height":150,"medium":"https:\/\/veritas.art\/wp-content\/uploads\/2022\/03\/142a.jpg","medium-width":200,"medium-height":300,"medium_large":"https:\/\/veritas.art\/wp-content\/uploads\/2022\/03\/142a.jpg","medium_large-width":768,"medium_large-height":1152,"large":"https:\/\/veritas.art\/wp-content\/uploads\/2022\/03\/142a.jpg","large-width":683,"large-height":1024,"1536x1536":"https:\/\/veritas.art\/wp-content\/uploads\/2022\/03\/142a.jpg","1536x1536-width":1024,"1536x1536-height":1536,"2048x2048":"https:\/\/veritas.art\/wp-content\/uploads\/2022\/03\/142a.jpg","2048x2048-width":1365,"2048x2048-height":2048,"v_medium":"https:\/\/veritas.art\/wp-content\/uploads\/2022\/03\/142a-640x960.jpg","v_medium-width":640,"v_medium-height":960,"gform-image-choice-sm":"https:\/\/veritas.art\/wp-content\/uploads\/2022\/03\/142a.jpg","gform-image-choice-sm-width":200,"gform-image-choice-sm-height":300,"gform-image-choice-md":"https:\/\/veritas.art\/wp-content\/uploads\/2022\/03\/142a.jpg","gform-image-choice-md-width":267,"gform-image-choice-md-height":400,"gform-image-choice-lg":"https:\/\/veritas.art\/wp-content\/uploads\/2022\/03\/142a.jpg","gform-image-choice-lg-width":400,"gform-image-choice-lg-height":600}},"is_video":false,"video_source":"","video_id":"","use_video_thumbnail":true},{"image":{"ID":226230,"id":226230,"title":"113_142b","filename":"142b.jpg","filesize":7901577,"url":"https:\/\/veritas.art\/wp-content\/uploads\/2022\/03\/142b.jpg","link":"https:\/\/veritas.art\/en\/lot\/importante-caneca-com-tampa-da-coleccao-do-rei-d-fernando-ii-1816-1885-661871310\/113_142b\/","alt":"","author":"44","description":"","caption":"","name":"113_142b","status":"inherit","uploaded_to":223983,"date":"2022-03-04 23:49:54","modified":"2022-03-04 23:49:55","menu_order":0,"mime_type":"image\/jpeg","type":"image","subtype":"jpeg","icon":"https:\/\/veritas.art\/wp-includes\/images\/media\/default.png","width":3716,"height":5574,"sizes":{"thumbnail":"https:\/\/veritas.art\/wp-content\/uploads\/2022\/03\/142b-150x150.jpg","thumbnail-width":150,"thumbnail-height":150,"medium":"https:\/\/veritas.art\/wp-content\/uploads\/2022\/03\/142b.jpg","medium-width":200,"medium-height":300,"medium_large":"https:\/\/veritas.art\/wp-content\/uploads\/2022\/03\/142b.jpg","medium_large-width":768,"medium_large-height":1152,"large":"https:\/\/veritas.art\/wp-content\/uploads\/2022\/03\/142b.jpg","large-width":683,"large-height":1024,"1536x1536":"https:\/\/veritas.art\/wp-content\/uploads\/2022\/03\/142b.jpg","1536x1536-width":1024,"1536x1536-height":1536,"2048x2048":"https:\/\/veritas.art\/wp-content\/uploads\/2022\/03\/142b.jpg","2048x2048-width":1365,"2048x2048-height":2048,"v_medium":"https:\/\/veritas.art\/wp-content\/uploads\/2022\/03\/142b-640x960.jpg","v_medium-width":640,"v_medium-height":960,"gform-image-choice-sm":"https:\/\/veritas.art\/wp-content\/uploads\/2022\/03\/142b.jpg","gform-image-choice-sm-width":200,"gform-image-choice-sm-height":300,"gform-image-choice-md":"https:\/\/veritas.art\/wp-content\/uploads\/2022\/03\/142b.jpg","gform-image-choice-md-width":267,"gform-image-choice-md-height":400,"gform-image-choice-lg":"https:\/\/veritas.art\/wp-content\/uploads\/2022\/03\/142b.jpg","gform-image-choice-lg-width":400,"gform-image-choice-lg-height":600}},"is_video":false,"video_source":"","video_id":"","use_video_thumbnail":true},{"image":{"ID":226232,"id":226232,"title":"113_142c","filename":"142c.jpg","filesize":7595124,"url":"https:\/\/veritas.art\/wp-content\/uploads\/2022\/03\/142c.jpg","link":"https:\/\/veritas.art\/en\/lot\/importante-caneca-com-tampa-da-coleccao-do-rei-d-fernando-ii-1816-1885-661871310\/113_142c\/","alt":"","author":"44","description":"","caption":"","name":"113_142c","status":"inherit","uploaded_to":223983,"date":"2022-03-04 23:49:57","modified":"2022-03-04 23:49:59","menu_order":0,"mime_type":"image\/jpeg","type":"image","subtype":"jpeg","icon":"https:\/\/veritas.art\/wp-includes\/images\/media\/default.png","width":3707,"height":5561,"sizes":{"thumbnail":"https:\/\/veritas.art\/wp-content\/uploads\/2022\/03\/142c-150x150.jpg","thumbnail-width":150,"thumbnail-height":150,"medium":"https:\/\/veritas.art\/wp-content\/uploads\/2022\/03\/142c.jpg","medium-width":200,"medium-height":300,"medium_large":"https:\/\/veritas.art\/wp-content\/uploads\/2022\/03\/142c.jpg","medium_large-width":768,"medium_large-height":1152,"large":"https:\/\/veritas.art\/wp-content\/uploads\/2022\/03\/142c.jpg","large-width":683,"large-height":1024,"1536x1536":"https:\/\/veritas.art\/wp-content\/uploads\/2022\/03\/142c.jpg","1536x1536-width":1024,"1536x1536-height":1536,"2048x2048":"https:\/\/veritas.art\/wp-content\/uploads\/2022\/03\/142c.jpg","2048x2048-width":1365,"2048x2048-height":2048,"v_medium":"https:\/\/veritas.art\/wp-content\/uploads\/2022\/03\/142c-640x960.jpg","v_medium-width":640,"v_medium-height":960,"gform-image-choice-sm":"https:\/\/veritas.art\/wp-content\/uploads\/2022\/03\/142c.jpg","gform-image-choice-sm-width":200,"gform-image-choice-sm-height":300,"gform-image-choice-md":"https:\/\/veritas.art\/wp-content\/uploads\/2022\/03\/142c.jpg","gform-image-choice-md-width":267,"gform-image-choice-md-height":400,"gform-image-choice-lg":"https:\/\/veritas.art\/wp-content\/uploads\/2022\/03\/142c.jpg","gform-image-choice-lg-width":400,"gform-image-choice-lg-height":600}},"is_video":false,"video_source":"","video_id":"","use_video_thumbnail":true},{"image":{"ID":226234,"id":226234,"title":"113_142d","filename":"142d.jpg","filesize":8336512,"url":"https:\/\/veritas.art\/wp-content\/uploads\/2022\/03\/142d.jpg","link":"https:\/\/veritas.art\/en\/lot\/importante-caneca-com-tampa-da-coleccao-do-rei-d-fernando-ii-1816-1885-661871310\/113_142d\/","alt":"","author":"44","description":"","caption":"","name":"113_142d","status":"inherit","uploaded_to":223983,"date":"2022-03-04 23:50:01","modified":"2022-03-04 23:50:02","menu_order":0,"mime_type":"image\/jpeg","type":"image","subtype":"jpeg","icon":"https:\/\/veritas.art\/wp-includes\/images\/media\/default.png","width":3716,"height":5574,"sizes":{"thumbnail":"https:\/\/veritas.art\/wp-content\/uploads\/2022\/03\/142d-150x150.jpg","thumbnail-width":150,"thumbnail-height":150,"medium":"https:\/\/veritas.art\/wp-content\/uploads\/2022\/03\/142d.jpg","medium-width":200,"medium-height":300,"medium_large":"https:\/\/veritas.art\/wp-content\/uploads\/2022\/03\/142d.jpg","medium_large-width":768,"medium_large-height":1152,"large":"https:\/\/veritas.art\/wp-content\/uploads\/2022\/03\/142d.jpg","large-width":683,"large-height":1024,"1536x1536":"https:\/\/veritas.art\/wp-content\/uploads\/2022\/03\/142d.jpg","1536x1536-width":1024,"1536x1536-height":1536,"2048x2048":"https:\/\/veritas.art\/wp-content\/uploads\/2022\/03\/142d.jpg","2048x2048-width":1365,"2048x2048-height":2048,"v_medium":"https:\/\/veritas.art\/wp-content\/uploads\/2022\/03\/142d-640x960.jpg","v_medium-width":640,"v_medium-height":960,"gform-image-choice-sm":"https:\/\/veritas.art\/wp-content\/uploads\/2022\/03\/142d.jpg","gform-image-choice-sm-width":200,"gform-image-choice-sm-height":300,"gform-image-choice-md":"https:\/\/veritas.art\/wp-content\/uploads\/2022\/03\/142d.jpg","gform-image-choice-md-width":267,"gform-image-choice-md-height":400,"gform-image-choice-lg":"https:\/\/veritas.art\/wp-content\/uploads\/2022\/03\/142d.jpg","gform-image-choice-lg-width":400,"gform-image-choice-lg-height":600}},"is_video":false,"video_source":"","video_id":"","use_video_thumbnail":true},{"image":{"ID":226236,"id":226236,"title":"113_142e","filename":"142e.jpg","filesize":10119956,"url":"https:\/\/veritas.art\/wp-content\/uploads\/2022\/03\/142e.jpg","link":"https:\/\/veritas.art\/en\/lot\/importante-caneca-com-tampa-da-coleccao-do-rei-d-fernando-ii-1816-1885-661871310\/113_142e\/","alt":"","author":"44","description":"","caption":"","name":"113_142e","status":"inherit","uploaded_to":223983,"date":"2022-03-04 23:50:04","modified":"2022-03-04 23:50:06","menu_order":0,"mime_type":"image\/jpeg","type":"image","subtype":"jpeg","icon":"https:\/\/veritas.art\/wp-includes\/images\/media\/default.png","width":3659,"height":5547,"sizes":{"thumbnail":"https:\/\/veritas.art\/wp-content\/uploads\/2022\/03\/142e-150x150.jpg","thumbnail-width":150,"thumbnail-height":150,"medium":"https:\/\/veritas.art\/wp-content\/uploads\/2022\/03\/142e.jpg","medium-width":198,"medium-height":300,"medium_large":"https:\/\/veritas.art\/wp-content\/uploads\/2022\/03\/142e.jpg","medium_large-width":768,"medium_large-height":1164,"large":"https:\/\/veritas.art\/wp-content\/uploads\/2022\/03\/142e.jpg","large-width":675,"large-height":1024,"1536x1536":"https:\/\/veritas.art\/wp-content\/uploads\/2022\/03\/142e.jpg","1536x1536-width":1013,"1536x1536-height":1536,"2048x2048":"https:\/\/veritas.art\/wp-content\/uploads\/2022\/03\/142e.jpg","2048x2048-width":1351,"2048x2048-height":2048,"v_medium":"https:\/\/veritas.art\/wp-content\/uploads\/2022\/03\/142e-640x970.jpg","v_medium-width":640,"v_medium-height":970,"gform-image-choice-sm":"https:\/\/veritas.art\/wp-content\/uploads\/2022\/03\/142e.jpg","gform-image-choice-sm-width":198,"gform-image-choice-sm-height":300,"gform-image-choice-md":"https:\/\/veritas.art\/wp-content\/uploads\/2022\/03\/142e.jpg","gform-image-choice-md-width":264,"gform-image-choice-md-height":400,"gform-image-choice-lg":"https:\/\/veritas.art\/wp-content\/uploads\/2022\/03\/142e.jpg","gform-image-choice-lg-width":396,"gform-image-choice-lg-height":600}},"is_video":false,"video_source":"","video_id":"","use_video_thumbnail":true},{"image":{"ID":226238,"id":226238,"title":"113_142f","filename":"142f.jpg","filesize":10142285,"url":"https:\/\/veritas.art\/wp-content\/uploads\/2022\/03\/142f.jpg","link":"https:\/\/veritas.art\/en\/lot\/importante-caneca-com-tampa-da-coleccao-do-rei-d-fernando-ii-1816-1885-661871310\/113_142f\/","alt":"","author":"44","description":"","caption":"","name":"113_142f","status":"inherit","uploaded_to":223983,"date":"2022-03-04 23:50:08","modified":"2022-03-04 23:50:09","menu_order":0,"mime_type":"image\/jpeg","type":"image","subtype":"jpeg","icon":"https:\/\/veritas.art\/wp-includes\/images\/media\/default.png","width":3716,"height":5574,"sizes":{"thumbnail":"https:\/\/veritas.art\/wp-content\/uploads\/2022\/03\/142f-150x150.jpg","thumbnail-width":150,"thumbnail-height":150,"medium":"https:\/\/veritas.art\/wp-content\/uploads\/2022\/03\/142f.jpg","medium-width":200,"medium-height":300,"medium_large":"https:\/\/veritas.art\/wp-content\/uploads\/2022\/03\/142f.jpg","medium_large-width":768,"medium_large-height":1152,"large":"https:\/\/veritas.art\/wp-content\/uploads\/2022\/03\/142f.jpg","large-width":683,"large-height":1024,"1536x1536":"https:\/\/veritas.art\/wp-content\/uploads\/2022\/03\/142f.jpg","1536x1536-width":1024,"1536x1536-height":1536,"2048x2048":"https:\/\/veritas.art\/wp-content\/uploads\/2022\/03\/142f.jpg","2048x2048-width":1365,"2048x2048-height":2048,"v_medium":"https:\/\/veritas.art\/wp-content\/uploads\/2022\/03\/142f-640x960.jpg","v_medium-width":640,"v_medium-height":960,"gform-image-choice-sm":"https:\/\/veritas.art\/wp-content\/uploads\/2022\/03\/142f.jpg","gform-image-choice-sm-width":200,"gform-image-choice-sm-height":300,"gform-image-choice-md":"https:\/\/veritas.art\/wp-content\/uploads\/2022\/03\/142f.jpg","gform-image-choice-md-width":267,"gform-image-choice-md-height":400,"gform-image-choice-lg":"https:\/\/veritas.art\/wp-content\/uploads\/2022\/03\/142f.jpg","gform-image-choice-lg-width":400,"gform-image-choice-lg-height":600}},"is_video":false,"video_source":"","video_id":"","use_video_thumbnail":true},{"image":{"ID":226240,"id":226240,"title":"113_142g","filename":"142g.jpg","filesize":7421289,"url":"https:\/\/veritas.art\/wp-content\/uploads\/2022\/03\/142g.jpg","link":"https:\/\/veritas.art\/en\/lot\/importante-caneca-com-tampa-da-coleccao-do-rei-d-fernando-ii-1816-1885-661871310\/113_142g\/","alt":"","author":"44","description":"","caption":"","name":"113_142g","status":"inherit","uploaded_to":223983,"date":"2022-03-04 23:50:11","modified":"2022-03-04 23:50:13","menu_order":0,"mime_type":"image\/jpeg","type":"image","subtype":"jpeg","icon":"https:\/\/veritas.art\/wp-includes\/images\/media\/default.png","width":5574,"height":3716,"sizes":{"thumbnail":"https:\/\/veritas.art\/wp-content\/uploads\/2022\/03\/142g-150x150.jpg","thumbnail-width":150,"thumbnail-height":150,"medium":"https:\/\/veritas.art\/wp-content\/uploads\/2022\/03\/142g.jpg","medium-width":300,"medium-height":200,"medium_large":"https:\/\/veritas.art\/wp-content\/uploads\/2022\/03\/142g.jpg","medium_large-width":768,"medium_large-height":512,"large":"https:\/\/veritas.art\/wp-content\/uploads\/2022\/03\/142g.jpg","large-width":1024,"large-height":683,"1536x1536":"https:\/\/veritas.art\/wp-content\/uploads\/2022\/03\/142g.jpg","1536x1536-width":1536,"1536x1536-height":1024,"2048x2048":"https:\/\/veritas.art\/wp-content\/uploads\/2022\/03\/142g.jpg","2048x2048-width":2048,"2048x2048-height":1365,"v_medium":"https:\/\/veritas.art\/wp-content\/uploads\/2022\/03\/142g-640x427.jpg","v_medium-width":640,"v_medium-height":427,"gform-image-choice-sm":"https:\/\/veritas.art\/wp-content\/uploads\/2022\/03\/142g.jpg","gform-image-choice-sm-width":300,"gform-image-choice-sm-height":200,"gform-image-choice-md":"https:\/\/veritas.art\/wp-content\/uploads\/2022\/03\/142g.jpg","gform-image-choice-md-width":400,"gform-image-choice-md-height":267,"gform-image-choice-lg":"https:\/\/veritas.art\/wp-content\/uploads\/2022\/03\/142g.jpg","gform-image-choice-lg-width":600,"gform-image-choice-lg-height":400}},"is_video":false,"video_source":"","video_id":"","use_video_thumbnail":true}]},"_links":{"self":[{"href":"https:\/\/veritas.art\/en\/wp-json\/wp\/v2\/lot\/223984","targetHints":{"allow":["GET"]}}],"collection":[{"href":"https:\/\/veritas.art\/en\/wp-json\/wp\/v2\/lot"}],"about":[{"href":"https:\/\/veritas.art\/en\/wp-json\/wp\/v2\/types\/lot"}],"wp:featuredmedia":[{"embeddable":true,"href":"https:\/\/veritas.art\/en\/wp-json\/wp\/v2\/media\/226227"}],"wp:attachment":[{"href":"https:\/\/veritas.art\/en\/wp-json\/wp\/v2\/media?parent=223984"}],"wp:term":[{"taxonomy":"category","embeddable":true,"href":"https:\/\/veritas.art\/en\/wp-json\/wp\/v2\/categories?post=223984"}],"curies":[{"name":"wp","href":"https:\/\/api.w.org\/{rel}","templated":true}]}}